{"id":2177,"date":"2023-07-11T16:53:02","date_gmt":"2023-07-11T14:53:02","guid":{"rendered":"https:\/\/wwwww.blumi.photo\/calendars\/"},"modified":"2025-12-02T12:07:43","modified_gmt":"2025-12-02T11:07:43","slug":"fotokalendare","status":"publish","type":"page","link":"https:\/\/fotino.cz\/sk\/fotokalendare\/","title":{"rendered":"Fotokalend\u00e1re"},"content":{"rendered":"<p>[et_pb_section fb_built=&#8220;1&#8243; disabled_on=&#8220;off|off|off&#8220; admin_label=&#8220;Features&#8220; _builder_version=&#8220;4.27.4&#8243; _module_preset=&#8220;c4c0744b-5bcd-4429-8199-8e032b25e1bb&#8220; background_color=&#8220;#ffcc00&#8243; display_conditions=&#8220;W10=&#8220; custom_padding=&#8220;57px|0px|0px|0px||&#8220; da_disable_devices=&#8220;off|off|off&#8220; global_colors_info=&#8220;{}&#8220; theme_builder_area=&#8220;post_content&#8220; da_is_popup=&#8220;off&#8220; da_exit_intent=&#8220;off&#8220; da_has_close=&#8220;on&#8220; da_alt_close=&#8220;off&#8220; da_dark_close=&#8220;off&#8220; da_not_modal=&#8220;on&#8220; da_is_singular=&#8220;off&#8220; da_with_loader=&#8220;off&#8220; da_has_shadow=&#8220;on&#8220;][et_pb_row _builder_version=&#8220;4.16&#8243; _module_preset=&#8220;default&#8220; custom_margin=&#8220;-53px|auto||auto||&#8220; custom_padding=&#8220;10px||3px|||&#8220; global_colors_info=&#8220;{}&#8220; theme_builder_area=&#8220;post_content&#8220;][et_pb_column type=&#8220;4_4&#8243; _builder_version=&#8220;4.16&#8243; _module_preset=&#8220;default&#8220; custom_padding=&#8220;|||&#8220; global_colors_info=&#8220;{}&#8220; custom_padding__hover=&#8220;|||&#8220; theme_builder_area=&#8220;post_content&#8220;][et_pb_text _builder_version=&#8220;4.27.4&#8243; _module_preset=&#8220;default&#8220; hover_enabled=&#8220;0&#8243; global_colors_info=&#8220;{}&#8220; theme_builder_area=&#8220;post_content&#8220; header_4_font=&#8220;Roboto||||||||&#8220; sticky_enabled=&#8220;0&#8243;]<\/p>\n<h4 style=\"text-align: center;\"><strong>Inform\u00e1cia o doru\u010den\u00ed do Vianoc.<\/strong><\/h4>\n<h4 style=\"text-align: center;\"><span>Pre objedn\u00e1vky prijat\u00e9 a uhraden\u00e9 <strong>do 10.12.2025 garantujeme doru\u010denie do Vianoc<\/strong>.\u00a0<\/span><\/h4>\n<h4 style=\"text-align: center;\">Objedn\u00e1vky prijat\u00e9 po tomto term\u00edne budeme tla\u010di\u0165 a expedova\u0165 a\u017e po\u00a0 7.1.2026.<\/h4>\n<p>[\/et_pb_text][\/et_pb_column][\/et_pb_row][\/et_pb_section][et_pb_section fb_built=&#8220;1&#8243; _builder_version=&#8220;4.16&#8243; _module_preset=&#8220;_initial&#8220; custom_padding=&#8220;0px||0px||false|false&#8220; da_disable_devices=&#8220;off|off|off&#8220; global_colors_info=&#8220;{}&#8220; da_is_popup=&#8220;off&#8220; da_exit_intent=&#8220;off&#8220; da_has_close=&#8220;on&#8220; da_alt_close=&#8220;off&#8220; da_dark_close=&#8220;off&#8220; da_not_modal=&#8220;on&#8220; da_is_singular=&#8220;off&#8220; da_with_loader=&#8220;off&#8220; da_has_shadow=&#8220;on&#8220;][et_pb_row _builder_version=&#8220;4.22.1&#8243; _module_preset=&#8220;default&#8220; width=&#8220;100%&#8220; max_width=&#8220;100%&#8220; max_height_last_edited=&#8220;off|phone&#8220; custom_padding=&#8220;0px||0px||false|false&#8220; global_colors_info=&#8220;{}&#8220;][et_pb_column type=&#8220;4_4&#8243; _builder_version=&#8220;4.16&#8243; _module_preset=&#8220;default&#8220; global_colors_info=&#8220;{}&#8220;][et_pb_slider show_pagination=&#8220;off&#8220; arrows_custom_color=&#8220;rgba(238,232,226,0.11)&#8220; _builder_version=&#8220;4.27.2&#8243; _module_preset=&#8220;_initial&#8220; header_font=&#8220;|800|||||||&#8220; header_font_size=&#8220;5vw&#8220; header_letter_spacing=&#8220;3px&#8220; body_font=&#8220;Nunito|600|||||||&#8220; body_text_color=&#8220;#ffffff&#8220; body_font_size=&#8220;16px&#8220; body_line_height=&#8220;1.8em&#8220; background_color=&#8220;#0F3F51&#8243; background_enable_image=&#8220;off&#8220; content_max_width_tablet=&#8220;&#8220; content_max_width_phone=&#8220;100%&#8220; content_max_width_last_edited=&#8220;on|phone&#8220; min_height_phone=&#8220;60%&#8220; min_height_last_edited=&#8220;off|phone&#8220; custom_margin=&#8220;||||false|false&#8220; custom_padding_tablet=&#8220;||0px||false|false&#8220; custom_padding_phone=&#8220;0px||||false|false&#8220; auto=&#8220;on&#8220; hover_transition_duration=&#8220;100ms&#8220; header_text_color_tablet=&#8220;&#8220; header_text_color_phone=&#8220;&#8220; header_text_color_last_edited=&#8220;on|desktop&#8220; header_font_size_tablet=&#8220;40px&#8220; header_font_size_phone=&#8220;&#8220; header_font_size_last_edited=&#8220;on|desktop&#8220; background_last_edited=&#8220;off|phone&#8220; background_enable_image_phone=&#8220;off&#8220; custom_css_main_element=&#8220;min-height: calc(90vh &#8211; 90px)!important;&#8220; custom_css_slide_arrows=&#8220;font-size: 8vw !important;||margin-top: -4vw;&#8220; body_text_shadow_style=&#8220;preset3&#8243; body_text_shadow_color=&#8220;RGBA(0,0,0,0)&#8220; box_shadow_style_image=&#8220;preset4&#8243; box_shadow_horizontal_image=&#8220;-8vw&#8220; box_shadow_vertical_image=&#8220;-8vw&#8220; box_shadow_spread_image=&#8220;-6.5vw&#8220; box_shadow_color_image=&#8220;#CF1259&#8243; global_colors_info=&#8220;{}&#8220;][et_pb_slide heading=&#8220;Uchovajte si svoje spomienky&#8220; button_text=&#8220;Vytvori\u0165 fotokalend\u00e1r&#8220; button_link=&#8220;https:\/\/editor.picted.it\/sk\/fotino\/fotokalendare\/?afp=fotino&#8220; use_bg_overlay=&#8220;on&#8220; bg_overlay_color=&#8220;rgba(10,10,10,0.25)&#8220; use_text_overlay=&#8220;off&#8220; _builder_version=&#8220;4.27.2&#8243; _module_preset=&#8220;default&#8220; header_font=&#8220;|300|||||||&#8220; header_font_size=&#8220;43px&#8220; body_font_size=&#8220;30px&#8220; background_color=&#8220;#0F3F51&#8243; background_enable_color=&#8220;on&#8220; background_image=&#8220;https:\/\/fotino.cz\/wp-content\/uploads\/2023\/09\/Slider-Kalendare-4724\u00d72309-scaled.webp&#8220; background_enable_image=&#8220;on&#8220; parallax=&#8220;on&#8220; custom_button=&#8220;on&#8220; button_text_color=&#8220;#F2E9DF&#8220; button_bg_color=&#8220;#012639&#8243; button_border_width=&#8220;2px&#8220; button_border_color=&#8220;#F2E9DF&#8220; button_border_radius=&#8220;0px&#8220; button_use_icon=&#8220;on&#8220; button_icon=&#8220;&#x41;||divi||400&#8243; button_icon_color=&#8220;#C2E2F5&#8243; button_custom_padding=&#8220;10px||10px||true|false&#8220; text_orientation=&#8220;center&#8220; custom_padding=&#8220;94px||||false|false&#8220; custom_padding_tablet=&#8220;|0px|0px||false|false&#8220; custom_padding_phone=&#8220;10px|0px|256px|0px|false|false&#8220; custom_padding_last_edited=&#8220;on|phone&#8220; background_last_edited=&#8220;on|phone&#8220; background_image_phone=&#8220;https:\/\/fotino.cz\/wp-content\/uploads\/2023\/09\/Slider-Kalendare-600\u00d71000-jpg.webp&#8220; background_enable_image_phone=&#8220;on&#8220; parallax_phone=&#8220;off&#8220; background_position_phone=&#8220;top_center&#8220; background_vertical_offset_phone=&#8220;-30%&#8220; custom_css_main_element=&#8220;min-height: calc(90vh &#8211; 90px)!important;&#8220; global_colors_info=&#8220;{}&#8220; sticky_transition=&#8220;on&#8220;]<\/p>\n<p>Vytvorte si jedine\u010dn\u00e9 fotokalend\u00e1re.<\/p>\n<p>[\/et_pb_slide][\/et_pb_slider][\/et_pb_column][\/et_pb_row][\/et_pb_section][et_pb_section fb_built=&#8220;1&#8243; fullwidth=&#8220;on&#8220; _builder_version=&#8220;4.24.2&#8243; _module_preset=&#8220;default&#8220; background_color=&#8220;#012639&#8243; min_height=&#8220;100px&#8220; height=&#8220;100px&#8220; max_height=&#8220;100px&#8220; da_disable_devices=&#8220;off|off|off&#8220; global_colors_info=&#8220;{}&#8220; da_is_popup=&#8220;off&#8220; da_exit_intent=&#8220;off&#8220; da_has_close=&#8220;on&#8220; da_alt_close=&#8220;off&#8220; da_dark_close=&#8220;off&#8220; da_not_modal=&#8220;on&#8220; da_is_singular=&#8220;off&#8220; da_with_loader=&#8220;off&#8220; da_has_shadow=&#8220;on&#8220;][\/et_pb_section][et_pb_section fb_built=&#8220;1&#8243; admin_label=&#8220;Features&#8220; _builder_version=&#8220;4.16&#8243; _module_preset=&#8220;_initial&#8220; custom_padding=&#8220;57px|0px|0px|0px||&#8220; da_disable_devices=&#8220;off|off|off&#8220; global_colors_info=&#8220;{}&#8220; da_is_popup=&#8220;off&#8220; da_exit_intent=&#8220;off&#8220; da_has_close=&#8220;on&#8220; da_alt_close=&#8220;off&#8220; da_dark_close=&#8220;off&#8220; da_not_modal=&#8220;on&#8220; da_is_singular=&#8220;off&#8220; da_with_loader=&#8220;off&#8220; da_has_shadow=&#8220;on&#8220;][et_pb_row column_structure=&#8220;1_3,2_3&#8243; use_custom_gutter=&#8220;on&#8220; gutter_width=&#8220;2&#8243; _builder_version=&#8220;4.22.1&#8243; _module_preset=&#8220;default&#8220; width=&#8220;100%&#8220; width_tablet=&#8220;100%&#8220; width_phone=&#8220;90%&#8220; width_last_edited=&#8220;on|phone&#8220; max_width=&#8220;1800px&#8220; link_option_url=&#8220;\/sk\/fotokalendare&#8220; global_colors_info=&#8220;{}&#8220;][et_pb_column type=&#8220;1_3&#8243; _builder_version=&#8220;4.16&#8243; _module_preset=&#8220;default&#8220; custom_padding=&#8220;|||&#8220; global_colors_info=&#8220;{}&#8220; custom_padding__hover=&#8220;|||&#8220;][et_pb_image src=&#8220;https:\/\/fotino.cz\/wp-content\/uploads\/2023\/09\/Kalendare-stul-jpg.webp&#8220; title_text=&#8220;Kalendare-stul&#8220; url=&#8220;https:\/\/editor.picted.it\/sk\/fotino\/fotokalendare?afp=fotino&#8220; align=&#8220;center&#8220; align_tablet=&#8220;center&#8220; align_phone=&#8220;center&#8220; align_last_edited=&#8220;on|desktop&#8220; _builder_version=&#8220;4.27.2&#8243; _module_preset=&#8220;default&#8220; max_width=&#8220;400px&#8220; animation_style=&#8220;slide&#8220; animation_direction=&#8220;right&#8220; animation_intensity_slide=&#8220;5%&#8220; global_colors_info=&#8220;{}&#8220;][\/et_pb_image][et_pb_image src=&#8220;https:\/\/fotino.cz\/wp-content\/uploads\/2023\/09\/Kalendare-zed-jpg.webp&#8220; title_text=&#8220;Kalendare-zed&#8220; url=&#8220;https:\/\/editor.picted.it\/cs\/fotino\/fotokalendare?afp=fotino&#8220; align=&#8220;center&#8220; align_tablet=&#8220;center&#8220; align_phone=&#8220;center&#8220; align_last_edited=&#8220;on|desktop&#8220; _builder_version=&#8220;4.22.1&#8243; _module_preset=&#8220;default&#8220; max_width=&#8220;400px&#8220; animation_style=&#8220;slide&#8220; animation_direction=&#8220;right&#8220; animation_intensity_slide=&#8220;5%&#8220; global_colors_info=&#8220;{}&#8220;][\/et_pb_image][\/et_pb_column][et_pb_column type=&#8220;2_3&#8243; _builder_version=&#8220;4.16&#8243; _module_preset=&#8220;default&#8220; custom_padding=&#8220;|||&#8220; global_colors_info=&#8220;{}&#8220; custom_padding__hover=&#8220;|||&#8220;][et_pb_cta title=&#8220;Fotokalend\u00e1re&#8220; button_url=&#8220;https:\/\/editor.picted.it\/sk\/fotino\/fotokalendare\/style?afp=fotino&#8220; button_text=&#8220;Vybrat typ kalend\u00e1ra&#8220; _builder_version=&#8220;4.27.2&#8243; _module_preset=&#8220;default&#8220; header_font=&#8220;||||||||&#8220; header_text_color=&#8220;#012639&#8243; header_font_size=&#8220;45px&#8220; header_line_height=&#8220;1.4em&#8220; body_font=&#8220;|500|||||||&#8220; body_text_color=&#8220;#595959&#8243; body_font_size=&#8220;16px&#8220; body_line_height=&#8220;1.9em&#8220; use_background_color=&#8220;off&#8220; custom_button=&#8220;on&#8220; button_text_size=&#8220;16px&#8220; button_text_color=&#8220;#F8F7F5&#8243; button_bg_color=&#8220;#0F3F51&#8243; button_border_width=&#8220;2px&#8220; button_border_color=&#8220;#0F3F51&#8243; button_border_radius=&#8220;0px&#8220; button_letter_spacing=&#8220;1px&#8220; button_font=&#8220;|700||on|||||&#8220; button_use_icon=&#8220;off&#8220; button_alignment=&#8220;left&#8220; text_orientation=&#8220;left&#8220; background_layout=&#8220;light&#8220; button_text_color_hover=&#8220;#ffffff&#8220; button_border_radius_hover=&#8220;66px&#8220; button_letter_spacing_hover=&#8220;1px&#8220; button_bg_color_hover=&#8220;#2f3854&#8243; global_colors_info=&#8220;{}&#8220; button_text_size__hover_enabled=&#8220;off&#8220; button_one_text_size__hover_enabled=&#8220;off&#8220; button_two_text_size__hover_enabled=&#8220;off&#8220; button_text_color__hover_enabled=&#8220;on|hover&#8220; button_text_color__hover=&#8220;#ffffff&#8220; button_one_text_color__hover_enabled=&#8220;off&#8220; button_two_text_color__hover_enabled=&#8220;off&#8220; button_border_width__hover_enabled=&#8220;off&#8220; button_one_border_width__hover_enabled=&#8220;off&#8220; button_two_border_width__hover_enabled=&#8220;off&#8220; button_border_color__hover_enabled=&#8220;off&#8220; button_one_border_color__hover_enabled=&#8220;off&#8220; button_two_border_color__hover_enabled=&#8220;off&#8220; button_border_radius__hover_enabled=&#8220;off|hover&#8220; button_border_radius__hover=&#8220;66px&#8220; button_one_border_radius__hover_enabled=&#8220;off&#8220; button_two_border_radius__hover_enabled=&#8220;off&#8220; button_letter_spacing__hover_enabled=&#8220;on&#8220; button_letter_spacing__hover=&#8220;1px&#8220; button_one_letter_spacing__hover_enabled=&#8220;off&#8220; button_two_letter_spacing__hover_enabled=&#8220;off&#8220; button_bg_color__hover_enabled=&#8220;on&#8220; button_bg_color__hover=&#8220;#195b84&#8243; button_one_bg_color__hover_enabled=&#8220;off&#8220; button_two_bg_color__hover_enabled=&#8220;off&#8220; button_bg_enable_color__hover=&#8220;on&#8220;]<\/p>\n<p>Vytvo\u0159te si jedine\u010dn\u00fd fotokalend\u00e1\u0159 a propojte sv\u00e9 vzpom\u00ednky s ka\u017ed\u00fdm dnem cel\u00e9ho roku. S na\u0161\u00edm inovativn\u00edm online smart editorem m\u016f\u017eete snadno a rychle vytvo\u0159it fotokalend\u00e1\u0159, kter\u00fd bude nejen praktick\u00fdm pl\u00e1nova\u010dem, ale tak\u00e9 v\u00fdjime\u010dn\u00fdm um\u011bleck\u00fdm d\u00edlem. Nechte svou kreativitu rozkv\u00e9st a prom\u011bnit va\u0161e nejkr\u00e1sn\u011bj\u0161\u00ed fotografie v n\u00e1dhernou dekoraci, kter\u00e1 o\u017eiv\u00ed va\u0161e prostory a bude v\u00e1m p\u0159ipom\u00ednat nezapomenuteln\u00e9 chv\u00edle po cel\u00fd rok.<\/p>\n<p>S na\u0161\u00edm online editorem je tvorba fotokalend\u00e1\u0159e snadn\u00e1 a intuitivn\u00ed z\u00e1le\u017eitost\u00ed. Sta\u010d\u00ed nahr\u00e1t sv\u00e9 obl\u00edben\u00e9 fotografie, vybrat si z r\u016fzn\u00fdch designov\u00fdch \u0161ablon a personalizovat ka\u017ed\u00fd m\u011bs\u00edc podle sv\u00e9ho stylu. M\u016f\u017eete p\u0159idat texty, upravit fotografie a t\u00edm vytvo\u0159it kalend\u00e1\u0159, kter\u00fd bude zrcadlit va\u0161i osobnost a jedine\u010dn\u00e9 p\u0159\u00edb\u011bhy.<\/p>\n<p>Fotokalend\u00e1\u0159e nejsou jen praktick\u00e9, ale tak\u00e9 velmi osobn\u00ed. Darujte sv\u00fdm bl\u00edzk\u00fdm nebo si je po\u0159i\u010fte pro sebe jako dekoraci do va\u0161eho domova \u010di kancel\u00e1\u0159e. Ka\u017ed\u00fd pohled na kalend\u00e1\u0159 v\u00e1m p\u0159inese \u00fasm\u011bv na tv\u00e1\u0159i, proto\u017ee bude prov\u00e1zen va\u0161imi nejcenn\u011bj\u0161\u00edmi vzpom\u00ednkami a ud\u00e1lostmi. Ka\u017ed\u00fd m\u011bs\u00edc bude novou kapitolou plnou radosti, l\u00e1sky a dobrodru\u017estv\u00ed.<\/p>\n<p>Navrhov\u00e1n\u00ed vlastn\u00edho fotokalend\u00e1\u0159e s na\u0161\u00edm editorem je tak\u00e9 skv\u011bl\u00fdm zp\u016fsobem, jak se t\u011b\u0161it na nov\u00fd rok. M\u016f\u017eete si p\u0159edstavit, jak\u00e9 ud\u00e1losti a dobrodru\u017estv\u00ed v\u00e1s \u010dekaj\u00ed, a p\u0159izp\u016fsobit kalend\u00e1\u0159 podle sv\u00fdch pl\u00e1n\u016f a c\u00edl\u016f. Ka\u017ed\u00fd den bude v nov\u00e9m roce zvl\u00e1\u0161tn\u00edm, a to i d\u00edky va\u0161emu jedine\u010dn\u00e9mu fotokalend\u00e1\u0159i.<\/p>\n<p>A\u0165 u\u017e ho budete m\u00edt ve sv\u00e9 kancel\u00e1\u0159i, ob\u00fdvac\u00edm pokoji nebo na st\u011bn\u011b va\u0161\u00ed lo\u017enice, v\u00e1\u0161 fotokalend\u00e1\u0159 v\u00e1m bude p\u0159ipom\u00ednat, jak kr\u00e1sn\u00fd a pln\u00fd p\u0159\u00edle\u017eitost\u00ed je \u017eivot. A s na\u0161\u00ed online slu\u017ebou m\u016f\u017eete tento kr\u00e1sn\u00fd projekt vytvo\u0159it z pohodl\u00ed sv\u00e9ho domova.<\/p>\n<p>Tak pro\u010d v\u00e1hat? Za\u010dn\u011bte nyn\u00ed tvo\u0159it sv\u016fj vlastn\u00ed fotokalend\u00e1\u0159 a p\u0159eneste sv\u00e9 vzpom\u00ednky do ka\u017ed\u00e9ho dne v nov\u00e9m roce. Bu\u010fte pr\u016fvodcem sv\u00e9ho vlastn\u00edho dobrodru\u017estv\u00ed a uchov\u00e1vejte vzpom\u00ednky na ty nejkr\u00e1sn\u011bj\u0161\u00ed chv\u00edle sv\u00e9ho \u017eivota v jedine\u010dn\u00e9m kalend\u00e1\u0159i, kter\u00fd jste vytvo\u0159ili sami.<\/p>\n<p>Stoln\u00ed kalend\u00e1\u0159e t\u00fddenn\u00ed, dvout\u00fdden\u00ed i m\u011bs\u00ed\u010dn\u00ed.<br \/>N\u00e1t\u011btnn\u00e9 kalend\u00e1\u0159e A3 na v\u00fd\u0161ku i \u0161\u00ed\u0159ku a A4 na v\u00fd\u0161ku.<\/p>\n<p>[\/et_pb_cta][\/et_pb_column][\/et_pb_row][\/et_pb_section][et_pb_section fb_built=&#8220;1&#8243; fullwidth=&#8220;on&#8220; _builder_version=&#8220;4.24.2&#8243; _module_preset=&#8220;default&#8220; background_color=&#8220;#012639&#8243; min_height=&#8220;100px&#8220; height=&#8220;100px&#8220; max_height=&#8220;100px&#8220; da_disable_devices=&#8220;off|off|off&#8220; global_colors_info=&#8220;{}&#8220; da_is_popup=&#8220;off&#8220; da_exit_intent=&#8220;off&#8220; da_has_close=&#8220;on&#8220; da_alt_close=&#8220;off&#8220; da_dark_close=&#8220;off&#8220; da_not_modal=&#8220;on&#8220; da_is_singular=&#8220;off&#8220; da_with_loader=&#8220;off&#8220; da_has_shadow=&#8220;on&#8220;][\/et_pb_section][et_pb_section fb_built=&#8220;1&#8243; admin_label=&#8220;Features&#8220; _builder_version=&#8220;4.16&#8243; _module_preset=&#8220;_initial&#8220; custom_padding=&#8220;2px|0px|0px|0px||&#8220; da_disable_devices=&#8220;off|off|off&#8220; global_colors_info=&#8220;{}&#8220; da_is_popup=&#8220;off&#8220; da_exit_intent=&#8220;off&#8220; da_has_close=&#8220;on&#8220; da_alt_close=&#8220;off&#8220; da_dark_close=&#8220;off&#8220; da_not_modal=&#8220;on&#8220; da_is_singular=&#8220;off&#8220; da_with_loader=&#8220;off&#8220; da_has_shadow=&#8220;on&#8220;][et_pb_row _builder_version=&#8220;4.22.1&#8243; _module_preset=&#8220;default&#8220; width=&#8220;100%&#8220; max_width=&#8220;100%&#8220; max_height_last_edited=&#8220;off|phone&#8220; custom_padding=&#8220;0px||0px||false|false&#8220; global_colors_info=&#8220;{}&#8220;][et_pb_column type=&#8220;4_4&#8243; _builder_version=&#8220;4.16&#8243; _module_preset=&#8220;default&#8220; global_colors_info=&#8220;{}&#8220;][et_pb_slider show_pagination=&#8220;off&#8220; arrows_custom_color=&#8220;rgba(238,232,226,0.11)&#8220; _builder_version=&#8220;4.27.2&#8243; _module_preset=&#8220;_initial&#8220; header_font=&#8220;|800|||||||&#8220; header_font_size=&#8220;5vw&#8220; header_letter_spacing=&#8220;3px&#8220; body_font=&#8220;Nunito|600|||||||&#8220; body_text_color=&#8220;#ffffff&#8220; body_font_size=&#8220;16px&#8220; body_line_height=&#8220;1.8em&#8220; background_color=&#8220;#0F3F51&#8243; background_enable_image=&#8220;off&#8220; content_max_width_tablet=&#8220;&#8220; content_max_width_phone=&#8220;100%&#8220; content_max_width_last_edited=&#8220;on|phone&#8220; min_height_phone=&#8220;60%&#8220; min_height_last_edited=&#8220;off|phone&#8220; custom_margin=&#8220;||||false|false&#8220; custom_padding_tablet=&#8220;||0px||false|false&#8220; custom_padding_phone=&#8220;0px||||false|false&#8220; auto=&#8220;on&#8220; hover_transition_duration=&#8220;100ms&#8220; header_text_color_tablet=&#8220;&#8220; header_text_color_phone=&#8220;&#8220; header_text_color_last_edited=&#8220;on|desktop&#8220; header_font_size_tablet=&#8220;40px&#8220; header_font_size_phone=&#8220;&#8220; header_font_size_last_edited=&#8220;on|desktop&#8220; background_last_edited=&#8220;off|phone&#8220; background_enable_image_phone=&#8220;off&#8220; custom_css_main_element=&#8220;min-height: calc(90vh &#8211; 90px)!important;&#8220; custom_css_slide_arrows=&#8220;font-size: 8vw !important;||margin-top: -4vw;&#8220; body_text_shadow_style=&#8220;preset3&#8243; body_text_shadow_color=&#8220;RGBA(0,0,0,0)&#8220; box_shadow_style_image=&#8220;preset4&#8243; box_shadow_horizontal_image=&#8220;-8vw&#8220; box_shadow_vertical_image=&#8220;-8vw&#8220; box_shadow_spread_image=&#8220;-6.5vw&#8220; box_shadow_color_image=&#8220;#CF1259&#8243; global_colors_info=&#8220;{}&#8220;][et_pb_slide heading=&#8220;Uchovajte si svoje spomienky&#8220; button_text=&#8220;Vytvori\u0165 fotokalend\u00e1r&#8220; button_link=&#8220;https:\/\/editor.picted.it\/sk\/fotino\/fotokalendare\/?afp=fotino&#8220; use_bg_overlay=&#8220;on&#8220; bg_overlay_color=&#8220;rgba(10,10,10,0.25)&#8220; use_text_overlay=&#8220;off&#8220; _builder_version=&#8220;4.27.2&#8243; _module_preset=&#8220;default&#8220; header_font=&#8220;|300|||||||&#8220; header_font_size=&#8220;43px&#8220; body_font_size=&#8220;30px&#8220; background_color=&#8220;#0F3F51&#8243; background_enable_color=&#8220;on&#8220; background_image=&#8220;https:\/\/fotino.cz\/wp-content\/uploads\/2024\/09\/Kalendare_Fotino-scaled.jpg&#8220; background_enable_image=&#8220;on&#8220; parallax=&#8220;on&#8220; custom_button=&#8220;on&#8220; button_text_color=&#8220;#F2E9DF&#8220; button_bg_color=&#8220;#012639&#8243; button_border_width=&#8220;2px&#8220; button_border_color=&#8220;#F2E9DF&#8220; button_border_radius=&#8220;0px&#8220; button_use_icon=&#8220;on&#8220; button_icon=&#8220;&#x41;||divi||400&#8243; button_icon_color=&#8220;#C2E2F5&#8243; button_custom_padding=&#8220;10px||10px||true|false&#8220; text_orientation=&#8220;center&#8220; custom_padding=&#8220;94px||||false|false&#8220; custom_padding_tablet=&#8220;|0px|0px||false|false&#8220; custom_padding_phone=&#8220;10px|0px|256px|0px|false|false&#8220; custom_padding_last_edited=&#8220;on|phone&#8220; background_last_edited=&#8220;on|phone&#8220; background_image_phone=&#8220;https:\/\/fotino.cz\/wp-content\/uploads\/2023\/09\/Slider-Kalendare-600\u00d71000-jpg.webp&#8220; background_enable_image_phone=&#8220;on&#8220; parallax_phone=&#8220;off&#8220; background_position_phone=&#8220;top_center&#8220; background_vertical_offset_phone=&#8220;-30%&#8220; custom_css_main_element=&#8220;min-height: calc(90vh &#8211; 90px)!important;&#8220; global_colors_info=&#8220;{}&#8220; sticky_transition=&#8220;on&#8220;]<\/p>\n<p>Vytvorte si jedine\u010dn\u00e9 fotokalend\u00e1re.<\/p>\n<p>[\/et_pb_slide][\/et_pb_slider][\/et_pb_column][\/et_pb_row][\/et_pb_section][et_pb_section fb_built=&#8220;1&#8243; fullwidth=&#8220;on&#8220; _builder_version=&#8220;4.24.2&#8243; _module_preset=&#8220;default&#8220; background_color=&#8220;#012639&#8243; min_height=&#8220;100px&#8220; height=&#8220;100px&#8220; max_height=&#8220;100px&#8220; da_disable_devices=&#8220;off|off|off&#8220; global_colors_info=&#8220;{}&#8220; da_is_popup=&#8220;off&#8220; da_exit_intent=&#8220;off&#8220; da_has_close=&#8220;on&#8220; da_alt_close=&#8220;off&#8220; da_dark_close=&#8220;off&#8220; da_not_modal=&#8220;on&#8220; da_is_singular=&#8220;off&#8220; da_with_loader=&#8220;off&#8220; da_has_shadow=&#8220;on&#8220;][\/et_pb_section]<\/p>\n","protected":false},"excerpt":{"rendered":"<p>Inform\u00e1cia o doru\u010den\u00ed do Vianoc. Pre objedn\u00e1vky prijat\u00e9 a uhraden\u00e9 do 10.12.2025 garantujeme doru\u010denie do Vianoc.\u00a0 Objedn\u00e1vky prijat\u00e9 po tomto term\u00edne budeme tla\u010di\u0165 a expedova\u0165 a\u017e po\u00a0 7.1.2026.Vytvorte si jedine\u010dn\u00e9 fotokalend\u00e1re.Vytvo\u0159te si jedine\u010dn\u00fd fotokalend\u00e1\u0159 a propojte sv\u00e9 vzpom\u00ednky s ka\u017ed\u00fdm dnem cel\u00e9ho roku. S na\u0161\u00edm inovativn\u00edm online smart editorem m\u016f\u017eete snadno a rychle vytvo\u0159it fotokalend\u00e1\u0159, [&hellip;]<\/p>\n","protected":false},"author":1,"featured_media":1202,"parent":0,"menu_order":0,"comment_status":"closed","ping_status":"closed","template":"","meta":{"_et_pb_use_builder":"on","_et_pb_old_content":"","_et_gb_content_width":"","footnotes":""},"class_list":["post-2177","page","type-page","status-publish","has-post-thumbnail","hentry"],"yoast_head":"<!-- This site is optimized with the Yoast SEO plugin v27.2 - https:\/\/yoast.com\/product\/yoast-seo-wordpress\/ -->\n<title>Fotokalend\u00e1re - Fotino<\/title>\n<meta name=\"robots\" content=\"index, follow, max-snippet:-1, max-image-preview:large, max-video-preview:-1\" \/>\n<link rel=\"canonical\" href=\"https:\/\/fotino.cz\/sk\/fotokalendare\/\" \/>\n<meta property=\"og:locale\" content=\"sk_SK\" \/>\n<meta property=\"og:type\" content=\"article\" \/>\n<meta property=\"og:title\" content=\"Fotokalend\u00e1re - Fotino\" \/>\n<meta property=\"og:description\" content=\"Inform\u00e1cia o doru\u010den\u00ed do Vianoc. Pre objedn\u00e1vky prijat\u00e9 a uhraden\u00e9 do 10.12.2025 garantujeme doru\u010denie do Vianoc.\u00a0 Objedn\u00e1vky prijat\u00e9 po tomto term\u00edne budeme tla\u010di\u0165 a expedova\u0165 a\u017e po\u00a0 7.1.2026.Vytvorte si jedine\u010dn\u00e9 fotokalend\u00e1re.Vytvo\u0159te si jedine\u010dn\u00fd fotokalend\u00e1\u0159 a propojte sv\u00e9 vzpom\u00ednky s ka\u017ed\u00fdm dnem cel\u00e9ho roku. S na\u0161\u00edm inovativn\u00edm online smart editorem m\u016f\u017eete snadno a rychle vytvo\u0159it fotokalend\u00e1\u0159, [&hellip;]\" \/>\n<meta property=\"og:url\" content=\"https:\/\/fotino.cz\/sk\/fotokalendare\/\" \/>\n<meta property=\"og:site_name\" content=\"Fotino\" \/>\n<meta property=\"article:modified_time\" content=\"2025-12-02T11:07:43+00:00\" \/>\n<meta property=\"og:image\" content=\"https:\/\/fotino.cz\/wp-content\/uploads\/2023\/07\/calendar-desk-2.png\" \/>\n\t<meta property=\"og:image:width\" content=\"600\" \/>\n\t<meta property=\"og:image:height\" content=\"400\" \/>\n\t<meta property=\"og:image:type\" content=\"image\/png\" \/>\n<meta name=\"twitter:card\" content=\"summary_large_image\" \/>\n<meta name=\"twitter:label1\" content=\"Predpokladan\u00fd \u010das \u010d\u00edtania\" \/>\n\t<meta name=\"twitter:data1\" content=\"3 min\u00faty\" \/>\n<script type=\"application\/ld+json\" class=\"yoast-schema-graph\">{\"@context\":\"https:\/\/schema.org\",\"@graph\":[{\"@type\":\"WebPage\",\"@id\":\"https:\/\/fotino.cz\/sk\/fotokalendare\/\",\"url\":\"https:\/\/fotino.cz\/sk\/fotokalendare\/\",\"name\":\"Fotokalend\u00e1re - Fotino\",\"isPartOf\":{\"@id\":\"https:\/\/fotino.cz\/sk\/#website\"},\"primaryImageOfPage\":{\"@id\":\"https:\/\/fotino.cz\/sk\/fotokalendare\/#primaryimage\"},\"image\":{\"@id\":\"https:\/\/fotino.cz\/sk\/fotokalendare\/#primaryimage\"},\"thumbnailUrl\":\"https:\/\/fotino.cz\/wp-content\/uploads\/2023\/07\/calendar-desk-2.png\",\"datePublished\":\"2023-07-11T14:53:02+00:00\",\"dateModified\":\"2025-12-02T11:07:43+00:00\",\"breadcrumb\":{\"@id\":\"https:\/\/fotino.cz\/sk\/fotokalendare\/#breadcrumb\"},\"inLanguage\":\"sk-SK\",\"potentialAction\":[{\"@type\":\"ReadAction\",\"target\":[\"https:\/\/fotino.cz\/sk\/fotokalendare\/\"]}]},{\"@type\":\"ImageObject\",\"inLanguage\":\"sk-SK\",\"@id\":\"https:\/\/fotino.cz\/sk\/fotokalendare\/#primaryimage\",\"url\":\"https:\/\/fotino.cz\/wp-content\/uploads\/2023\/07\/calendar-desk-2.png\",\"contentUrl\":\"https:\/\/fotino.cz\/wp-content\/uploads\/2023\/07\/calendar-desk-2.png\",\"width\":600,\"height\":400},{\"@type\":\"BreadcrumbList\",\"@id\":\"https:\/\/fotino.cz\/sk\/fotokalendare\/#breadcrumb\",\"itemListElement\":[{\"@type\":\"ListItem\",\"position\":1,\"name\":\"Home\",\"item\":\"https:\/\/fotino.cz\/sk\/\"},{\"@type\":\"ListItem\",\"position\":2,\"name\":\"Fotokalend\u00e1re\"}]},{\"@type\":\"WebSite\",\"@id\":\"https:\/\/fotino.cz\/sk\/#website\",\"url\":\"https:\/\/fotino.cz\/sk\/\",\"name\":\"Fotino\",\"description\":\"Fotoknihy - Fotoobrazy - Fotokalend\u00e1\u0159e\",\"publisher\":{\"@id\":\"https:\/\/fotino.cz\/sk\/#organization\"},\"potentialAction\":[{\"@type\":\"SearchAction\",\"target\":{\"@type\":\"EntryPoint\",\"urlTemplate\":\"https:\/\/fotino.cz\/sk\/?s={search_term_string}\"},\"query-input\":{\"@type\":\"PropertyValueSpecification\",\"valueRequired\":true,\"valueName\":\"search_term_string\"}}],\"inLanguage\":\"sk-SK\"},{\"@type\":\"Organization\",\"@id\":\"https:\/\/fotino.cz\/sk\/#organization\",\"name\":\"Fotino\",\"url\":\"https:\/\/fotino.cz\/sk\/\",\"logo\":{\"@type\":\"ImageObject\",\"inLanguage\":\"sk-SK\",\"@id\":\"https:\/\/fotino.cz\/sk\/#\/schema\/logo\/image\/\",\"url\":\"https:\/\/fotino.cz\/wp-content\/uploads\/2023\/09\/Logo-Fotino.webp\",\"contentUrl\":\"https:\/\/fotino.cz\/wp-content\/uploads\/2023\/09\/Logo-Fotino.webp\",\"width\":591,\"height\":236,\"caption\":\"Fotino\"},\"image\":{\"@id\":\"https:\/\/fotino.cz\/sk\/#\/schema\/logo\/image\/\"}}]}<\/script>\n<!-- \/ Yoast SEO plugin. -->","yoast_head_json":{"title":"Fotokalend\u00e1re - Fotino","robots":{"index":"index","follow":"follow","max-snippet":"max-snippet:-1","max-image-preview":"max-image-preview:large","max-video-preview":"max-video-preview:-1"},"canonical":"https:\/\/fotino.cz\/sk\/fotokalendare\/","og_locale":"sk_SK","og_type":"article","og_title":"Fotokalend\u00e1re - Fotino","og_description":"Inform\u00e1cia o doru\u010den\u00ed do Vianoc. Pre objedn\u00e1vky prijat\u00e9 a uhraden\u00e9 do 10.12.2025 garantujeme doru\u010denie do Vianoc.\u00a0 Objedn\u00e1vky prijat\u00e9 po tomto term\u00edne budeme tla\u010di\u0165 a expedova\u0165 a\u017e po\u00a0 7.1.2026.Vytvorte si jedine\u010dn\u00e9 fotokalend\u00e1re.Vytvo\u0159te si jedine\u010dn\u00fd fotokalend\u00e1\u0159 a propojte sv\u00e9 vzpom\u00ednky s ka\u017ed\u00fdm dnem cel\u00e9ho roku. S na\u0161\u00edm inovativn\u00edm online smart editorem m\u016f\u017eete snadno a rychle vytvo\u0159it fotokalend\u00e1\u0159, [&hellip;]","og_url":"https:\/\/fotino.cz\/sk\/fotokalendare\/","og_site_name":"Fotino","article_modified_time":"2025-12-02T11:07:43+00:00","og_image":[{"width":600,"height":400,"url":"https:\/\/fotino.cz\/wp-content\/uploads\/2023\/07\/calendar-desk-2.png","type":"image\/png"}],"twitter_card":"summary_large_image","twitter_misc":{"Predpokladan\u00fd \u010das \u010d\u00edtania":"3 min\u00faty"},"schema":{"@context":"https:\/\/schema.org","@graph":[{"@type":"WebPage","@id":"https:\/\/fotino.cz\/sk\/fotokalendare\/","url":"https:\/\/fotino.cz\/sk\/fotokalendare\/","name":"Fotokalend\u00e1re - Fotino","isPartOf":{"@id":"https:\/\/fotino.cz\/sk\/#website"},"primaryImageOfPage":{"@id":"https:\/\/fotino.cz\/sk\/fotokalendare\/#primaryimage"},"image":{"@id":"https:\/\/fotino.cz\/sk\/fotokalendare\/#primaryimage"},"thumbnailUrl":"https:\/\/fotino.cz\/wp-content\/uploads\/2023\/07\/calendar-desk-2.png","datePublished":"2023-07-11T14:53:02+00:00","dateModified":"2025-12-02T11:07:43+00:00","breadcrumb":{"@id":"https:\/\/fotino.cz\/sk\/fotokalendare\/#breadcrumb"},"inLanguage":"sk-SK","potentialAction":[{"@type":"ReadAction","target":["https:\/\/fotino.cz\/sk\/fotokalendare\/"]}]},{"@type":"ImageObject","inLanguage":"sk-SK","@id":"https:\/\/fotino.cz\/sk\/fotokalendare\/#primaryimage","url":"https:\/\/fotino.cz\/wp-content\/uploads\/2023\/07\/calendar-desk-2.png","contentUrl":"https:\/\/fotino.cz\/wp-content\/uploads\/2023\/07\/calendar-desk-2.png","width":600,"height":400},{"@type":"BreadcrumbList","@id":"https:\/\/fotino.cz\/sk\/fotokalendare\/#breadcrumb","itemListElement":[{"@type":"ListItem","position":1,"name":"Home","item":"https:\/\/fotino.cz\/sk\/"},{"@type":"ListItem","position":2,"name":"Fotokalend\u00e1re"}]},{"@type":"WebSite","@id":"https:\/\/fotino.cz\/sk\/#website","url":"https:\/\/fotino.cz\/sk\/","name":"Fotino","description":"Fotoknihy - Fotoobrazy - Fotokalend\u00e1\u0159e","publisher":{"@id":"https:\/\/fotino.cz\/sk\/#organization"},"potentialAction":[{"@type":"SearchAction","target":{"@type":"EntryPoint","urlTemplate":"https:\/\/fotino.cz\/sk\/?s={search_term_string}"},"query-input":{"@type":"PropertyValueSpecification","valueRequired":true,"valueName":"search_term_string"}}],"inLanguage":"sk-SK"},{"@type":"Organization","@id":"https:\/\/fotino.cz\/sk\/#organization","name":"Fotino","url":"https:\/\/fotino.cz\/sk\/","logo":{"@type":"ImageObject","inLanguage":"sk-SK","@id":"https:\/\/fotino.cz\/sk\/#\/schema\/logo\/image\/","url":"https:\/\/fotino.cz\/wp-content\/uploads\/2023\/09\/Logo-Fotino.webp","contentUrl":"https:\/\/fotino.cz\/wp-content\/uploads\/2023\/09\/Logo-Fotino.webp","width":591,"height":236,"caption":"Fotino"},"image":{"@id":"https:\/\/fotino.cz\/sk\/#\/schema\/logo\/image\/"}}]}},"_links":{"self":[{"href":"https:\/\/fotino.cz\/sk\/wp-json\/wp\/v2\/pages\/2177","targetHints":{"allow":["GET"]}}],"collection":[{"href":"https:\/\/fotino.cz\/sk\/wp-json\/wp\/v2\/pages"}],"about":[{"href":"https:\/\/fotino.cz\/sk\/wp-json\/wp\/v2\/types\/page"}],"author":[{"embeddable":true,"href":"https:\/\/fotino.cz\/sk\/wp-json\/wp\/v2\/users\/1"}],"replies":[{"embeddable":true,"href":"https:\/\/fotino.cz\/sk\/wp-json\/wp\/v2\/comments?post=2177"}],"version-history":[{"count":12,"href":"https:\/\/fotino.cz\/sk\/wp-json\/wp\/v2\/pages\/2177\/revisions"}],"predecessor-version":[{"id":11819,"href":"https:\/\/fotino.cz\/sk\/wp-json\/wp\/v2\/pages\/2177\/revisions\/11819"}],"wp:featuredmedia":[{"embeddable":true,"href":"https:\/\/fotino.cz\/sk\/wp-json\/wp\/v2\/media\/1202"}],"wp:attachment":[{"href":"https:\/\/fotino.cz\/sk\/wp-json\/wp\/v2\/media?parent=2177"}],"curies":[{"name":"wp","href":"https:\/\/api.w.org\/{rel}","templated":true}]}}