{"id":2122,"date":"2023-07-11T14:13:02","date_gmt":"2023-07-11T12:13:02","guid":{"rendered":"https:\/\/wwwww.blumi.photo\/home\/"},"modified":"2026-02-06T18:30:54","modified_gmt":"2026-02-06T17:30:54","slug":"home","status":"publish","type":"page","link":"https:\/\/fotino.cz\/sk\/","title":{"rendered":"Home"},"content":{"rendered":"<p>[et_pb_section fb_built=&#8220;1&#8243; disabled_on=&#8220;on|on|on&#8220; admin_label=&#8220;Features&#8220; _builder_version=&#8220;4.27.4&#8243; _module_preset=&#8220;ebfe4898-88a7-4e25-87a8-04682ec42be5&#8243; background_color=&#8220;#ffcc00&#8243; display_conditions=&#8220;W10=&#8220; custom_padding=&#8220;57px|0px|0px|0px||&#8220; hover_enabled=&#8220;0&#8243; da_disable_devices=&#8220;off|off|off&#8220; global_colors_info=&#8220;{}&#8220; disabled=&#8220;on&#8220; sticky_enabled=&#8220;0&#8243; da_is_popup=&#8220;off&#8220; da_exit_intent=&#8220;off&#8220; da_has_close=&#8220;on&#8220; da_alt_close=&#8220;off&#8220; da_dark_close=&#8220;off&#8220; da_not_modal=&#8220;on&#8220; da_is_singular=&#8220;off&#8220; da_with_loader=&#8220;off&#8220; da_has_shadow=&#8220;on&#8220;][et_pb_row _builder_version=&#8220;4.16&#8243; _module_preset=&#8220;default&#8220; custom_margin=&#8220;-53px|auto||auto||&#8220; custom_padding=&#8220;10px||3px|||&#8220; global_colors_info=&#8220;{}&#8220;][et_pb_column type=&#8220;4_4&#8243; _builder_version=&#8220;4.16&#8243; _module_preset=&#8220;default&#8220; custom_padding=&#8220;|||&#8220; global_colors_info=&#8220;{}&#8220; custom_padding__hover=&#8220;|||&#8220;][et_pb_text _builder_version=&#8220;4.27.4&#8243; _module_preset=&#8220;default&#8220; header_4_font=&#8220;Roboto||||||||&#8220; global_colors_info=&#8220;{}&#8220;]<\/p>\n<h4 style=\"text-align: center;\"><strong>Inform\u00e1cia o doru\u010den\u00ed do Vianoc.<\/strong><\/h4>\n<h4 style=\"text-align: center;\"><span>Pre objedn\u00e1vky prijat\u00e9 a uhraden\u00e9 <strong>do 10.12.2025 garantujeme doru\u010denie do Vianoc<\/strong>.\u00a0<\/span><\/h4>\n<h4 style=\"text-align: center;\">Objedn\u00e1vky prijat\u00e9 po tomto term\u00edne budeme tla\u010di\u0165 a expedova\u0165 a\u017e po\u00a0 7.1.2026.<\/h4>\n<p>[\/et_pb_text][\/et_pb_column][\/et_pb_row][\/et_pb_section][et_pb_section fb_built=&#8220;1&#8243; _builder_version=&#8220;4.16&#8243; _module_preset=&#8220;_initial&#8220; custom_padding=&#8220;0px||0px||false|false&#8220; da_disable_devices=&#8220;off|off|off&#8220; global_colors_info=&#8220;{}&#8220; da_is_popup=&#8220;off&#8220; da_exit_intent=&#8220;off&#8220; da_has_close=&#8220;on&#8220; da_alt_close=&#8220;off&#8220; da_dark_close=&#8220;off&#8220; da_not_modal=&#8220;on&#8220; da_is_singular=&#8220;off&#8220; da_with_loader=&#8220;off&#8220; da_has_shadow=&#8220;on&#8220;][et_pb_row _builder_version=&#8220;4.22.1&#8243; _module_preset=&#8220;default&#8220; width=&#8220;100%&#8220; max_width=&#8220;100%&#8220; max_height_last_edited=&#8220;off|phone&#8220; custom_padding=&#8220;0px||0px||false|false&#8220; global_colors_info=&#8220;{}&#8220;][et_pb_column type=&#8220;4_4&#8243; _builder_version=&#8220;4.16&#8243; _module_preset=&#8220;default&#8220; global_colors_info=&#8220;{}&#8220;][et_pb_slider show_pagination=&#8220;off&#8220; arrows_custom_color=&#8220;rgba(238,232,226,0.11)&#8220; _builder_version=&#8220;4.27.4&#8243; _module_preset=&#8220;_initial&#8220; header_font=&#8220;|800|||||||&#8220; header_font_size=&#8220;5vw&#8220; header_letter_spacing=&#8220;3px&#8220; body_font=&#8220;Nunito|600|||||||&#8220; body_text_color=&#8220;#ffffff&#8220; body_font_size=&#8220;16px&#8220; body_line_height=&#8220;1.8em&#8220; background_color=&#8220;#0F3F51&#8243; background_enable_image=&#8220;off&#8220; content_max_width_tablet=&#8220;&#8220; content_max_width_phone=&#8220;100%&#8220; content_max_width_last_edited=&#8220;on|phone&#8220; min_height_phone=&#8220;60%&#8220; min_height_last_edited=&#8220;off|phone&#8220; custom_margin=&#8220;||||false|false&#8220; custom_padding_tablet=&#8220;||0px||false|false&#8220; custom_padding_phone=&#8220;0px||||false|false&#8220; auto=&#8220;on&#8220; hover_transition_duration=&#8220;100ms&#8220; header_text_color_tablet=&#8220;&#8220; header_text_color_phone=&#8220;&#8220; header_text_color_last_edited=&#8220;on|desktop&#8220; header_font_size_tablet=&#8220;40px&#8220; header_font_size_phone=&#8220;&#8220; header_font_size_last_edited=&#8220;on|desktop&#8220; background_last_edited=&#8220;off|phone&#8220; background_enable_image_phone=&#8220;off&#8220; custom_css_main_element=&#8220;min-height: calc(90vh &#8211; 90px)!important;&#8220; custom_css_slide_arrows=&#8220;font-size: 8vw !important;||margin-top: -4vw;&#8220; body_text_shadow_style=&#8220;preset3&#8243; body_text_shadow_color=&#8220;RGBA(0,0,0,0)&#8220; box_shadow_style_image=&#8220;preset4&#8243; box_shadow_horizontal_image=&#8220;-8vw&#8220; box_shadow_vertical_image=&#8220;-8vw&#8220; box_shadow_spread_image=&#8220;-6.5vw&#8220; box_shadow_color_image=&#8220;#CF1259&#8243; global_colors_info=&#8220;{}&#8220;][et_pb_slide heading=&#8220;Uchovajte si svoje spomienky&#8220; button_text=&#8220;Vytvori\u0165 fotoknihu&#8220; use_bg_overlay=&#8220;on&#8220; bg_overlay_color=&#8220;rgba(10,10,10,0.25)&#8220; use_text_overlay=&#8220;off&#8220; _builder_version=&#8220;4.27.4&#8243; _module_preset=&#8220;default&#8220; header_font=&#8220;|300|||||||&#8220; header_font_size=&#8220;43px&#8220; body_font_size=&#8220;30px&#8220; background_color=&#8220;#0F3F51&#8243; background_enable_color=&#8220;on&#8220; background_image=&#8220;https:\/\/fotino.cz\/wp-content\/uploads\/2024\/09\/Fotoknihy_Fotino-scaled.jpg&#8220; background_enable_image=&#8220;on&#8220; parallax=&#8220;on&#8220; background_blend=&#8220;darken&#8220; custom_button=&#8220;on&#8220; button_text_color=&#8220;#F2E9DF&#8220; button_bg_color=&#8220;#012639&#8243; button_border_width=&#8220;2px&#8220; button_border_color=&#8220;#F2E9DF&#8220; button_border_radius=&#8220;0px&#8220; button_use_icon=&#8220;on&#8220; button_icon=&#8220;&#x41;||divi||400&#8243; button_icon_color=&#8220;#C2E2F5&#8243; button_custom_padding=&#8220;10px||10px||true|false&#8220; text_orientation=&#8220;center&#8220; overflow-x=&#8220;hidden&#8220; overflow-y=&#8220;hidden&#8220; custom_padding=&#8220;||||false|false&#8220; custom_padding_tablet=&#8220;|0px|0px||false|false&#8220; custom_padding_phone=&#8220;200px|0px|1px|0px|false|false&#8220; custom_padding_last_edited=&#8220;on|desktop&#8220; background_last_edited=&#8220;on|phone&#8220; background_image_phone=&#8220;https:\/\/fotino.cz\/wp-content\/uploads\/2024\/09\/Fotoknihy_Fotino-scaled.jpg&#8220; background_enable_image_phone=&#8220;on&#8220; parallax_phone=&#8220;off&#8220; background_size_phone=&#8220;contain&#8220; background_position_phone=&#8220;top_center&#8220; background_vertical_offset_phone=&#8220;0%&#8220; background_blend_phone=&#8220;normal&#8220; custom_css_main_element=&#8220;min-height: calc(80vh &#8211; 80px)!important;&#8220; global_colors_info=&#8220;{}&#8220; sticky_transition=&#8220;on&#8220;]<\/p>\n<p>Vytvorte si jedine\u010dn\u00e9 fotoknihy<\/p>\n<p>[\/et_pb_slide][et_pb_slide heading=&#8220;Uchovajte si svoje spomienky&#8220; button_text=&#8220;Vytvori\u0165 fotoobraz&#8220; button_link=&#8220;https:\/\/editor.picted.it\/sk\/fotino\/fotoobrazy-single\/size?afp=fotino&#038;theme=single&#038;style=single&#038;material=wrap&#038;border=natural&#8220; use_bg_overlay=&#8220;on&#8220; bg_overlay_color=&#8220;rgba(10,10,10,0.25)&#8220; use_text_overlay=&#8220;off&#8220; _builder_version=&#8220;4.27.4&#8243; _module_preset=&#8220;default&#8220; header_font=&#8220;|300|||||||&#8220; header_font_size=&#8220;43px&#8220; body_font_size=&#8220;30px&#8220; background_color=&#8220;#0F3F51&#8243; background_enable_color=&#8220;on&#8220; background_image=&#8220;https:\/\/fotino.cz\/wp-content\/uploads\/2024\/09\/Canvas_Fotino-scaled.jpg&#8220; background_enable_image=&#8220;on&#8220; parallax=&#8220;on&#8220; custom_button=&#8220;on&#8220; button_text_color=&#8220;#F2E9DF&#8220; button_bg_color=&#8220;#012639&#8243; button_border_width=&#8220;2px&#8220; button_border_color=&#8220;#F2E9DF&#8220; button_border_radius=&#8220;0px&#8220; button_use_icon=&#8220;on&#8220; button_icon=&#8220;&#x41;||divi||400&#8243; button_icon_color=&#8220;#C2E2F5&#8243; button_custom_padding=&#8220;10px||10px||true|false&#8220; text_orientation=&#8220;center&#8220; custom_padding=&#8220;||||false|false&#8220; custom_padding_tablet=&#8220;|0px|0px||false|false&#8220; custom_padding_phone=&#8220;200px|0px|1px|0px|false|false&#8220; custom_padding_last_edited=&#8220;on|desktop&#8220; background_last_edited=&#8220;on|phone&#8220; background_image_phone=&#8220;https:\/\/fotino.cz\/wp-content\/uploads\/2023\/09\/fotoobraz-slider-4-jpg.webp&#8220; background_enable_image_phone=&#8220;on&#8220; custom_css_main_element=&#8220;min-height: calc(80vh &#8211; 80px)!important;&#8220; global_colors_info=&#8220;{}&#8220; sticky_transition=&#8220;on&#8220;]<\/p>\n<p>Vytvorte si jedine\u010dn\u00e9 fotoobrazy<\/p>\n<p>[\/et_pb_slide][et_pb_slide heading=&#8220;Uchovajte si svoje spomienky&#8220; button_text=&#8220;Vytvori\u0165 fotokalend\u00e1r&#8220; button_link=&#8220;https:\/\/editor.picted.it\/sk\/fotino\/fotokalendare\/?afp=fotino&#8220; use_bg_overlay=&#8220;on&#8220; bg_overlay_color=&#8220;rgba(10,10,10,0.25)&#8220; use_text_overlay=&#8220;off&#8220; _builder_version=&#8220;4.27.0&#8243; _module_preset=&#8220;default&#8220; header_font=&#8220;|300|||||||&#8220; header_font_size=&#8220;43px&#8220; body_font_size=&#8220;30px&#8220; background_color=&#8220;#0F3F51&#8243; background_enable_color=&#8220;on&#8220; background_image=&#8220;https:\/\/fotino.cz\/wp-content\/uploads\/2024\/09\/Kalendare_Fotino-scaled.jpg&#8220; background_enable_image=&#8220;on&#8220; parallax=&#8220;on&#8220; custom_button=&#8220;on&#8220; button_text_color=&#8220;#F2E9DF&#8220; button_bg_color=&#8220;#012639&#8243; button_border_width=&#8220;2px&#8220; button_border_color=&#8220;#F2E9DF&#8220; button_border_radius=&#8220;0px&#8220; button_use_icon=&#8220;on&#8220; button_icon=&#8220;&#x41;||divi||400&#8243; button_icon_color=&#8220;#C2E2F5&#8243; button_custom_padding=&#8220;10px||10px||true|false&#8220; text_orientation=&#8220;center&#8220; custom_padding=&#8220;94px||||false|false&#8220; custom_padding_tablet=&#8220;|0px|0px||false|false&#8220; custom_padding_phone=&#8220;10px|0px|256px|0px|false|false&#8220; custom_padding_last_edited=&#8220;on|phone&#8220; background_last_edited=&#8220;on|phone&#8220; background_image_phone=&#8220;https:\/\/fotino.cz\/wp-content\/uploads\/2023\/09\/Slider-Kalendare-600\u00d71000-jpg.webp&#8220; background_enable_image_phone=&#8220;on&#8220; parallax_phone=&#8220;off&#8220; background_position_phone=&#8220;top_center&#8220; background_vertical_offset_phone=&#8220;-30%&#8220; custom_css_main_element=&#8220;min-height: calc(90vh &#8211; 90px)!important;&#8220; global_colors_info=&#8220;{}&#8220; sticky_transition=&#8220;on&#8220;]<\/p>\n<p>Vytvorte si jedine\u010dn\u00e9 fotokalend\u00e1re.<\/p>\n<p>[\/et_pb_slide][\/et_pb_slider][\/et_pb_column][\/et_pb_row][\/et_pb_section][et_pb_section fb_built=&#8220;1&#8243; fullwidth=&#8220;on&#8220; _builder_version=&#8220;4.24.2&#8243; _module_preset=&#8220;default&#8220; background_color=&#8220;#012639&#8243; min_height=&#8220;100px&#8220; height=&#8220;100px&#8220; max_height=&#8220;100px&#8220; da_disable_devices=&#8220;off|off|off&#8220; global_colors_info=&#8220;{}&#8220; da_is_popup=&#8220;off&#8220; da_exit_intent=&#8220;off&#8220; da_has_close=&#8220;on&#8220; da_alt_close=&#8220;off&#8220; da_dark_close=&#8220;off&#8220; da_not_modal=&#8220;on&#8220; da_is_singular=&#8220;off&#8220; da_with_loader=&#8220;off&#8220; da_has_shadow=&#8220;on&#8220;][\/et_pb_section][et_pb_section fb_built=&#8220;1&#8243; disabled_on=&#8220;on|on|on&#8220; admin_label=&#8220;Features&#8220; _builder_version=&#8220;4.27.4&#8243; _module_preset=&#8220;_initial&#8220; custom_padding=&#8220;57px|0px|0px|0px||&#8220; da_disable_devices=&#8220;off|off|off&#8220; disabled=&#8220;on&#8220; global_colors_info=&#8220;{}&#8220; da_is_popup=&#8220;off&#8220; da_exit_intent=&#8220;off&#8220; da_has_close=&#8220;on&#8220; da_alt_close=&#8220;off&#8220; da_dark_close=&#8220;off&#8220; da_not_modal=&#8220;on&#8220; da_is_singular=&#8220;off&#8220; da_with_loader=&#8220;off&#8220; da_has_shadow=&#8220;on&#8220;][et_pb_row column_structure=&#8220;1_3,2_3&#8243; use_custom_gutter=&#8220;on&#8220; gutter_width=&#8220;2&#8243; module_id=&#8220;product&#8220; _builder_version=&#8220;4.22.1&#8243; _module_preset=&#8220;default&#8220; width=&#8220;100%&#8220; width_tablet=&#8220;100%&#8220; width_phone=&#8220;90%&#8220; width_last_edited=&#8220;on|phone&#8220; max_width=&#8220;1800px&#8220; global_colors_info=&#8220;{}&#8220;][et_pb_column type=&#8220;1_3&#8243; _builder_version=&#8220;4.22.1&#8243; _module_preset=&#8220;default&#8220; custom_padding=&#8220;|||&#8220; global_colors_info=&#8220;{}&#8220; custom_padding__hover=&#8220;|||&#8220;][et_pb_image src=&#8220;https:\/\/fotino.cz\/wp-content\/uploads\/2023\/09\/fotokniha-3-jpg.webp&#8220; title_text=&#8220;fotokniha-3&#8243; url=&#8220;https:\/\/editor.picted.it\/sk\/fotino\/fotoknihy?afp=fotino&#8220; align_tablet=&#8220;center&#8220; align_phone=&#8220;center&#8220; align_last_edited=&#8220;on|desktop&#8220; _builder_version=&#8220;4.27.0&#8243; _module_preset=&#8220;default&#8220; animation_style=&#8220;slide&#8220; animation_direction=&#8220;left&#8220; animation_intensity_slide=&#8220;5%&#8220; global_colors_info=&#8220;{}&#8220;][\/et_pb_image][et_pb_image src=&#8220;https:\/\/fotino.cz\/wp-content\/uploads\/2023\/09\/fotokniha-9-scaled.webp&#8220; title_text=&#8220;fotokniha 9&#8243; url=&#8220;https:\/\/editor.picted.it\/sk\/fotino\/fotoknihy?afp=fotino&#8220; align_tablet=&#8220;center&#8220; align_phone=&#8220;center&#8220; align_last_edited=&#8220;on|desktop&#8220; _builder_version=&#8220;4.27.0&#8243; _module_preset=&#8220;default&#8220; animation_style=&#8220;slide&#8220; animation_direction=&#8220;left&#8220; animation_intensity_slide=&#8220;5%&#8220; global_colors_info=&#8220;{}&#8220;][\/et_pb_image][\/et_pb_column][et_pb_column type=&#8220;2_3&#8243; _builder_version=&#8220;4.16&#8243; _module_preset=&#8220;default&#8220; custom_padding=&#8220;|||&#8220; global_colors_info=&#8220;{}&#8220; custom_padding__hover=&#8220;|||&#8220;][et_pb_text admin_label=&#8220;Title&#8220; _builder_version=&#8220;4.27.0&#8243; _module_preset=&#8220;_initial&#8220; text_font=&#8220;||||||||&#8220; header_font=&#8220;||||||||&#8220; header_2_font=&#8220;||||||||&#8220; header_2_text_align=&#8220;left&#8220; header_2_text_color=&#8220;#012639&#8243; header_2_font_size=&#8220;32px&#8220; header_2_line_height=&#8220;1.3em&#8220; custom_margin=&#8220;0px||0px||false|false&#8220; custom_padding=&#8220;0px||0px||false|false&#8220; animation_style=&#8220;slide&#8220; animation_direction=&#8220;top&#8220; animation_intensity_slide=&#8220;30%&#8220; animation_starting_opacity=&#8220;100%&#8220; global_colors_info=&#8220;{}&#8220;]<\/p>\n<h2>Fotoknihy v tvrdej v\u00e4zbe<\/h2>\n<p>[\/et_pb_text][et_pb_cta button_url=&#8220;https:\/\/editor.picted.it\/sk\/fotino\/fotoknihy?afp=fotino&#8220; button_text=&#8220;Za\u010da\u0165 tvorit&#8220; _builder_version=&#8220;4.27.0&#8243; _module_preset=&#8220;default&#8220; header_font=&#8220;||||||||&#8220; header_text_color=&#8220;#595959&#8243; header_font_size=&#8220;45px&#8220; header_line_height=&#8220;1.4em&#8220; body_font=&#8220;|500|||||||&#8220; body_text_color=&#8220;#595959&#8243; body_font_size=&#8220;16px&#8220; body_line_height=&#8220;1.9em&#8220; use_background_color=&#8220;off&#8220; custom_button=&#8220;on&#8220; button_text_size=&#8220;16px&#8220; button_text_color=&#8220;#F2E9DF&#8220; button_bg_color=&#8220;#012639&#8243; button_border_width=&#8220;2px&#8220; button_border_color=&#8220;RGBA(255,255,255,0)&#8220; button_border_radius=&#8220;0px&#8220; button_letter_spacing=&#8220;1px&#8220; button_font=&#8220;|700||on|||||&#8220; button_use_icon=&#8220;off&#8220; button_alignment=&#8220;left&#8220; text_orientation=&#8220;left&#8220; background_layout=&#8220;light&#8220; button_text_color_hover=&#8220;#ffffff&#8220; button_border_radius_hover=&#8220;66px&#8220; button_letter_spacing_hover=&#8220;1px&#8220; button_bg_color_hover=&#8220;#2f3854&#8243; global_colors_info=&#8220;{}&#8220; button_text_size__hover_enabled=&#8220;on|hover&#8220; button_one_text_size__hover_enabled=&#8220;off&#8220; button_two_text_size__hover_enabled=&#8220;off&#8220; button_text_color__hover_enabled=&#8220;on|hover&#8220; button_text_color__hover=&#8220;#F8F7F5&#8243; button_one_text_color__hover_enabled=&#8220;off&#8220; button_two_text_color__hover_enabled=&#8220;off&#8220; button_border_width__hover_enabled=&#8220;off&#8220; button_one_border_width__hover_enabled=&#8220;off&#8220; button_two_border_width__hover_enabled=&#8220;off&#8220; button_border_color__hover_enabled=&#8220;off&#8220; button_one_border_color__hover_enabled=&#8220;off&#8220; button_two_border_color__hover_enabled=&#8220;off&#8220; button_border_radius__hover_enabled=&#8220;off|desktop&#8220; button_border_radius__hover=&#8220;66px&#8220; button_one_border_radius__hover_enabled=&#8220;off&#8220; button_two_border_radius__hover_enabled=&#8220;off&#8220; button_letter_spacing__hover_enabled=&#8220;off|desktop&#8220; button_letter_spacing__hover=&#8220;1px&#8220; button_one_letter_spacing__hover_enabled=&#8220;off&#8220; button_two_letter_spacing__hover_enabled=&#8220;off&#8220; button_bg_color__hover_enabled=&#8220;on|hover&#8220; button_bg_color__hover=&#8220;#166584&#8243; button_one_bg_color__hover_enabled=&#8220;off&#8220; button_two_bg_color__hover_enabled=&#8220;off&#8220; button_bg_enable_color__hover=&#8220;on&#8220; button_text_size__hover=&#8220;16px&#8220;]<\/p>\n<p>&#8222;Vytv\u00e1ranie fotoknihy je jedn\u00fdm z najlep\u0161\u00edch sp\u00f4sobov, ako zachyti\u0165 a zdie\u013ea\u0165 spomienky na nezabudnute\u013en\u00e9 chv\u00edle vo va\u0161om \u017eivote. S na\u0161\u00edm online editorom je to teraz e\u0161te jednoduch\u0161ie a pohodlnej\u0161ie ne\u017e kedyko\u013evek predt\u00fdm. N\u00e1\u0161 editor v\u00e1m umo\u017e\u0148uje vytvori\u0165 fotoknihu presne pod\u013ea va\u0161ich predst\u00e1v, a to z pohodlia v\u00e1\u0161ho domova, cez mobiln\u00fd telef\u00f3n, tablet alebo po\u010d\u00edta\u010d.<\/p>\n<p>N\u00e1\u0161 editor pon\u00faka \u0161irok\u00fa \u0161k\u00e1lu \u0161abl\u00f3n a mo\u017enost\u00ed personaliz\u00e1cie, aby ste si mohli vytvori\u0165 fotoknihu, ktor\u00e1 bude odr\u00e1\u017ea\u0165 va\u0161e jedine\u010dn\u00e9 pr\u00edbehy a spomienky. M\u00f4\u017eete si vybra\u0165 \u0161abl\u00f3nu, ktor\u00e1 najlep\u0161ie vyhovuje t\u00e9me va\u0161ej fotoknihy, a jednoducho prida\u0165 svoje fotografie a texty na ka\u017ed\u00fa str\u00e1nku. M\u00e1te \u00fapln\u00fa kontrolu nad t\u00fdm, ako bude va\u0161a fotokniha vyzera\u0165, a m\u00f4\u017eete ju prisp\u00f4sobi\u0165 v\u00e1\u0161mu osobn\u00e9mu vkusu.<\/p>\n<p>Jedn\u00fdm z k\u013e\u00fa\u010dov\u00fdch prvkov na\u0161ej slu\u017eby je jednoduchos\u0165 pou\u017e\u00edvania. Na\u0161im cie\u013eom je, aby tvorba fotoknihy bola z\u00e1bavn\u00fdm a bezprobl\u00e9mov\u00fdm procesom. Na\u0161e intuit\u00edvne rozhranie v\u00e1m umo\u017e\u0148uje jednoducho pres\u00fava\u0165 a upravova\u0165 fotografie, prid\u00e1va\u0165 texty a \u010fal\u0161iu grafiku. M\u00f4\u017eete tie\u017e upravova\u0165 farby, \u0161t\u00fdl a rozlo\u017eenie str\u00e1nok tak, aby va\u0161a fotokniha bola presne tak\u00e1, ako ste si ju predstavovali.<\/p>\n<p>\u010ci u\u017e chcete vytvori\u0165 fotoknihu ako dar\u010dek pre bl\u00edzkeho, ako pamiatku na dovolenku alebo \u0161peci\u00e1lnu udalos\u0165, alebo len tak pre rados\u0165, n\u00e1\u0161 editor v\u00e1m umo\u017en\u00ed premeni\u0165 va\u0161e n\u00e1pady na skuto\u010dnos\u0165. M\u00f4\u017eete si do fotoknihy zahrn\u00fa\u0165 rodinn\u00e9 fotografie, doj\u00edmav\u00e9 cit\u00e1ty alebo pr\u00edbehy, ktor\u00e9 sprev\u00e1dzali jednotliv\u00e9 fotografie. Mo\u017enosti s\u00fa takmer nekone\u010dn\u00e9.<\/p>\n<p>Celkovo povedan\u00e9, vytv\u00e1ranie fotoknihy s na\u0161\u00edm online editorom je jednoduch\u00e9, z\u00e1bavn\u00e9 a prin\u00e1\u0161a v\u00e1m nekone\u010dn\u00fa rados\u0165 z prezerania va\u0161ich spomienok. Dajte vo\u013en\u00fd priechod svojej kreativite a vytvorte si fotoknihu, ktor\u00e1 bude trvalo uchov\u00e1va\u0165 va\u0161e najcennej\u0161ie chv\u00edle. Sta\u010d\u00ed si len vybra\u0165 \u0161abl\u00f3nu, nahra\u0165 svoje fotografie a za\u010da\u0165 tvori\u0165. Va\u0161a fotokniha je len p\u00e1r kliknut\u00ed \u010faleko, tak pre\u010do to nesk\u00fasi\u0165 hne\u010f teraz?<\/p>\n<hr \/>\n<p>Vyberte si z rozmerov:<\/p>\n<ul>\n<li>A4 21&#215;29 cm<\/li>\n<li>A5 15&#215;21 cm<\/li>\n<li>21&#215;21 cm<\/li>\n<li>29&#215;29 cm<\/li>\n<\/ul>\n<p>[\/et_pb_cta][\/et_pb_column][\/et_pb_row][\/et_pb_section][et_pb_section fb_built=&#8220;1&#8243; fullwidth=&#8220;on&#8220; _builder_version=&#8220;4.24.2&#8243; _module_preset=&#8220;default&#8220; background_color=&#8220;#012639&#8243; min_height=&#8220;100px&#8220; height=&#8220;100px&#8220; max_height=&#8220;100px&#8220; da_disable_devices=&#8220;off|off|off&#8220; global_colors_info=&#8220;{}&#8220; da_is_popup=&#8220;off&#8220; da_exit_intent=&#8220;off&#8220; da_has_close=&#8220;on&#8220; da_alt_close=&#8220;off&#8220; da_dark_close=&#8220;off&#8220; da_not_modal=&#8220;on&#8220; da_is_singular=&#8220;off&#8220; da_with_loader=&#8220;off&#8220; da_has_shadow=&#8220;on&#8220;][\/et_pb_section][et_pb_section fb_built=&#8220;1&#8243; admin_label=&#8220;Features&#8220; _builder_version=&#8220;4.16&#8243; _module_preset=&#8220;_initial&#8220; custom_padding=&#8220;57px|0px|0px|0px||&#8220; da_disable_devices=&#8220;off|off|off&#8220; global_colors_info=&#8220;{}&#8220; da_is_popup=&#8220;off&#8220; da_exit_intent=&#8220;off&#8220; da_has_close=&#8220;on&#8220; da_alt_close=&#8220;off&#8220; da_dark_close=&#8220;off&#8220; da_not_modal=&#8220;on&#8220; da_is_singular=&#8220;off&#8220; da_with_loader=&#8220;off&#8220; da_has_shadow=&#8220;on&#8220;][et_pb_row column_structure=&#8220;1_3,2_3&#8243; use_custom_gutter=&#8220;on&#8220; gutter_width=&#8220;2&#8243; _builder_version=&#8220;4.22.1&#8243; _module_preset=&#8220;default&#8220; width=&#8220;100%&#8220; width_tablet=&#8220;100%&#8220; width_phone=&#8220;90%&#8220; width_last_edited=&#8220;on|phone&#8220; max_width=&#8220;1800px&#8220; link_option_url=&#8220;\/sk\/fotokalendare&#8220; global_colors_info=&#8220;{}&#8220;][et_pb_column type=&#8220;1_3&#8243; _builder_version=&#8220;4.16&#8243; _module_preset=&#8220;default&#8220; custom_padding=&#8220;|||&#8220; global_colors_info=&#8220;{}&#8220; custom_padding__hover=&#8220;|||&#8220;][et_pb_image src=&#8220;https:\/\/fotino.cz\/wp-content\/uploads\/2023\/09\/Kalendare-stul-jpg.webp&#8220; title_text=&#8220;Kalendare-stul&#8220; url=&#8220;https:\/\/editor.picted.it\/sk\/fotino\/fotokalendare?afp=fotino&#8220; align=&#8220;center&#8220; align_tablet=&#8220;center&#8220; align_phone=&#8220;center&#8220; align_last_edited=&#8220;on|desktop&#8220; _builder_version=&#8220;4.27.0&#8243; _module_preset=&#8220;default&#8220; max_width=&#8220;400px&#8220; animation_style=&#8220;slide&#8220; animation_direction=&#8220;right&#8220; animation_intensity_slide=&#8220;5%&#8220; global_colors_info=&#8220;{}&#8220;][\/et_pb_image][et_pb_image src=&#8220;https:\/\/fotino.cz\/wp-content\/uploads\/2023\/09\/Kalendare-zed-jpg.webp&#8220; title_text=&#8220;Kalendare-zed&#8220; url=&#8220;https:\/\/editor.picted.it\/sk\/fotino\/fotokalendare?afp=fotino&#8220; align=&#8220;center&#8220; align_tablet=&#8220;center&#8220; align_phone=&#8220;center&#8220; align_last_edited=&#8220;on|desktop&#8220; _builder_version=&#8220;4.27.0&#8243; _module_preset=&#8220;default&#8220; max_width=&#8220;400px&#8220; animation_style=&#8220;slide&#8220; animation_direction=&#8220;right&#8220; animation_intensity_slide=&#8220;5%&#8220; global_colors_info=&#8220;{}&#8220;][\/et_pb_image][\/et_pb_column][et_pb_column type=&#8220;2_3&#8243; _builder_version=&#8220;4.16&#8243; _module_preset=&#8220;default&#8220; custom_padding=&#8220;|||&#8220; global_colors_info=&#8220;{}&#8220; custom_padding__hover=&#8220;|||&#8220;][et_pb_cta title=&#8220;Fotokalend\u00e1re&#8220; button_url=&#8220;https:\/\/editor.picted.it\/cs\/fotino\/fotokalendare\/style?afp=fotino&#8220; button_text=&#8220;Vybra\u0165 typ kalend\u00e1ra&#8220; _builder_version=&#8220;4.27.0&#8243; _module_preset=&#8220;default&#8220; header_font=&#8220;||||||||&#8220; header_text_color=&#8220;#012639&#8243; header_font_size=&#8220;45px&#8220; header_line_height=&#8220;1.4em&#8220; body_font=&#8220;|500|||||||&#8220; body_text_color=&#8220;#595959&#8243; body_font_size=&#8220;16px&#8220; body_line_height=&#8220;1.9em&#8220; use_background_color=&#8220;off&#8220; custom_button=&#8220;on&#8220; button_text_size=&#8220;16px&#8220; button_text_color=&#8220;#F8F7F5&#8243; button_bg_color=&#8220;#0F3F51&#8243; button_border_width=&#8220;2px&#8220; button_border_color=&#8220;#0F3F51&#8243; button_border_radius=&#8220;0px&#8220; button_letter_spacing=&#8220;1px&#8220; button_font=&#8220;|700||on|||||&#8220; button_use_icon=&#8220;off&#8220; button_alignment=&#8220;left&#8220; text_orientation=&#8220;left&#8220; background_layout=&#8220;light&#8220; button_text_color_hover=&#8220;#ffffff&#8220; button_border_radius_hover=&#8220;66px&#8220; button_letter_spacing_hover=&#8220;1px&#8220; button_bg_color_hover=&#8220;#2f3854&#8243; global_colors_info=&#8220;{}&#8220; button_text_size__hover_enabled=&#8220;off&#8220; button_one_text_size__hover_enabled=&#8220;off&#8220; button_two_text_size__hover_enabled=&#8220;off&#8220; button_text_color__hover_enabled=&#8220;on|hover&#8220; button_text_color__hover=&#8220;#ffffff&#8220; button_one_text_color__hover_enabled=&#8220;off&#8220; button_two_text_color__hover_enabled=&#8220;off&#8220; button_border_width__hover_enabled=&#8220;off&#8220; button_one_border_width__hover_enabled=&#8220;off&#8220; button_two_border_width__hover_enabled=&#8220;off&#8220; button_border_color__hover_enabled=&#8220;off&#8220; button_one_border_color__hover_enabled=&#8220;off&#8220; button_two_border_color__hover_enabled=&#8220;off&#8220; button_border_radius__hover_enabled=&#8220;off|hover&#8220; button_border_radius__hover=&#8220;66px&#8220; button_one_border_radius__hover_enabled=&#8220;off&#8220; button_two_border_radius__hover_enabled=&#8220;off&#8220; button_letter_spacing__hover_enabled=&#8220;on&#8220; button_letter_spacing__hover=&#8220;1px&#8220; button_one_letter_spacing__hover_enabled=&#8220;off&#8220; button_two_letter_spacing__hover_enabled=&#8220;off&#8220; button_bg_color__hover_enabled=&#8220;on&#8220; button_bg_color__hover=&#8220;#195b84&#8243; button_one_bg_color__hover_enabled=&#8220;off&#8220; button_two_bg_color__hover_enabled=&#8220;off&#8220; button_bg_enable_color__hover=&#8220;on&#8220;]<\/p>\n<p>Vytvorte si jedine\u010dn\u00fd fotokalend\u00e1r a prepojte svoje spomienky s ka\u017ed\u00fdm d\u0148om cel\u00e9ho roka. S na\u0161\u00edm inovat\u00edvnym online smart editorom m\u00f4\u017eete \u013eahko a r\u00fdchlo vytvori\u0165 fotokalend\u00e1r, ktor\u00fd bude nielen praktick\u00fdm pl\u00e1nova\u010dom, ale aj v\u00fdnimo\u010dn\u00fdm umeleck\u00fdm dielom. Nechajte svoju kreativitu rozkvitn\u00fa\u0165 a preme\u0148te svoje najkraj\u0161ie fotografie na n\u00e1dhern\u00fa dekor\u00e1ciu, ktor\u00e1 o\u017eiv\u00ed va\u0161e priestory a bude v\u00e1m pripom\u00edna\u0165 nezabudnute\u013en\u00e9 chv\u00edle po cel\u00fd rok.<\/p>\n<p>S na\u0161\u00edm online editorom je tvorba fotokalend\u00e1ra jednoduch\u00e1 a intuit\u00edvna z\u00e1le\u017eitos\u0165. Sta\u010d\u00ed nahra\u0165 svoje ob\u013e\u00faben\u00e9 fotografie, vybra\u0165 si z r\u00f4znych dizajnov\u00fdch \u0161abl\u00f3n a prisp\u00f4sobi\u0165 ka\u017ed\u00fd mesiac pod\u013ea svojho \u0161t\u00fdlu. M\u00f4\u017eete prida\u0165 texty, upravi\u0165 fotografie a vytvori\u0165 tak kalend\u00e1r, ktor\u00fd bude odr\u00e1\u017ea\u0165 va\u0161u osobnos\u0165 a jedine\u010dn\u00e9 pr\u00edbehy.<\/p>\n<p>Fotokalend\u00e1re nie s\u00fa len praktick\u00e9, ale aj ve\u013emi osobn\u00e9. Darujte ich svojim bl\u00edzkym alebo si ich zaobstarajte pre seba ako dekor\u00e1ciu do svojho domova \u010di kancel\u00e1rie. Ka\u017ed\u00fd poh\u013ead na kalend\u00e1r v\u00e1m vy\u010dar\u00ed \u00fasmev na tv\u00e1ri, preto\u017ee v\u00e1s bude sprev\u00e1dza\u0165 va\u0161imi najcennej\u0161\u00edmi spomienkami a udalos\u0165ami. Ka\u017ed\u00fd mesiac bude novou kapitolou plnou radosti, l\u00e1sky a dobrodru\u017estva.<\/p>\n<p>Navrhovanie vlastn\u00e9ho fotokalend\u00e1ra s na\u0161\u00edm editorom je tie\u017e skvel\u00fdm sp\u00f4sobom, ako sa te\u0161i\u0165 na nov\u00fd rok. M\u00f4\u017eete si predstavi\u0165, ak\u00e9 udalosti a dobrodru\u017estv\u00e1 v\u00e1s \u010dakaj\u00fa, a prisp\u00f4sobi\u0165 kalend\u00e1r pod\u013ea svojich pl\u00e1nov a cie\u013eov. Ka\u017ed\u00fd de\u0148 bude v novom roku v\u00fdnimo\u010dn\u00fd, a to aj v\u010faka v\u00e1\u0161mu jedine\u010dn\u00e9mu fotokalend\u00e1ru.<\/p>\n<p>\u010ci u\u017e ho budete ma\u0165 vo svojej kancel\u00e1rii, ob\u00fdvacej izbe alebo na stene vo svojej sp\u00e1lni, v\u00e1\u0161 fotokalend\u00e1r v\u00e1m bude pripom\u00edna\u0165, ak\u00fd kr\u00e1sny a pln\u00fd pr\u00edle\u017eitost\u00ed je \u017eivot. A s na\u0161ou online slu\u017ebou m\u00f4\u017eete tento kr\u00e1sny projekt vytvori\u0165 z pohodlia svojho domova.<\/p>\n<p>Tak pre\u010do v\u00e1ha\u0165? Za\u010dnite hne\u010f teraz tvori\u0165 svoj vlastn\u00fd fotokalend\u00e1r a preneste svoje spomienky do ka\u017ed\u00e9ho d\u0148a v novom roku. Sta\u0148te sa sprievodcom svojho vlastn\u00e9ho dobrodru\u017estva a uchov\u00e1vajte spomienky na tie najkraj\u0161ie chv\u00edle svojho \u017eivota v jedine\u010dnom kalend\u00e1ri, ktor\u00fd ste si sami vytvorili.<\/p>\n<p>Stolov\u00e9 kalend\u00e1re t\u00fd\u017edenn\u00e9, dvojt\u00fd\u017edenn\u00e9 aj mesa\u010dn\u00e9. N\u00e1stenn\u00e9 kalend\u00e1re A3 na v\u00fd\u0161ku aj \u0161\u00edrku a A4 na v\u00fd\u0161ku.<\/p>\n<p>[\/et_pb_cta][\/et_pb_column][\/et_pb_row][\/et_pb_section][et_pb_section fb_built=&#8220;1&#8243; fullwidth=&#8220;on&#8220; _builder_version=&#8220;4.24.2&#8243; _module_preset=&#8220;default&#8220; background_color=&#8220;#012639&#8243; min_height=&#8220;100px&#8220; height=&#8220;100px&#8220; max_height=&#8220;100px&#8220; da_disable_devices=&#8220;off|off|off&#8220; global_colors_info=&#8220;{}&#8220; da_is_popup=&#8220;off&#8220; da_exit_intent=&#8220;off&#8220; da_has_close=&#8220;on&#8220; da_alt_close=&#8220;off&#8220; da_dark_close=&#8220;off&#8220; da_not_modal=&#8220;on&#8220; da_is_singular=&#8220;off&#8220; da_with_loader=&#8220;off&#8220; da_has_shadow=&#8220;on&#8220;][\/et_pb_section][et_pb_section fb_built=&#8220;1&#8243; admin_label=&#8220;Features&#8220; _builder_version=&#8220;4.16&#8243; _module_preset=&#8220;_initial&#8220; custom_padding=&#8220;57px|0px|0px|0px||&#8220; da_disable_devices=&#8220;off|off|off&#8220; global_colors_info=&#8220;{}&#8220; da_is_popup=&#8220;off&#8220; da_exit_intent=&#8220;off&#8220; da_has_close=&#8220;on&#8220; da_alt_close=&#8220;off&#8220; da_dark_close=&#8220;off&#8220; da_not_modal=&#8220;on&#8220; da_is_singular=&#8220;off&#8220; da_with_loader=&#8220;off&#8220; da_has_shadow=&#8220;on&#8220;][et_pb_row column_structure=&#8220;1_4,1_4,1_4,1_4&#8243; _builder_version=&#8220;4.27.4&#8243; _module_preset=&#8220;default&#8220; max_width=&#8220;1800px&#8220; custom_padding=&#8220;|18px||18px|false|false&#8220; link_option_url=&#8220;https:\/\/editor.picted.it\/sk\/fotino\/fotoobrazy-single\/size?afp=fotino&#038;theme=single&#038;style=single&#038;material=wrap&#038;border=natural&#8220; global_colors_info=&#8220;{}&#8220;][et_pb_column type=&#8220;1_4&#8243; _builder_version=&#8220;4.22.1&#8243; _module_preset=&#8220;default&#8220; global_colors_info=&#8220;{}&#8220;][et_pb_image src=&#8220;https:\/\/fotino.cz\/wp-content\/uploads\/2023\/09\/fotoobraz-6.webp&#8220; title_text=&#8220;fotoobraz-6&#8243; _builder_version=&#8220;4.27.2&#8243; _module_preset=&#8220;default&#8220; global_colors_info=&#8220;{}&#8220;][\/et_pb_image][\/et_pb_column][et_pb_column type=&#8220;1_4&#8243; _builder_version=&#8220;4.22.1&#8243; _module_preset=&#8220;default&#8220; global_colors_info=&#8220;{}&#8220;][et_pb_image src=&#8220;https:\/\/fotino.cz\/wp-content\/uploads\/2023\/09\/fotoobraz-1.webp&#8220; title_text=&#8220;fotoobraz-1&#8243; _builder_version=&#8220;4.27.2&#8243; _module_preset=&#8220;default&#8220; global_colors_info=&#8220;{}&#8220;][\/et_pb_image][\/et_pb_column][et_pb_column type=&#8220;1_4&#8243; _builder_version=&#8220;4.22.1&#8243; _module_preset=&#8220;default&#8220; global_colors_info=&#8220;{}&#8220;][et_pb_image src=&#8220;https:\/\/fotino.cz\/wp-content\/uploads\/2023\/09\/fotoobraz-4.webp&#8220; title_text=&#8220;fotoobraz-4&#8243; _builder_version=&#8220;4.27.2&#8243; _module_preset=&#8220;default&#8220; global_colors_info=&#8220;{}&#8220;][\/et_pb_image][\/et_pb_column][et_pb_column type=&#8220;1_4&#8243; _builder_version=&#8220;4.22.1&#8243; _module_preset=&#8220;default&#8220; global_colors_info=&#8220;{}&#8220;][et_pb_image src=&#8220;https:\/\/fotino.cz\/wp-content\/uploads\/2023\/09\/fotoobraz-5.webp&#8220; title_text=&#8220;fotoobraz-5&#8243; _builder_version=&#8220;4.27.2&#8243; _module_preset=&#8220;default&#8220; global_colors_info=&#8220;{}&#8220;][\/et_pb_image][\/et_pb_column][\/et_pb_row][et_pb_row column_structure=&#8220;1_3,2_3&#8243; use_custom_gutter=&#8220;on&#8220; gutter_width=&#8220;2&#8243; _builder_version=&#8220;4.22.1&#8243; _module_preset=&#8220;default&#8220; width=&#8220;100%&#8220; width_tablet=&#8220;100%&#8220; width_phone=&#8220;90%&#8220; width_last_edited=&#8220;on|phone&#8220; max_width=&#8220;1800px&#8220; global_colors_info=&#8220;{}&#8220;][et_pb_column type=&#8220;1_3&#8243; _builder_version=&#8220;4.16&#8243; _module_preset=&#8220;default&#8220; custom_padding=&#8220;|||&#8220; global_colors_info=&#8220;{}&#8220; custom_padding__hover=&#8220;|||&#8220;][et_pb_image src=&#8220;https:\/\/fotino.cz\/wp-content\/uploads\/2023\/09\/fotoobraz-platno-1-scaled.webp&#8220; title_text=&#8220;fotoobraz-platno&#8220; url=&#8220;https:\/\/editor.picted.it\/sk\/fotino\/fotoobrazy-single\/size?afp=fotino&#038;theme=single&#038;style=single&#038;material=wrap&#038;border=natural&#8220; align_tablet=&#8220;center&#8220; align_phone=&#8220;center&#8220; align_last_edited=&#8220;on|desktop&#8220; _builder_version=&#8220;4.27.4&#8243; _module_preset=&#8220;default&#8220; animation_style=&#8220;slide&#8220; animation_direction=&#8220;right&#8220; animation_intensity_slide=&#8220;5%&#8220; global_colors_info=&#8220;{}&#8220;][\/et_pb_image][et_pb_image src=&#8220;https:\/\/fotino.cz\/wp-content\/uploads\/2024\/04\/fotoobraz-napinani.png&#8220; title_text=&#8220;fotoobraz-napinani&#8220; url=&#8220;https:\/\/editor.picted.it\/sk\/fotino\/fotoobrazy-single\/size?afp=fotino&#038;theme=single&#038;style=single&#038;material=wrap&#038;border=natural&#8220; align_tablet=&#8220;center&#8220; align_phone=&#8220;center&#8220; align_last_edited=&#8220;on|desktop&#8220; _builder_version=&#8220;4.27.4&#8243; _module_preset=&#8220;default&#8220; animation_style=&#8220;slide&#8220; animation_direction=&#8220;right&#8220; animation_intensity_slide=&#8220;5%&#8220; global_colors_info=&#8220;{}&#8220;][\/et_pb_image][\/et_pb_column][et_pb_column type=&#8220;2_3&#8243; _builder_version=&#8220;4.16&#8243; _module_preset=&#8220;default&#8220; custom_padding=&#8220;|||&#8220; global_colors_info=&#8220;{}&#8220; custom_padding__hover=&#8220;|||&#8220;][et_pb_cta title=&#8220;Fotoobrazy&#8220; button_url=&#8220;https:\/\/editor.picted.it\/sk\/fotino\/fotoobrazy-single\/size?afp=fotino&#038;theme=single&#038;style=single&#038;material=wrap&#038;border=natural&#8220; button_text=&#8220;Vybra\u0165 rozmer&#8220; _builder_version=&#8220;4.27.4&#8243; _module_preset=&#8220;default&#8220; header_font=&#8220;||||||||&#8220; header_text_color=&#8220;#012639&#8243; header_font_size=&#8220;45px&#8220; header_line_height=&#8220;1.4em&#8220; body_font=&#8220;|500|||||||&#8220; body_text_color=&#8220;#595959&#8243; body_font_size=&#8220;16px&#8220; body_line_height=&#8220;1.9em&#8220; use_background_color=&#8220;off&#8220; custom_button=&#8220;on&#8220; button_text_size=&#8220;16px&#8220; button_text_color=&#8220;#F8F7F5&#8243; button_bg_color=&#8220;#0F3F51&#8243; button_border_width=&#8220;2px&#8220; button_border_color=&#8220;#0F3F51&#8243; button_border_radius=&#8220;0px&#8220; button_letter_spacing=&#8220;1px&#8220; button_font=&#8220;|700||on|||||&#8220; button_use_icon=&#8220;off&#8220; button_alignment=&#8220;left&#8220; text_orientation=&#8220;left&#8220; background_layout=&#8220;light&#8220; button_text_color_hover=&#8220;#ffffff&#8220; button_border_radius_hover=&#8220;66px&#8220; button_letter_spacing_hover=&#8220;1px&#8220; button_bg_color_hover=&#8220;#2f3854&#8243; global_colors_info=&#8220;{}&#8220; button_text_size__hover_enabled=&#8220;off&#8220; button_one_text_size__hover_enabled=&#8220;off&#8220; button_two_text_size__hover_enabled=&#8220;off&#8220; button_text_color__hover_enabled=&#8220;on&#8220; button_text_color__hover=&#8220;#F8F7F5&#8243; button_one_text_color__hover_enabled=&#8220;off&#8220; button_two_text_color__hover_enabled=&#8220;off&#8220; button_border_width__hover_enabled=&#8220;off&#8220; button_one_border_width__hover_enabled=&#8220;off&#8220; button_two_border_width__hover_enabled=&#8220;off&#8220; button_border_color__hover_enabled=&#8220;off&#8220; button_one_border_color__hover_enabled=&#8220;off&#8220; button_two_border_color__hover_enabled=&#8220;off&#8220; button_border_radius__hover_enabled=&#8220;off|hover&#8220; button_border_radius__hover=&#8220;66px&#8220; button_one_border_radius__hover_enabled=&#8220;off&#8220; button_two_border_radius__hover_enabled=&#8220;off&#8220; button_letter_spacing__hover_enabled=&#8220;on&#8220; button_letter_spacing__hover=&#8220;1px&#8220; button_one_letter_spacing__hover_enabled=&#8220;off&#8220; button_two_letter_spacing__hover_enabled=&#8220;off&#8220; button_bg_color__hover_enabled=&#8220;on|hover&#8220; button_bg_color__hover=&#8220;#164f75&#8243; button_one_bg_color__hover_enabled=&#8220;off&#8220; button_two_bg_color__hover_enabled=&#8220;off&#8220; button_bg_enable_color__hover=&#8220;on&#8220;]<\/p>\n<p>Vytv\u00e1ranie vlastn\u00e9ho unik\u00e1tneho fotoobrazu je ako tvorba vlastn\u00e9ho umeleck\u00e9ho diela s osobn\u00fdm v\u00fdznamom. S na\u0161\u00edm editorom m\u00f4\u017eete t\u00fato kreat\u00edvnu cestu za\u010da\u0165 \u013eahko a r\u00fdchlo. Sta\u010d\u00ed nahra\u0165 svoju ob\u013e\u00faben\u00fa fotografiu do n\u00e1\u0161ho smart editoru a necha\u0165 svoju predstavivos\u0165 rozkvitn\u00fa\u0165. T\u00fdmto jednoduch\u00fdm krokom otv\u00e1rate br\u00e1nu k vytvoreniu jedine\u010dn\u00e9ho fotoobrazu, ktor\u00fd nielen ozdob\u00ed v\u00e1\u0161 domov, ale aj rozpr\u00e1va fascinuj\u00faci pr\u00edbeh.<\/p>\n<p>Smart editor, ktor\u00fd v\u00e1m na\u0161a slu\u017eba poskytuje, je n\u00e1strojom, ktor\u00fd v\u00e1m umo\u017en\u00ed vyjadri\u0165 va\u0161u kreativitu a individualitu. M\u00f4\u017eete upravova\u0165 farby, kontrast a \u010fal\u0161ie prvky va\u0161ej fotografie tak, aby v\u00fdsledn\u00fd obraz \u010do najlep\u0161ie vystihoval v\u00e1\u0161 osobn\u00fd vkus a \u0161t\u00fdl. M\u00f4\u017eete tie\u017e prida\u0165 text a vytvori\u0165 tak vlastn\u00fd pr\u00edbeh alebo zanecha\u0165 osobn\u00fd odkaz. Va\u0161e fotoobrazy sa tak st\u00e1vaj\u00fa viac ne\u017e len statick\u00fdmi obrazmi \u2013 st\u00e1vaj\u00fa sa vyjadren\u00edm va\u0161ej tvorivej v\u00edzie.<\/p>\n<p>Vytv\u00e1ranie fotoobrazov je tie\u017e skvel\u00fdm sp\u00f4sobom, ako ozdobi\u0165 svoj domov a prinies\u0165 do neho nov\u00fd \u017eivot. Va\u0161e vlastn\u00e9 umeleck\u00e9 dielo, vytvoren\u00e9 s l\u00e1skou a v\u00e1\u0161\u0148ou, bude \u017eiari\u0165 na sten\u00e1ch v\u00e1\u0161ho domova a prin\u00e1\u0161a\u0165 rados\u0165 v\u00e1m aj va\u0161im n\u00e1v\u0161tev\u00e1m. M\u00f4\u017eete si vybra\u0165 r\u00f4zne ve\u013ekosti a form\u00e1ty fotoobrazov, aby sa hodili do r\u00f4znych priestorov vo va\u0161om dome.<\/p>\n<p>Jedin\u00fdm obmedzen\u00edm je va\u0161a predstavivos\u0165. Va\u0161e fotoobrazy m\u00f4\u017eu by\u0165 z\u00e1bavn\u00e9, doj\u00edmav\u00e9, in\u0161pirat\u00edvne alebo ak\u00e9ko\u013evek in\u00e9 pod\u013ea va\u0161ich preferenci\u00ed. M\u00f4\u017eete vytv\u00e1ra\u0165 s\u00e9rie fotoobrazov, ktor\u00e9 rozpr\u00e1vaj\u00fa pr\u00edbeh v\u00e1\u0161ho \u017eivota, alebo jednotliv\u00e9 fotoobrazy, ktor\u00e9 zd\u00f4raz\u0148uj\u00fa jedine\u010dn\u00e9 okamihy. Mo\u017enosti s\u00fa nekone\u010dn\u00e9.<\/p>\n<p>Tak pre\u010do neza\u010da\u0165 hne\u010f teraz? Nahrajte svoju ob\u013e\u00faben\u00fa fotografiu do n\u00e1\u0161ho smart editoru a pustite sa do tvorby svojho vlastn\u00e9ho jedine\u010dn\u00e9ho fotoobrazu. Rozsvie\u0165te svoj domov \u00fa\u017easn\u00fdmi dekor\u00e1ciami, ktor\u00e9 bud\u00fa nielen kr\u00e1sne, ale aj v\u00e1m bud\u00fa pripom\u00edna\u0165 d\u00f4le\u017eit\u00e9 momenty a pr\u00edbehy vo va\u0161om \u017eivote. Va\u0161e umenie m\u00f4\u017ee by\u0165 aj in\u0161pir\u00e1ciou pre ostatn\u00fdch, a kto vie, mo\u017eno za\u010dnete nov\u00fa trad\u00edciu vytv\u00e1rania vlastn\u00fdch fotoobrazov s priate\u013emi a rodinou.<\/p>\n<p>[\/et_pb_cta][\/et_pb_column][\/et_pb_row][\/et_pb_section][et_pb_section fb_built=&#8220;1&#8243; fullwidth=&#8220;on&#8220; _builder_version=&#8220;4.24.2&#8243; _module_preset=&#8220;default&#8220; background_color=&#8220;#012639&#8243; min_height=&#8220;100px&#8220; height=&#8220;100px&#8220; max_height=&#8220;100px&#8220; da_disable_devices=&#8220;off|off|off&#8220; global_colors_info=&#8220;{}&#8220; da_is_popup=&#8220;off&#8220; da_exit_intent=&#8220;off&#8220; da_has_close=&#8220;on&#8220; da_alt_close=&#8220;off&#8220; da_dark_close=&#8220;off&#8220; da_not_modal=&#8220;on&#8220; da_is_singular=&#8220;off&#8220; da_with_loader=&#8220;off&#8220; da_has_shadow=&#8220;on&#8220;][\/et_pb_section]<\/p>\n","protected":false},"excerpt":{"rendered":"<p>Inform\u00e1cia o doru\u010den\u00ed do Vianoc. Pre objedn\u00e1vky prijat\u00e9 a uhraden\u00e9 do 10.12.2025 garantujeme doru\u010denie do Vianoc.\u00a0 Objedn\u00e1vky prijat\u00e9 po tomto term\u00edne budeme tla\u010di\u0165 a expedova\u0165 a\u017e po\u00a0 7.1.2026.Vytvorte si jedine\u010dn\u00e9 fotoknihyVytvorte si jedine\u010dn\u00e9 fotoobrazyVytvorte si jedine\u010dn\u00e9 fotokalend\u00e1re.Fotoknihy v tvrdej v\u00e4zbe&#8220;Vytv\u00e1ranie fotoknihy je jedn\u00fdm z najlep\u0161\u00edch sp\u00f4sobov, ako zachyti\u0165 a zdie\u013ea\u0165 spomienky na nezabudnute\u013en\u00e9 chv\u00edle vo [&hellip;]<\/p>\n","protected":false},"author":1,"featured_media":275,"parent":0,"menu_order":0,"comment_status":"closed","ping_status":"closed","template":"","meta":{"_et_pb_use_builder":"on","_et_pb_old_content":"","_et_gb_content_width":"","footnotes":""},"class_list":["post-2122","page","type-page","status-publish","has-post-thumbnail","hentry"],"yoast_head":"<!-- This site is optimized with the Yoast SEO plugin v27.2 - https:\/\/yoast.com\/product\/yoast-seo-wordpress\/ -->\n<title>Home - Fotino<\/title>\n<meta name=\"robots\" content=\"index, follow, max-snippet:-1, max-image-preview:large, max-video-preview:-1\" \/>\n<link rel=\"canonical\" href=\"https:\/\/fotino.cz\/sk\/\" \/>\n<meta property=\"og:locale\" content=\"sk_SK\" \/>\n<meta property=\"og:type\" content=\"article\" \/>\n<meta property=\"og:title\" content=\"Home - Fotino\" \/>\n<meta property=\"og:description\" content=\"Inform\u00e1cia o doru\u010den\u00ed do Vianoc. Pre objedn\u00e1vky prijat\u00e9 a uhraden\u00e9 do 10.12.2025 garantujeme doru\u010denie do Vianoc.\u00a0 Objedn\u00e1vky prijat\u00e9 po tomto term\u00edne budeme tla\u010di\u0165 a expedova\u0165 a\u017e po\u00a0 7.1.2026.Vytvorte si jedine\u010dn\u00e9 fotoknihyVytvorte si jedine\u010dn\u00e9 fotoobrazyVytvorte si jedine\u010dn\u00e9 fotokalend\u00e1re.Fotoknihy v tvrdej v\u00e4zbe&quot;Vytv\u00e1ranie fotoknihy je jedn\u00fdm z najlep\u0161\u00edch sp\u00f4sobov, ako zachyti\u0165 a zdie\u013ea\u0165 spomienky na nezabudnute\u013en\u00e9 chv\u00edle vo [&hellip;]\" \/>\n<meta property=\"og:url\" content=\"https:\/\/fotino.cz\/sk\/\" \/>\n<meta property=\"og:site_name\" content=\"Fotino\" \/>\n<meta property=\"article:modified_time\" content=\"2026-02-06T17:30:54+00:00\" \/>\n<meta property=\"og:image\" content=\"https:\/\/fotino.cz\/wp-content\/uploads\/2023\/07\/photobook-hardcover-square-wood-bg-400x900-2.webp\" \/>\n\t<meta property=\"og:image:width\" content=\"900\" \/>\n\t<meta property=\"og:image:height\" content=\"400\" \/>\n\t<meta property=\"og:image:type\" content=\"image\/webp\" \/>\n<meta name=\"twitter:card\" content=\"summary_large_image\" \/>\n<meta name=\"twitter:label1\" content=\"Predpokladan\u00fd \u010das \u010d\u00edtania\" \/>\n\t<meta name=\"twitter:data1\" content=\"14 min\u00fat\" \/>\n<script type=\"application\/ld+json\" class=\"yoast-schema-graph\">{\"@context\":\"https:\/\/schema.org\",\"@graph\":[{\"@type\":\"WebPage\",\"@id\":\"https:\/\/fotino.cz\/sk\/\",\"url\":\"https:\/\/fotino.cz\/sk\/\",\"name\":\"Home - Fotino\",\"isPartOf\":{\"@id\":\"https:\/\/fotino.cz\/sk\/#website\"},\"primaryImageOfPage\":{\"@id\":\"https:\/\/fotino.cz\/sk\/#primaryimage\"},\"image\":{\"@id\":\"https:\/\/fotino.cz\/sk\/#primaryimage\"},\"thumbnailUrl\":\"https:\/\/fotino.cz\/wp-content\/uploads\/2023\/07\/photobook-hardcover-square-wood-bg-400x900-2.webp\",\"datePublished\":\"2023-07-11T12:13:02+00:00\",\"dateModified\":\"2026-02-06T17:30:54+00:00\",\"breadcrumb\":{\"@id\":\"https:\/\/fotino.cz\/sk\/#breadcrumb\"},\"inLanguage\":\"sk-SK\",\"potentialAction\":[{\"@type\":\"ReadAction\",\"target\":[\"https:\/\/fotino.cz\/sk\/\"]}]},{\"@type\":\"ImageObject\",\"inLanguage\":\"sk-SK\",\"@id\":\"https:\/\/fotino.cz\/sk\/#primaryimage\",\"url\":\"https:\/\/fotino.cz\/wp-content\/uploads\/2023\/07\/photobook-hardcover-square-wood-bg-400x900-2.webp\",\"contentUrl\":\"https:\/\/fotino.cz\/wp-content\/uploads\/2023\/07\/photobook-hardcover-square-wood-bg-400x900-2.webp\",\"width\":900,\"height\":400},{\"@type\":\"BreadcrumbList\",\"@id\":\"https:\/\/fotino.cz\/sk\/#breadcrumb\",\"itemListElement\":[{\"@type\":\"ListItem\",\"position\":1,\"name\":\"Home\",\"item\":\"https:\/\/fotino.cz\/sk\/\"},{\"@type\":\"ListItem\",\"position\":2,\"name\":\"Home\"}]},{\"@type\":\"WebSite\",\"@id\":\"https:\/\/fotino.cz\/sk\/#website\",\"url\":\"https:\/\/fotino.cz\/sk\/\",\"name\":\"Fotino\",\"description\":\"Fotoknihy - Fotoobrazy - Fotokalend\u00e1\u0159e\",\"publisher\":{\"@id\":\"https:\/\/fotino.cz\/sk\/#organization\"},\"potentialAction\":[{\"@type\":\"SearchAction\",\"target\":{\"@type\":\"EntryPoint\",\"urlTemplate\":\"https:\/\/fotino.cz\/sk\/?s={search_term_string}\"},\"query-input\":{\"@type\":\"PropertyValueSpecification\",\"valueRequired\":true,\"valueName\":\"search_term_string\"}}],\"inLanguage\":\"sk-SK\"},{\"@type\":\"Organization\",\"@id\":\"https:\/\/fotino.cz\/sk\/#organization\",\"name\":\"Fotino\",\"url\":\"https:\/\/fotino.cz\/sk\/\",\"logo\":{\"@type\":\"ImageObject\",\"inLanguage\":\"sk-SK\",\"@id\":\"https:\/\/fotino.cz\/sk\/#\/schema\/logo\/image\/\",\"url\":\"https:\/\/fotino.cz\/wp-content\/uploads\/2023\/09\/Logo-Fotino.webp\",\"contentUrl\":\"https:\/\/fotino.cz\/wp-content\/uploads\/2023\/09\/Logo-Fotino.webp\",\"width\":591,\"height\":236,\"caption\":\"Fotino\"},\"image\":{\"@id\":\"https:\/\/fotino.cz\/sk\/#\/schema\/logo\/image\/\"}}]}<\/script>\n<!-- \/ Yoast SEO plugin. -->","yoast_head_json":{"title":"Home - Fotino","robots":{"index":"index","follow":"follow","max-snippet":"max-snippet:-1","max-image-preview":"max-image-preview:large","max-video-preview":"max-video-preview:-1"},"canonical":"https:\/\/fotino.cz\/sk\/","og_locale":"sk_SK","og_type":"article","og_title":"Home - Fotino","og_description":"Inform\u00e1cia o doru\u010den\u00ed do Vianoc. Pre objedn\u00e1vky prijat\u00e9 a uhraden\u00e9 do 10.12.2025 garantujeme doru\u010denie do Vianoc.\u00a0 Objedn\u00e1vky prijat\u00e9 po tomto term\u00edne budeme tla\u010di\u0165 a expedova\u0165 a\u017e po\u00a0 7.1.2026.Vytvorte si jedine\u010dn\u00e9 fotoknihyVytvorte si jedine\u010dn\u00e9 fotoobrazyVytvorte si jedine\u010dn\u00e9 fotokalend\u00e1re.Fotoknihy v tvrdej v\u00e4zbe\"Vytv\u00e1ranie fotoknihy je jedn\u00fdm z najlep\u0161\u00edch sp\u00f4sobov, ako zachyti\u0165 a zdie\u013ea\u0165 spomienky na nezabudnute\u013en\u00e9 chv\u00edle vo [&hellip;]","og_url":"https:\/\/fotino.cz\/sk\/","og_site_name":"Fotino","article_modified_time":"2026-02-06T17:30:54+00:00","og_image":[{"width":900,"height":400,"url":"https:\/\/fotino.cz\/wp-content\/uploads\/2023\/07\/photobook-hardcover-square-wood-bg-400x900-2.webp","type":"image\/webp"}],"twitter_card":"summary_large_image","twitter_misc":{"Predpokladan\u00fd \u010das \u010d\u00edtania":"14 min\u00fat"},"schema":{"@context":"https:\/\/schema.org","@graph":[{"@type":"WebPage","@id":"https:\/\/fotino.cz\/sk\/","url":"https:\/\/fotino.cz\/sk\/","name":"Home - Fotino","isPartOf":{"@id":"https:\/\/fotino.cz\/sk\/#website"},"primaryImageOfPage":{"@id":"https:\/\/fotino.cz\/sk\/#primaryimage"},"image":{"@id":"https:\/\/fotino.cz\/sk\/#primaryimage"},"thumbnailUrl":"https:\/\/fotino.cz\/wp-content\/uploads\/2023\/07\/photobook-hardcover-square-wood-bg-400x900-2.webp","datePublished":"2023-07-11T12:13:02+00:00","dateModified":"2026-02-06T17:30:54+00:00","breadcrumb":{"@id":"https:\/\/fotino.cz\/sk\/#breadcrumb"},"inLanguage":"sk-SK","potentialAction":[{"@type":"ReadAction","target":["https:\/\/fotino.cz\/sk\/"]}]},{"@type":"ImageObject","inLanguage":"sk-SK","@id":"https:\/\/fotino.cz\/sk\/#primaryimage","url":"https:\/\/fotino.cz\/wp-content\/uploads\/2023\/07\/photobook-hardcover-square-wood-bg-400x900-2.webp","contentUrl":"https:\/\/fotino.cz\/wp-content\/uploads\/2023\/07\/photobook-hardcover-square-wood-bg-400x900-2.webp","width":900,"height":400},{"@type":"BreadcrumbList","@id":"https:\/\/fotino.cz\/sk\/#breadcrumb","itemListElement":[{"@type":"ListItem","position":1,"name":"Home","item":"https:\/\/fotino.cz\/sk\/"},{"@type":"ListItem","position":2,"name":"Home"}]},{"@type":"WebSite","@id":"https:\/\/fotino.cz\/sk\/#website","url":"https:\/\/fotino.cz\/sk\/","name":"Fotino","description":"Fotoknihy - Fotoobrazy - Fotokalend\u00e1\u0159e","publisher":{"@id":"https:\/\/fotino.cz\/sk\/#organization"},"potentialAction":[{"@type":"SearchAction","target":{"@type":"EntryPoint","urlTemplate":"https:\/\/fotino.cz\/sk\/?s={search_term_string}"},"query-input":{"@type":"PropertyValueSpecification","valueRequired":true,"valueName":"search_term_string"}}],"inLanguage":"sk-SK"},{"@type":"Organization","@id":"https:\/\/fotino.cz\/sk\/#organization","name":"Fotino","url":"https:\/\/fotino.cz\/sk\/","logo":{"@type":"ImageObject","inLanguage":"sk-SK","@id":"https:\/\/fotino.cz\/sk\/#\/schema\/logo\/image\/","url":"https:\/\/fotino.cz\/wp-content\/uploads\/2023\/09\/Logo-Fotino.webp","contentUrl":"https:\/\/fotino.cz\/wp-content\/uploads\/2023\/09\/Logo-Fotino.webp","width":591,"height":236,"caption":"Fotino"},"image":{"@id":"https:\/\/fotino.cz\/sk\/#\/schema\/logo\/image\/"}}]}},"_links":{"self":[{"href":"https:\/\/fotino.cz\/sk\/wp-json\/wp\/v2\/pages\/2122","targetHints":{"allow":["GET"]}}],"collection":[{"href":"https:\/\/fotino.cz\/sk\/wp-json\/wp\/v2\/pages"}],"about":[{"href":"https:\/\/fotino.cz\/sk\/wp-json\/wp\/v2\/types\/page"}],"author":[{"embeddable":true,"href":"https:\/\/fotino.cz\/sk\/wp-json\/wp\/v2\/users\/1"}],"replies":[{"embeddable":true,"href":"https:\/\/fotino.cz\/sk\/wp-json\/wp\/v2\/comments?post=2122"}],"version-history":[{"count":39,"href":"https:\/\/fotino.cz\/sk\/wp-json\/wp\/v2\/pages\/2122\/revisions"}],"predecessor-version":[{"id":11834,"href":"https:\/\/fotino.cz\/sk\/wp-json\/wp\/v2\/pages\/2122\/revisions\/11834"}],"wp:featuredmedia":[{"embeddable":true,"href":"https:\/\/fotino.cz\/sk\/wp-json\/wp\/v2\/media\/275"}],"wp:attachment":[{"href":"https:\/\/fotino.cz\/sk\/wp-json\/wp\/v2\/media?parent=2122"}],"curies":[{"name":"wp","href":"https:\/\/api.w.org\/{rel}","templated":true}]}}