{"id":7821,"date":"2023-07-19T12:03:23","date_gmt":"2023-07-19T10:03:23","guid":{"rendered":"https:\/\/wwwww.blumi.photo\/?post_type=product&#038;p=7821"},"modified":"2024-07-05T19:04:55","modified_gmt":"2024-07-05T17:04:55","slug":"stolni-fotokalendare","status":"publish","type":"product","link":"https:\/\/fotino.cz\/cs\/produkt\/stolni-fotokalendare\/","title":{"rendered":"Stoln\u00ed fotokalend\u00e1\u0159e"},"content":{"rendered":"<h3>Stoln\u00ed kalend\u00e1\u0159e<\/h3>\n<p>Vyberte si z mno\u017estv\u00ed p\u0159ipraven\u00fdch design\u016f, kter\u00e9 si m\u016f\u017eete upravit, nebo si vytvo\u0159te vlastn\u00ed design.<br \/>\nKa\u017ed\u00fd design m\u00e1 t\u00e9matick\u00e9 kliparty a pozad\u00ed. Vyberte si ten, kter\u00fd v\u00e1m nejv\u00edce vyhovuje.<\/p>\n<h3>Design kalend\u00e1\u0159e jednodu\u0161e a rychle<\/h3>\n<p>P\u0159izp\u016fsobte si rozlo\u017een\u00ed fotografi\u00ed v kalend\u00e1\u0159i jedin\u00fdm kliknut\u00edm.<br \/>\nP\u0159idejte si neomezen\u00e9 mno\u017estv\u00ed fotek do sv\u00e9ho kalend\u00e1\u0159e.<br \/>\nPou\u017eijte funkci rozlo\u017een\u00ed a vyberte si z mnoha designov\u00fdch variac\u00ed po\u010dtu fotografi\u00ed, kter\u00e9 se maj\u00ed um\u00edstit na str\u00e1nku kalend\u00e1\u0159e.<\/p>\n<h3>Ozna\u010dte si d\u016fle\u017eit\u00e1 data<\/h3>\n<p>Ozna\u010dte si v kalend\u00e1\u0159i narozeniny, sv\u00e1tek, v\u00fdro\u010d\u00ed v rodin\u011b, v\u00fdro\u010d\u00ed svatby a jin\u00e1 d\u016fle\u017eit\u00e1 data, kter\u00e9 si m\u016f\u017eete ulo\u017eit a pou\u017e\u00edt je ve va\u0161em kalend\u00e1\u0159i ka\u017ed\u00fd rok.<\/p>\n<h3>Za\u010d\u00e1tek kalend\u00e1\u0159e podle V\u00e1s<\/h3>\n<p>V\u00e1\u0161 kalend\u00e1\u0159 nemus\u00ed za\u010d\u00ednat 1. ledna.<br \/>\nM\u016f\u017eete si vytvo\u0159it kalend\u00e1\u0159 pro \u0161koln\u00ed rok nebo nap\u0159. podle ryb\u00e1\u0159sk\u00e9 sez\u00f3ny. Je to na v\u00e1s, kter\u00fdm m\u011bs\u00edcem v\u00e1\u0161 kalend\u00e1\u0159 za\u010dne.<\/p>\n","protected":false},"excerpt":{"rendered":"<p><img decoding=\"async\" src=\"https:\/\/blumi.photo\/img\/cms\/landingpage\/ICO\/book.png\" alt=\"\" \/>\u00a0<strong>Druh vazby<\/strong>: b\u00edl\u00e1 h\u0159ebenov\u00e1 vazba<br \/>\n<img decoding=\"async\" src=\"https:\/\/blumi.photo\/img\/cms\/landingpage\/ICO\/images.png\" alt=\"\" \/>\u00a0<strong>Po\u010det fotek<\/strong>: min. 13 a\u017e neomezen\u011b<br \/>\n<img decoding=\"async\" src=\"https:\/\/blumi.photo\/img\/cms\/landingpage\/ICO\/clock.png\" alt=\"\" \/>\u00a0<strong>\u010cas vytvo\u0159en\u00ed<\/strong>: cca 15 minut<br \/>\n<img decoding=\"async\" src=\"https:\/\/blumi.photo\/img\/cms\/landingpage\/ICO\/calendar.png\" alt=\"\" \/>\u00a0<strong>Za\u010d\u00e1tek<\/strong> kalend\u00e1\u0159e\u00a0v kter\u00e9mkoliv m\u011bs\u00edci<br \/>\n<img decoding=\"async\" src=\"https:\/\/blumi.photo\/img\/cms\/landingpage\/ICO\/ruler.png\" alt=\"\" \/> <strong>Rozm\u011bry<\/strong>: stoln\u00ed\u00a0 t\u00fddenn\u00ed 14x32cm, \u00a0stoln\u00ed dvout\u00fddenn\u00ed 14x32cm, stoln\u00ed m\u011bs\u00ed\u010dn\u00ed A5 na \u0161\u00ed\u0159ku 15x21cm<br \/>\n<img decoding=\"async\" src=\"https:\/\/blumi.photo\/img\/cms\/landingpage\/ICO\/printer-alt.png\" alt=\"\" \/>\u00a0<strong>Tisk<\/strong> na kvalitn\u00ed leskl\u00fd 170g pap\u00edr<br \/>\n<img decoding=\"async\" src=\"https:\/\/blumi.photo\/img\/cms\/landingpage\/ICO\/blumi-truck.png\" alt=\"\" \/>\u00a0<strong>Dodac\u00ed doba<\/strong>: v\u00fdroba 7 prac. dn\u00ed + 1-2 dny doprava<\/p>\n","protected":false},"featured_media":7825,"comment_status":"open","ping_status":"closed","template":"","meta":{"_et_pb_use_builder":"","_et_pb_old_content":"","_et_gb_content_width":""},"product_brand":[],"product_cat":[168],"product_tag":[],"class_list":{"0":"post-7821","1":"product","2":"type-product","3":"status-publish","4":"has-post-thumbnail","6":"product_cat-fotokalendare-cs","8":"first","9":"outofstock","10":"sale","11":"shipping-taxable","12":"purchasable","13":"product-type-variable"},"yoast_head":"<!-- This site is optimized with the Yoast SEO plugin v27.2 - https:\/\/yoast.com\/product\/yoast-seo-wordpress\/ -->\n<title>Stoln\u00ed fotokalend\u00e1\u0159e - Fotino<\/title>\n<meta name=\"robots\" content=\"index, follow, max-snippet:-1, max-image-preview:large, max-video-preview:-1\" \/>\n<link rel=\"canonical\" href=\"https:\/\/fotino.cz\/cs\/produkt\/stolni-fotokalendare\/\" \/>\n<meta property=\"og:locale\" content=\"cs_CZ\" \/>\n<meta property=\"og:type\" content=\"article\" \/>\n<meta property=\"og:title\" content=\"Stoln\u00ed fotokalend\u00e1\u0159e - Fotino\" \/>\n<meta property=\"og:description\" content=\"\u00a0Druh vazby: b\u00edl\u00e1 h\u0159ebenov\u00e1 vazba \u00a0Po\u010det fotek: min. 13 a\u017e neomezen\u011b \u00a0\u010cas vytvo\u0159en\u00ed: cca 15 minut \u00a0Za\u010d\u00e1tek kalend\u00e1\u0159e\u00a0v kter\u00e9mkoliv m\u011bs\u00edci  Rozm\u011bry: stoln\u00ed\u00a0 t\u00fddenn\u00ed 14x32cm, \u00a0stoln\u00ed dvout\u00fddenn\u00ed 14x32cm, stoln\u00ed m\u011bs\u00ed\u010dn\u00ed A5 na \u0161\u00ed\u0159ku 15x21cm \u00a0Tisk na kvalitn\u00ed leskl\u00fd 170g pap\u00edr \u00a0Dodac\u00ed doba: v\u00fdroba 7 prac. dn\u00ed + 1-2 dny doprava\" \/>\n<meta property=\"og:url\" content=\"https:\/\/fotino.cz\/cs\/produkt\/stolni-fotokalendare\/\" \/>\n<meta property=\"og:site_name\" content=\"Fotino\" \/>\n<meta property=\"article:modified_time\" content=\"2024-07-05T17:04:55+00:00\" \/>\n<meta property=\"og:image\" content=\"https:\/\/fotino.cz\/wp-content\/uploads\/2023\/07\/Fotokaledndar-A5-desk-month.jpg\" \/>\n\t<meta property=\"og:image:width\" content=\"900\" \/>\n\t<meta property=\"og:image:height\" content=\"900\" \/>\n\t<meta property=\"og:image:type\" content=\"image\/jpeg\" \/>\n<meta name=\"twitter:card\" content=\"summary_large_image\" \/>\n<meta name=\"twitter:label1\" content=\"Dostupnost\" \/>\n\t<meta name=\"twitter:data1\" content=\"Vyprod\u00e1no\" \/>\n<script type=\"application\/ld+json\" class=\"yoast-schema-graph\">{\"@context\":\"https:\/\/schema.org\",\"@graph\":[{\"@type\":\"WebPage\",\"@id\":\"https:\/\/fotino.cz\/cs\/produkt\/stolni-fotokalendare\/\",\"url\":\"https:\/\/fotino.cz\/cs\/produkt\/stolni-fotokalendare\/\",\"name\":\"Stoln\u00ed fotokalend\u00e1\u0159e - Fotino\",\"isPartOf\":{\"@id\":\"https:\/\/fotino.cz\/cs\/#website\"},\"primaryImageOfPage\":{\"@id\":\"https:\/\/fotino.cz\/cs\/produkt\/stolni-fotokalendare\/#primaryimage\"},\"image\":{\"@id\":\"https:\/\/fotino.cz\/cs\/produkt\/stolni-fotokalendare\/#primaryimage\"},\"thumbnailUrl\":\"https:\/\/fotino.cz\/wp-content\/uploads\/2023\/07\/Fotokaledndar-A5-desk-month.jpg\",\"datePublished\":\"2023-07-19T10:03:23+00:00\",\"dateModified\":\"2024-07-05T17:04:55+00:00\",\"breadcrumb\":{\"@id\":\"https:\/\/fotino.cz\/cs\/produkt\/stolni-fotokalendare\/#breadcrumb\"},\"inLanguage\":\"cs\",\"potentialAction\":[{\"@type\":\"ReadAction\",\"target\":[\"https:\/\/fotino.cz\/cs\/produkt\/stolni-fotokalendare\/\"]}]},{\"@type\":\"ImageObject\",\"inLanguage\":\"cs\",\"@id\":\"https:\/\/fotino.cz\/cs\/produkt\/stolni-fotokalendare\/#primaryimage\",\"url\":\"https:\/\/fotino.cz\/wp-content\/uploads\/2023\/07\/Fotokaledndar-A5-desk-month.jpg\",\"contentUrl\":\"https:\/\/fotino.cz\/wp-content\/uploads\/2023\/07\/Fotokaledndar-A5-desk-month.jpg\",\"width\":900,\"height\":900},{\"@type\":\"BreadcrumbList\",\"@id\":\"https:\/\/fotino.cz\/cs\/produkt\/stolni-fotokalendare\/#breadcrumb\",\"itemListElement\":[{\"@type\":\"ListItem\",\"position\":1,\"name\":\"Home\",\"item\":\"https:\/\/fotino.cz\/cs\/\"},{\"@type\":\"ListItem\",\"position\":2,\"name\":\"Shop\",\"item\":\"https:\/\/fotino.cz\/cs\/obchod\/\"},{\"@type\":\"ListItem\",\"position\":3,\"name\":\"Stoln\u00ed fotokalend\u00e1\u0159e\"}]},{\"@type\":\"WebSite\",\"@id\":\"https:\/\/fotino.cz\/cs\/#website\",\"url\":\"https:\/\/fotino.cz\/cs\/\",\"name\":\"Fotino\",\"description\":\"Photobook | Canvas | Photocalendar\",\"publisher\":{\"@id\":\"https:\/\/fotino.cz\/cs\/#organization\"},\"potentialAction\":[{\"@type\":\"SearchAction\",\"target\":{\"@type\":\"EntryPoint\",\"urlTemplate\":\"https:\/\/fotino.cz\/cs\/?s={search_term_string}\"},\"query-input\":{\"@type\":\"PropertyValueSpecification\",\"valueRequired\":true,\"valueName\":\"search_term_string\"}}],\"inLanguage\":\"cs\"},{\"@type\":\"Organization\",\"@id\":\"https:\/\/fotino.cz\/cs\/#organization\",\"name\":\"Fotino\",\"url\":\"https:\/\/fotino.cz\/cs\/\",\"logo\":{\"@type\":\"ImageObject\",\"inLanguage\":\"cs\",\"@id\":\"https:\/\/fotino.cz\/cs\/#\/schema\/logo\/image\/\",\"url\":\"https:\/\/fotino.cz\/wp-content\/uploads\/2023\/09\/Logo-Fotino.webp\",\"contentUrl\":\"https:\/\/fotino.cz\/wp-content\/uploads\/2023\/09\/Logo-Fotino.webp\",\"width\":591,\"height\":236,\"caption\":\"Fotino\"},\"image\":{\"@id\":\"https:\/\/fotino.cz\/cs\/#\/schema\/logo\/image\/\"}}]}<\/script>\n<meta property=\"og:availability\" content=\"out of stock\" \/>\n<meta property=\"product:availability\" content=\"out of stock\" \/>\n<meta property=\"product:condition\" content=\"new\" \/>\n<!-- \/ Yoast SEO plugin. -->","yoast_head_json":{"title":"Stoln\u00ed fotokalend\u00e1\u0159e - Fotino","robots":{"index":"index","follow":"follow","max-snippet":"max-snippet:-1","max-image-preview":"max-image-preview:large","max-video-preview":"max-video-preview:-1"},"canonical":"https:\/\/fotino.cz\/cs\/produkt\/stolni-fotokalendare\/","og_locale":"cs_CZ","og_type":"article","og_title":"Stoln\u00ed fotokalend\u00e1\u0159e - Fotino","og_description":"\u00a0Druh vazby: b\u00edl\u00e1 h\u0159ebenov\u00e1 vazba \u00a0Po\u010det fotek: min. 13 a\u017e neomezen\u011b \u00a0\u010cas vytvo\u0159en\u00ed: cca 15 minut \u00a0Za\u010d\u00e1tek kalend\u00e1\u0159e\u00a0v kter\u00e9mkoliv m\u011bs\u00edci  Rozm\u011bry: stoln\u00ed\u00a0 t\u00fddenn\u00ed 14x32cm, \u00a0stoln\u00ed dvout\u00fddenn\u00ed 14x32cm, stoln\u00ed m\u011bs\u00ed\u010dn\u00ed A5 na \u0161\u00ed\u0159ku 15x21cm \u00a0Tisk na kvalitn\u00ed leskl\u00fd 170g pap\u00edr \u00a0Dodac\u00ed doba: v\u00fdroba 7 prac. dn\u00ed + 1-2 dny doprava","og_url":"https:\/\/fotino.cz\/cs\/produkt\/stolni-fotokalendare\/","og_site_name":"Fotino","article_modified_time":"2024-07-05T17:04:55+00:00","og_image":[{"width":900,"height":900,"url":"https:\/\/fotino.cz\/wp-content\/uploads\/2023\/07\/Fotokaledndar-A5-desk-month.jpg","type":"image\/jpeg"}],"twitter_card":"summary_large_image","twitter_misc":{"Dostupnost":"Vyprod\u00e1no"},"schema":{"@context":"https:\/\/schema.org","@graph":[{"@type":"WebPage","@id":"https:\/\/fotino.cz\/cs\/produkt\/stolni-fotokalendare\/","url":"https:\/\/fotino.cz\/cs\/produkt\/stolni-fotokalendare\/","name":"Stoln\u00ed fotokalend\u00e1\u0159e - Fotino","isPartOf":{"@id":"https:\/\/fotino.cz\/cs\/#website"},"primaryImageOfPage":{"@id":"https:\/\/fotino.cz\/cs\/produkt\/stolni-fotokalendare\/#primaryimage"},"image":{"@id":"https:\/\/fotino.cz\/cs\/produkt\/stolni-fotokalendare\/#primaryimage"},"thumbnailUrl":"https:\/\/fotino.cz\/wp-content\/uploads\/2023\/07\/Fotokaledndar-A5-desk-month.jpg","datePublished":"2023-07-19T10:03:23+00:00","dateModified":"2024-07-05T17:04:55+00:00","breadcrumb":{"@id":"https:\/\/fotino.cz\/cs\/produkt\/stolni-fotokalendare\/#breadcrumb"},"inLanguage":"cs","potentialAction":[{"@type":"ReadAction","target":["https:\/\/fotino.cz\/cs\/produkt\/stolni-fotokalendare\/"]}]},{"@type":"ImageObject","inLanguage":"cs","@id":"https:\/\/fotino.cz\/cs\/produkt\/stolni-fotokalendare\/#primaryimage","url":"https:\/\/fotino.cz\/wp-content\/uploads\/2023\/07\/Fotokaledndar-A5-desk-month.jpg","contentUrl":"https:\/\/fotino.cz\/wp-content\/uploads\/2023\/07\/Fotokaledndar-A5-desk-month.jpg","width":900,"height":900},{"@type":"BreadcrumbList","@id":"https:\/\/fotino.cz\/cs\/produkt\/stolni-fotokalendare\/#breadcrumb","itemListElement":[{"@type":"ListItem","position":1,"name":"Home","item":"https:\/\/fotino.cz\/cs\/"},{"@type":"ListItem","position":2,"name":"Shop","item":"https:\/\/fotino.cz\/cs\/obchod\/"},{"@type":"ListItem","position":3,"name":"Stoln\u00ed fotokalend\u00e1\u0159e"}]},{"@type":"WebSite","@id":"https:\/\/fotino.cz\/cs\/#website","url":"https:\/\/fotino.cz\/cs\/","name":"Fotino","description":"Photobook | Canvas | Photocalendar","publisher":{"@id":"https:\/\/fotino.cz\/cs\/#organization"},"potentialAction":[{"@type":"SearchAction","target":{"@type":"EntryPoint","urlTemplate":"https:\/\/fotino.cz\/cs\/?s={search_term_string}"},"query-input":{"@type":"PropertyValueSpecification","valueRequired":true,"valueName":"search_term_string"}}],"inLanguage":"cs"},{"@type":"Organization","@id":"https:\/\/fotino.cz\/cs\/#organization","name":"Fotino","url":"https:\/\/fotino.cz\/cs\/","logo":{"@type":"ImageObject","inLanguage":"cs","@id":"https:\/\/fotino.cz\/cs\/#\/schema\/logo\/image\/","url":"https:\/\/fotino.cz\/wp-content\/uploads\/2023\/09\/Logo-Fotino.webp","contentUrl":"https:\/\/fotino.cz\/wp-content\/uploads\/2023\/09\/Logo-Fotino.webp","width":591,"height":236,"caption":"Fotino"},"image":{"@id":"https:\/\/fotino.cz\/cs\/#\/schema\/logo\/image\/"}}]},"og_availability":"out of stock","product_availability":"out of stock","product_condition":"new"},"_links":{"self":[{"href":"https:\/\/fotino.cz\/cs\/wp-json\/wp\/v2\/product\/7821","targetHints":{"allow":["GET"]}}],"collection":[{"href":"https:\/\/fotino.cz\/cs\/wp-json\/wp\/v2\/product"}],"about":[{"href":"https:\/\/fotino.cz\/cs\/wp-json\/wp\/v2\/types\/product"}],"replies":[{"embeddable":true,"href":"https:\/\/fotino.cz\/cs\/wp-json\/wp\/v2\/comments?post=7821"}],"wp:featuredmedia":[{"embeddable":true,"href":"https:\/\/fotino.cz\/cs\/wp-json\/wp\/v2\/media\/7825"}],"wp:attachment":[{"href":"https:\/\/fotino.cz\/cs\/wp-json\/wp\/v2\/media?parent=7821"}],"wp:term":[{"taxonomy":"product_brand","embeddable":true,"href":"https:\/\/fotino.cz\/cs\/wp-json\/wp\/v2\/product_brand?post=7821"},{"taxonomy":"product_cat","embeddable":true,"href":"https:\/\/fotino.cz\/cs\/wp-json\/wp\/v2\/product_cat?post=7821"},{"taxonomy":"product_tag","embeddable":true,"href":"https:\/\/fotino.cz\/cs\/wp-json\/wp\/v2\/product_tag?post=7821"}],"curies":[{"name":"wp","href":"https:\/\/api.w.org\/{rel}","templated":true}]}}