{"id":3182,"date":"2023-07-13T12:26:14","date_gmt":"2023-07-13T10:26:14","guid":{"rendered":"https:\/\/wwwww.blumi.photo\/?post_type=product&#038;p=3182"},"modified":"2024-09-16T12:29:52","modified_gmt":"2024-09-16T10:29:52","slug":"fotokniha-a4-na-vysku","status":"publish","type":"product","link":"https:\/\/fotino.cz\/cs\/produkt\/fotokniha-a4-na-vysku\/","title":{"rendered":"Fotokniha A4 na v\u00fd\u0161ku"},"content":{"rendered":"<h3>Na jeden klik<\/h3>\n<p>P\u0159izp\u016fsobte si rozlo\u017een\u00ed fotografi\u00ed ve va\u0161\u00ed fotoknize jedin\u00fdm kliknut\u00edm. P\u0159idejte si neomezen\u00e9 mno\u017estv\u00ed fotek. Pou\u017eitje funkci rozlo\u017een\u00ed a vyberte si z mnoh\u00fdch \u0161ablon\u00a0rozlo\u017een\u00ed fotek.<\/p>\n<h3>Rychle a jednodu\u0161e<\/h3>\n<p>Zm\u011bna designu\u00a0je velmi jednoduch\u00e1. P\u0159idejte si obr\u00e1zky, zm\u011b\u0148te pozad\u00ed\u00a0nebo p\u0159idejte dal\u0161\u00ed textov\u00e1 pole. Vyberte si z p\u0159ipraven\u00fdch design\u016f nebo si vytvo\u0159te vlastn\u00ed. <strong>Charakteristika fotoknihy: <\/strong>Fotoknihy jsou ti\u0161t\u011bny na pr\u00e9miov\u00fd nat\u00edran\u00fd polomatn\u00fd 170g pap\u00edr. Podkladov\u00fd kart\u00f3n 2,5mm.<\/p>\n","protected":false},"excerpt":{"rendered":"<p><img decoding=\"async\" src=\"https:\/\/blumi.photo\/img\/cms\/landingpage\/ICO\/book.png\" alt=\"\" \/>\u00a0<strong>Druh kni\u017en\u00ed vazby<\/strong>: Tvrd\u00e1\u00a0 vazba<br \/>\n<img decoding=\"async\" src=\"https:\/\/blumi.photo\/img\/cms\/landingpage\/ICO\/ruler.png\" alt=\"\" \/>\u00a0<strong>Rozm\u011bry<\/strong>: A4 29x21cm na v\u00fd\u0161ku<br \/>\n<img decoding=\"async\" src=\"https:\/\/blumi.photo\/img\/cms\/landingpage\/ICO\/book-open.png\" alt=\"\" \/>\u00a0<strong>Po\u010det stran<\/strong>: min. 24 a\u017e 160<br \/>\n<img decoding=\"async\" src=\"https:\/\/blumi.photo\/img\/cms\/landingpage\/ICO\/images.png\" alt=\"\" \/>\u00a0<strong>Po\u010det fotek<\/strong>: min. 24 a\u017e\u00a0neomezen\u011b<br \/>\n<img decoding=\"async\" src=\"https:\/\/blumi.photo\/img\/cms\/landingpage\/ICO\/clock.png\" alt=\"\" \/>\u00a0<strong>\u010cas tvo\u0159en\u00ed<\/strong>: cca 20-40 minut<br \/>\n<img decoding=\"async\" src=\"https:\/\/blumi.photo\/img\/cms\/landingpage\/ICO\/printer-alt.png\" alt=\"\" \/>\u00a0<strong>Tisk<\/strong> na kvalitn\u00ed leskl\u00fd 170g pap\u00edr<br \/>\n<img decoding=\"async\" src=\"https:\/\/blumi.photo\/img\/cms\/landingpage\/ICO\/blumi-truck.png\" alt=\"\" \/>\u00a0<strong>Dodac\u00ed doba<\/strong>: v\u00fdroba 7 prac. dn\u00ed + 1-2 dny doprava<\/p>\n","protected":false},"featured_media":7289,"comment_status":"open","ping_status":"closed","template":"","meta":{"_et_pb_use_builder":"off","_et_pb_old_content":"<h3>Na jeden klik<\/h3>\r\nP\u0159izp\u016fsobte si rozlo\u017een\u00ed fotografi\u00ed ve va\u0161\u00ed fotoknize jedin\u00fdm kliknut\u00edm. P\u0159idejte si neomezen\u00e9 mno\u017estv\u00ed fotek. Pou\u017eitje funkci rozlo\u017een\u00ed a vyberte si z mnoh\u00fdch \u0161ablon\u00a0rozlo\u017een\u00ed fotek.\r\n<h3>Rychle a jednodu\u0161e<\/h3>\r\nZm\u011bna designu\u00a0je velmi jednoduch\u00e1. P\u0159idejte si obr\u00e1zky, zm\u011b\u0148te pozad\u00ed\u00a0nebo p\u0159idejte dal\u0161\u00ed textov\u00e1 pole. Vyberte si z p\u0159ipraven\u00fdch design\u016f nebo si vytvo\u0159te vlastn\u00ed. <strong>Charakteristika fotoknihy: <\/strong>Fotoknihy jsou ti\u0161t\u011bny na pr\u00e9miov\u00fd nat\u00edran\u00fd polomatn\u00fd 170g pap\u00edr. Podkladov\u00fd kart\u00f3n 2,5mm.","_et_gb_content_width":""},"product_brand":[],"product_cat":[161],"product_tag":[],"class_list":{"0":"post-3182","1":"product","2":"type-product","3":"status-publish","4":"has-post-thumbnail","6":"product_cat-fotoknihy-cs","8":"first","9":"outofstock","10":"sale","11":"shipping-taxable","12":"purchasable","13":"product-type-variable","14":"has-default-attributes"},"yoast_head":"<!-- This site is optimized with the Yoast SEO plugin v27.2 - https:\/\/yoast.com\/product\/yoast-seo-wordpress\/ -->\n<title>Fotokniha A4 na v\u00fd\u0161ku - Fotino<\/title>\n<meta name=\"robots\" content=\"index, follow, max-snippet:-1, max-image-preview:large, max-video-preview:-1\" \/>\n<link rel=\"canonical\" href=\"https:\/\/fotino.cz\/cs\/produkt\/fotokniha-a4-na-vysku\/\" \/>\n<meta property=\"og:locale\" content=\"cs_CZ\" \/>\n<meta property=\"og:type\" content=\"article\" \/>\n<meta property=\"og:title\" content=\"Fotokniha A4 na v\u00fd\u0161ku - Fotino\" \/>\n<meta property=\"og:description\" content=\"\u00a0Druh kni\u017en\u00ed vazby: Tvrd\u00e1\u00a0 vazba \u00a0Rozm\u011bry: A4 29x21cm na v\u00fd\u0161ku \u00a0Po\u010det stran: min. 24 a\u017e 160 \u00a0Po\u010det fotek: min. 24 a\u017e\u00a0neomezen\u011b \u00a0\u010cas tvo\u0159en\u00ed: cca 20-40 minut \u00a0Tisk na kvalitn\u00ed leskl\u00fd 170g pap\u00edr \u00a0Dodac\u00ed doba: v\u00fdroba 7 prac. dn\u00ed + 1-2 dny doprava\" \/>\n<meta property=\"og:url\" content=\"https:\/\/fotino.cz\/cs\/produkt\/fotokniha-a4-na-vysku\/\" \/>\n<meta property=\"og:site_name\" content=\"Fotino\" \/>\n<meta property=\"article:modified_time\" content=\"2024-09-16T10:29:52+00:00\" \/>\n<meta property=\"og:image\" content=\"https:\/\/fotino.cz\/wp-content\/uploads\/2023\/07\/photobook-A4V-scaled.webp\" \/>\n\t<meta property=\"og:image:width\" content=\"2560\" \/>\n\t<meta property=\"og:image:height\" content=\"2134\" \/>\n\t<meta property=\"og:image:type\" content=\"image\/webp\" \/>\n<meta name=\"twitter:card\" content=\"summary_large_image\" \/>\n<meta name=\"twitter:label1\" content=\"Dostupnost\" \/>\n\t<meta name=\"twitter:data1\" content=\"Vyprod\u00e1no\" \/>\n<script type=\"application\/ld+json\" class=\"yoast-schema-graph\">{\"@context\":\"https:\/\/schema.org\",\"@graph\":[{\"@type\":\"WebPage\",\"@id\":\"https:\/\/fotino.cz\/cs\/produkt\/fotokniha-a4-na-vysku\/\",\"url\":\"https:\/\/fotino.cz\/cs\/produkt\/fotokniha-a4-na-vysku\/\",\"name\":\"Fotokniha A4 na v\u00fd\u0161ku - Fotino\",\"isPartOf\":{\"@id\":\"https:\/\/fotino.cz\/cs\/#website\"},\"primaryImageOfPage\":{\"@id\":\"https:\/\/fotino.cz\/cs\/produkt\/fotokniha-a4-na-vysku\/#primaryimage\"},\"image\":{\"@id\":\"https:\/\/fotino.cz\/cs\/produkt\/fotokniha-a4-na-vysku\/#primaryimage\"},\"thumbnailUrl\":\"https:\/\/fotino.cz\/wp-content\/uploads\/2023\/07\/photobook-A4V-scaled.webp\",\"datePublished\":\"2023-07-13T10:26:14+00:00\",\"dateModified\":\"2024-09-16T10:29:52+00:00\",\"breadcrumb\":{\"@id\":\"https:\/\/fotino.cz\/cs\/produkt\/fotokniha-a4-na-vysku\/#breadcrumb\"},\"inLanguage\":\"cs\",\"potentialAction\":[{\"@type\":\"ReadAction\",\"target\":[\"https:\/\/fotino.cz\/cs\/produkt\/fotokniha-a4-na-vysku\/\"]}]},{\"@type\":\"ImageObject\",\"inLanguage\":\"cs\",\"@id\":\"https:\/\/fotino.cz\/cs\/produkt\/fotokniha-a4-na-vysku\/#primaryimage\",\"url\":\"https:\/\/fotino.cz\/wp-content\/uploads\/2023\/07\/photobook-A4V-scaled.webp\",\"contentUrl\":\"https:\/\/fotino.cz\/wp-content\/uploads\/2023\/07\/photobook-A4V-scaled.webp\",\"width\":2560,\"height\":2134},{\"@type\":\"BreadcrumbList\",\"@id\":\"https:\/\/fotino.cz\/cs\/produkt\/fotokniha-a4-na-vysku\/#breadcrumb\",\"itemListElement\":[{\"@type\":\"ListItem\",\"position\":1,\"name\":\"Home\",\"item\":\"https:\/\/fotino.cz\/cs\/\"},{\"@type\":\"ListItem\",\"position\":2,\"name\":\"Shop\",\"item\":\"https:\/\/fotino.cz\/cs\/obchod\/\"},{\"@type\":\"ListItem\",\"position\":3,\"name\":\"Fotokniha A4 na v\u00fd\u0161ku\"}]},{\"@type\":\"WebSite\",\"@id\":\"https:\/\/fotino.cz\/cs\/#website\",\"url\":\"https:\/\/fotino.cz\/cs\/\",\"name\":\"Fotino\",\"description\":\"Photobook | Canvas | Photocalendar\",\"publisher\":{\"@id\":\"https:\/\/fotino.cz\/cs\/#organization\"},\"potentialAction\":[{\"@type\":\"SearchAction\",\"target\":{\"@type\":\"EntryPoint\",\"urlTemplate\":\"https:\/\/fotino.cz\/cs\/?s={search_term_string}\"},\"query-input\":{\"@type\":\"PropertyValueSpecification\",\"valueRequired\":true,\"valueName\":\"search_term_string\"}}],\"inLanguage\":\"cs\"},{\"@type\":\"Organization\",\"@id\":\"https:\/\/fotino.cz\/cs\/#organization\",\"name\":\"Fotino\",\"url\":\"https:\/\/fotino.cz\/cs\/\",\"logo\":{\"@type\":\"ImageObject\",\"inLanguage\":\"cs\",\"@id\":\"https:\/\/fotino.cz\/cs\/#\/schema\/logo\/image\/\",\"url\":\"https:\/\/fotino.cz\/wp-content\/uploads\/2023\/09\/Logo-Fotino.webp\",\"contentUrl\":\"https:\/\/fotino.cz\/wp-content\/uploads\/2023\/09\/Logo-Fotino.webp\",\"width\":591,\"height\":236,\"caption\":\"Fotino\"},\"image\":{\"@id\":\"https:\/\/fotino.cz\/cs\/#\/schema\/logo\/image\/\"}}]}<\/script>\n<meta property=\"og:availability\" content=\"out of stock\" \/>\n<meta property=\"product:availability\" content=\"out of stock\" \/>\n<meta property=\"product:condition\" content=\"new\" \/>\n<!-- \/ Yoast SEO plugin. -->","yoast_head_json":{"title":"Fotokniha A4 na v\u00fd\u0161ku - Fotino","robots":{"index":"index","follow":"follow","max-snippet":"max-snippet:-1","max-image-preview":"max-image-preview:large","max-video-preview":"max-video-preview:-1"},"canonical":"https:\/\/fotino.cz\/cs\/produkt\/fotokniha-a4-na-vysku\/","og_locale":"cs_CZ","og_type":"article","og_title":"Fotokniha A4 na v\u00fd\u0161ku - Fotino","og_description":"\u00a0Druh kni\u017en\u00ed vazby: Tvrd\u00e1\u00a0 vazba \u00a0Rozm\u011bry: A4 29x21cm na v\u00fd\u0161ku \u00a0Po\u010det stran: min. 24 a\u017e 160 \u00a0Po\u010det fotek: min. 24 a\u017e\u00a0neomezen\u011b \u00a0\u010cas tvo\u0159en\u00ed: cca 20-40 minut \u00a0Tisk na kvalitn\u00ed leskl\u00fd 170g pap\u00edr \u00a0Dodac\u00ed doba: v\u00fdroba 7 prac. dn\u00ed + 1-2 dny doprava","og_url":"https:\/\/fotino.cz\/cs\/produkt\/fotokniha-a4-na-vysku\/","og_site_name":"Fotino","article_modified_time":"2024-09-16T10:29:52+00:00","og_image":[{"width":2560,"height":2134,"url":"https:\/\/fotino.cz\/wp-content\/uploads\/2023\/07\/photobook-A4V-scaled.webp","type":"image\/webp"}],"twitter_card":"summary_large_image","twitter_misc":{"Dostupnost":"Vyprod\u00e1no"},"schema":{"@context":"https:\/\/schema.org","@graph":[{"@type":"WebPage","@id":"https:\/\/fotino.cz\/cs\/produkt\/fotokniha-a4-na-vysku\/","url":"https:\/\/fotino.cz\/cs\/produkt\/fotokniha-a4-na-vysku\/","name":"Fotokniha A4 na v\u00fd\u0161ku - Fotino","isPartOf":{"@id":"https:\/\/fotino.cz\/cs\/#website"},"primaryImageOfPage":{"@id":"https:\/\/fotino.cz\/cs\/produkt\/fotokniha-a4-na-vysku\/#primaryimage"},"image":{"@id":"https:\/\/fotino.cz\/cs\/produkt\/fotokniha-a4-na-vysku\/#primaryimage"},"thumbnailUrl":"https:\/\/fotino.cz\/wp-content\/uploads\/2023\/07\/photobook-A4V-scaled.webp","datePublished":"2023-07-13T10:26:14+00:00","dateModified":"2024-09-16T10:29:52+00:00","breadcrumb":{"@id":"https:\/\/fotino.cz\/cs\/produkt\/fotokniha-a4-na-vysku\/#breadcrumb"},"inLanguage":"cs","potentialAction":[{"@type":"ReadAction","target":["https:\/\/fotino.cz\/cs\/produkt\/fotokniha-a4-na-vysku\/"]}]},{"@type":"ImageObject","inLanguage":"cs","@id":"https:\/\/fotino.cz\/cs\/produkt\/fotokniha-a4-na-vysku\/#primaryimage","url":"https:\/\/fotino.cz\/wp-content\/uploads\/2023\/07\/photobook-A4V-scaled.webp","contentUrl":"https:\/\/fotino.cz\/wp-content\/uploads\/2023\/07\/photobook-A4V-scaled.webp","width":2560,"height":2134},{"@type":"BreadcrumbList","@id":"https:\/\/fotino.cz\/cs\/produkt\/fotokniha-a4-na-vysku\/#breadcrumb","itemListElement":[{"@type":"ListItem","position":1,"name":"Home","item":"https:\/\/fotino.cz\/cs\/"},{"@type":"ListItem","position":2,"name":"Shop","item":"https:\/\/fotino.cz\/cs\/obchod\/"},{"@type":"ListItem","position":3,"name":"Fotokniha A4 na v\u00fd\u0161ku"}]},{"@type":"WebSite","@id":"https:\/\/fotino.cz\/cs\/#website","url":"https:\/\/fotino.cz\/cs\/","name":"Fotino","description":"Photobook | Canvas | Photocalendar","publisher":{"@id":"https:\/\/fotino.cz\/cs\/#organization"},"potentialAction":[{"@type":"SearchAction","target":{"@type":"EntryPoint","urlTemplate":"https:\/\/fotino.cz\/cs\/?s={search_term_string}"},"query-input":{"@type":"PropertyValueSpecification","valueRequired":true,"valueName":"search_term_string"}}],"inLanguage":"cs"},{"@type":"Organization","@id":"https:\/\/fotino.cz\/cs\/#organization","name":"Fotino","url":"https:\/\/fotino.cz\/cs\/","logo":{"@type":"ImageObject","inLanguage":"cs","@id":"https:\/\/fotino.cz\/cs\/#\/schema\/logo\/image\/","url":"https:\/\/fotino.cz\/wp-content\/uploads\/2023\/09\/Logo-Fotino.webp","contentUrl":"https:\/\/fotino.cz\/wp-content\/uploads\/2023\/09\/Logo-Fotino.webp","width":591,"height":236,"caption":"Fotino"},"image":{"@id":"https:\/\/fotino.cz\/cs\/#\/schema\/logo\/image\/"}}]},"og_availability":"out of stock","product_availability":"out of stock","product_condition":"new"},"_links":{"self":[{"href":"https:\/\/fotino.cz\/cs\/wp-json\/wp\/v2\/product\/3182","targetHints":{"allow":["GET"]}}],"collection":[{"href":"https:\/\/fotino.cz\/cs\/wp-json\/wp\/v2\/product"}],"about":[{"href":"https:\/\/fotino.cz\/cs\/wp-json\/wp\/v2\/types\/product"}],"replies":[{"embeddable":true,"href":"https:\/\/fotino.cz\/cs\/wp-json\/wp\/v2\/comments?post=3182"}],"wp:featuredmedia":[{"embeddable":true,"href":"https:\/\/fotino.cz\/cs\/wp-json\/wp\/v2\/media\/7289"}],"wp:attachment":[{"href":"https:\/\/fotino.cz\/cs\/wp-json\/wp\/v2\/media?parent=3182"}],"wp:term":[{"taxonomy":"product_brand","embeddable":true,"href":"https:\/\/fotino.cz\/cs\/wp-json\/wp\/v2\/product_brand?post=3182"},{"taxonomy":"product_cat","embeddable":true,"href":"https:\/\/fotino.cz\/cs\/wp-json\/wp\/v2\/product_cat?post=3182"},{"taxonomy":"product_tag","embeddable":true,"href":"https:\/\/fotino.cz\/cs\/wp-json\/wp\/v2\/product_tag?post=3182"}],"curies":[{"name":"wp","href":"https:\/\/api.w.org\/{rel}","templated":true}]}}