{"id":2117,"date":"2023-07-11T14:13:02","date_gmt":"2023-07-11T12:13:02","guid":{"rendered":"https:\/\/wwwww.blumi.photo\/home\/"},"modified":"2026-02-06T18:42:54","modified_gmt":"2026-02-06T17:42:54","slug":"home","status":"publish","type":"page","link":"https:\/\/fotino.cz\/cs\/","title":{"rendered":"Home"},"content":{"rendered":"<p>[et_pb_section fb_built=&#8220;1&#8243; disabled_on=&#8220;on|on|on&#8220; admin_label=&#8220;Features&#8220; _builder_version=&#8220;4.27.4&#8243; _module_preset=&#8220;_initial&#8220; background_color=&#8220;#ffcc00&#8243; custom_padding=&#8220;57px|0px|0px|0px||&#8220; hover_enabled=&#8220;0&#8243; da_disable_devices=&#8220;off|off|off&#8220; global_colors_info=&#8220;{}&#8220; disabled=&#8220;on&#8220; sticky_enabled=&#8220;0&#8243; da_is_popup=&#8220;off&#8220; da_exit_intent=&#8220;off&#8220; da_has_close=&#8220;on&#8220; da_alt_close=&#8220;off&#8220; da_dark_close=&#8220;off&#8220; da_not_modal=&#8220;on&#8220; da_is_singular=&#8220;off&#8220; da_with_loader=&#8220;off&#8220; da_has_shadow=&#8220;on&#8220;][et_pb_row disabled_on=&#8220;off|off|off&#8220; _builder_version=&#8220;4.27.4&#8243; _module_preset=&#8220;default&#8220; custom_margin=&#8220;-53px|auto||auto||&#8220; custom_padding=&#8220;10px||3px|||&#8220; global_colors_info=&#8220;{}&#8220;][et_pb_column type=&#8220;4_4&#8243; _builder_version=&#8220;4.16&#8243; _module_preset=&#8220;default&#8220; custom_padding=&#8220;|||&#8220; global_colors_info=&#8220;{}&#8220; custom_padding__hover=&#8220;|||&#8220;][et_pb_text disabled_on=&#8220;off|off|off&#8220; _builder_version=&#8220;4.27.4&#8243; _module_preset=&#8220;_initial&#8220; text_font=&#8220;Roboto||||||||&#8220; text_text_color=&#8220;#012639&#8243; header_4_font=&#8220;Roboto||||||||&#8220; global_colors_info=&#8220;{}&#8220;]<\/p>\n<h4 style=\"text-align: center;\"><span style=\"color: #ff0000;\"><strong>Informace o doru\u010den\u00ed do V\u00e1noc.<\/strong><\/span><\/h4>\n<h4 style=\"text-align: center;\"><span style=\"color: #000000;\">Objedn\u00e1vky p\u0159ijat\u00e9 do 11. 12. 2025 budeme expedovat do 19. 12. 2025 aby v\u00e1m byly doru\u010deny do V\u00e1noc.<\/span><\/h4>\n<h4 style=\"text-align: center;\"><span style=\"color: #000000;\">Objedn\u00e1vky p\u0159ijat\u00e9 po 11. 12. 2025 budeme expedovat po 7. 1. 2026.<strong><br \/><\/strong><\/span><\/h4>\n<p>[\/et_pb_text][\/et_pb_column][\/et_pb_row][\/et_pb_section][et_pb_section fb_built=&#8220;1&#8243; _builder_version=&#8220;4.16&#8243; _module_preset=&#8220;d4caa3a2-5aef-459f-a408-b7b269199124&#8243; custom_padding=&#8220;0px||0px||false|false&#8220; da_disable_devices=&#8220;off|off|off&#8220; global_colors_info=&#8220;{}&#8220; da_is_popup=&#8220;off&#8220; da_exit_intent=&#8220;off&#8220; da_has_close=&#8220;on&#8220; da_alt_close=&#8220;off&#8220; da_dark_close=&#8220;off&#8220; da_not_modal=&#8220;on&#8220; da_is_singular=&#8220;off&#8220; da_with_loader=&#8220;off&#8220; da_has_shadow=&#8220;on&#8220;][et_pb_row _builder_version=&#8220;4.22.1&#8243; _module_preset=&#8220;default&#8220; width=&#8220;100%&#8220; max_width=&#8220;100%&#8220; max_height_last_edited=&#8220;off|phone&#8220; custom_padding=&#8220;0px||0px||false|false&#8220; global_colors_info=&#8220;{}&#8220;][et_pb_column type=&#8220;4_4&#8243; _builder_version=&#8220;4.16&#8243; _module_preset=&#8220;default&#8220; global_colors_info=&#8220;{}&#8220;][et_pb_slider show_pagination=&#8220;off&#8220; bg_overlay_color=&#8220;rgba(10,10,10,0.25)&#8220; arrows_custom_color=&#8220;rgba(238,232,226,0.11)&#8220; _builder_version=&#8220;4.27.4&#8243; _module_preset=&#8220;fa375237-0f2c-4103-84d3-6eff28957a04&#8243; header_font=&#8220;|800|||||||&#8220; header_font_size=&#8220;5vw&#8220; header_letter_spacing=&#8220;3px&#8220; body_font=&#8220;Nunito|600|||||||&#8220; body_text_color=&#8220;#ffffff&#8220; body_font_size=&#8220;16px&#8220; body_line_height=&#8220;1.8em&#8220; background_color=&#8220;#0F3F51&#8243; background_enable_color=&#8220;on&#8220; background_enable_image=&#8220;off&#8220; parallax=&#8220;off&#8220; button_text_size=&#8220;16px&#8220; button_bg_color=&#8220;#012639&#8243; button_border_width=&#8220;0px&#8220; button_font=&#8220;|700||on|||||&#8220; button_custom_padding=&#8220;15px|30px|15px|30px|true|true&#8220; content_max_width_tablet=&#8220;&#8220; content_max_width_phone=&#8220;100%&#8220; content_max_width_last_edited=&#8220;on|phone&#8220; min_height_phone=&#8220;60%&#8220; min_height_last_edited=&#8220;off|phone&#8220; custom_margin=&#8220;||||false|false&#8220; custom_padding_tablet=&#8220;||0px||false|false&#8220; custom_padding_phone=&#8220;0px||||false|false&#8220; auto=&#8220;on&#8220; hover_transition_duration=&#8220;100ms&#8220; header_text_color_tablet=&#8220;&#8220; header_text_color_phone=&#8220;&#8220; header_text_color_last_edited=&#8220;on|desktop&#8220; header_font_size_tablet=&#8220;40px&#8220; header_font_size_phone=&#8220;&#8220; header_font_size_last_edited=&#8220;on|desktop&#8220; background_last_edited=&#8220;off|phone&#8220; background_enable_image_phone=&#8220;off&#8220; custom_css_main_element=&#8220;min-height: calc(90vh &#8211; 90px)!important;&#8220; custom_css_slide_arrows=&#8220;font-size: 8vw !important;||margin-top: -4vw;&#8220; body_text_shadow_style=&#8220;preset3&#8243; body_text_shadow_color=&#8220;RGBA(0,0,0,0)&#8220; box_shadow_style_image=&#8220;preset4&#8243; box_shadow_horizontal_image=&#8220;-8vw&#8220; box_shadow_vertical_image=&#8220;-8vw&#8220; box_shadow_spread_image=&#8220;-6.5vw&#8220; box_shadow_color_image=&#8220;#CF1259&#8243; global_colors_info=&#8220;{}&#8220;][et_pb_slide heading=&#8220;Uchovejte si sv\u00e9 vzpom\u00ednky&#8220; button_text=&#8220;Vytvo\u0159it fotoknihu&#8220; button_link=&#8220;https:\/\/editor.picted.it\/cs\/fotino\/fotoknihy\/?afp=fotino&#8220; use_bg_overlay=&#8220;on&#8220; bg_overlay_color=&#8220;rgba(10,10,10,0.25)&#8220; use_text_overlay=&#8220;off&#8220; _builder_version=&#8220;4.24.2&#8243; _module_preset=&#8220;default&#8220; header_font=&#8220;|300|||||||&#8220; header_font_size=&#8220;43px&#8220; body_font_size=&#8220;30px&#8220; background_color=&#8220;#0F3F51&#8243; background_enable_color=&#8220;on&#8220; background_image=&#8220;https:\/\/fotino.cz\/wp-content\/uploads\/2023\/09\/Fotokniha-scaled.webp&#8220; background_enable_image=&#8220;on&#8220; parallax=&#8220;on&#8220; background_blend=&#8220;darken&#8220; custom_button=&#8220;on&#8220; button_text_color=&#8220;#F2E9DF&#8220; button_bg_color=&#8220;#012639&#8243; button_border_width=&#8220;2px&#8220; button_border_color=&#8220;#F2E9DF&#8220; button_border_radius=&#8220;0px&#8220; button_use_icon=&#8220;on&#8220; button_icon=&#8220;&#x41;||divi||400&#8243; button_icon_color=&#8220;#C2E2F5&#8243; button_custom_padding=&#8220;10px||10px||true|false&#8220; text_orientation=&#8220;center&#8220; custom_padding=&#8220;||||false|false&#8220; custom_padding_tablet=&#8220;|0px|0px||false|false&#8220; custom_padding_phone=&#8220;200px|0px|1px|0px|false|false&#8220; custom_padding_last_edited=&#8220;on|desktop&#8220; background_last_edited=&#8220;on|phone&#8220; background_image_phone=&#8220;https:\/\/fotino.cz\/wp-content\/uploads\/2023\/09\/Fotokniha-4-scaled.webp&#8220; background_enable_image_phone=&#8220;on&#8220; parallax_phone=&#8220;off&#8220; background_size_phone=&#8220;cover&#8220; background_position_phone=&#8220;top_center&#8220; background_vertical_offset_phone=&#8220;54%&#8220; background_blend_phone=&#8220;normal&#8220; custom_css_main_element=&#8220;min-height: calc(80vh &#8211; 80px)!important;&#8220; global_colors_info=&#8220;{}&#8220; sticky_transition=&#8220;on&#8220;]<\/p>\n<p>Vytvo\u0159te si jedine\u010dn\u00e9 fotoknihy<\/p>\n<p>[\/et_pb_slide][et_pb_slide heading=&#8220;Uchovejte si sv\u00e9 vzpom\u00ednky&#8220; button_text=&#8220;Vytvo\u0159it fotoobraz&#8220; button_link=&#8220;https:\/\/editor.picted.it\/cs\/fotino\/fotoobrazy-single\/size?afp=fotino&#038;theme=single&#038;style=single&#038;material=wrap&#038;border=natural&#8220; use_bg_overlay=&#8220;on&#8220; bg_overlay_color=&#8220;rgba(10,10,10,0.25)&#8220; use_text_overlay=&#8220;off&#8220; _builder_version=&#8220;4.27.4&#8243; _module_preset=&#8220;default&#8220; header_font=&#8220;|300|||||||&#8220; header_font_size=&#8220;43px&#8220; body_font_size=&#8220;30px&#8220; background_color=&#8220;#0F3F51&#8243; background_enable_color=&#8220;on&#8220; background_image=&#8220;https:\/\/fotino.cz\/wp-content\/uploads\/2023\/09\/fotoobraz-slider-scaled.webp&#8220; background_enable_image=&#8220;on&#8220; parallax=&#8220;on&#8220; custom_button=&#8220;on&#8220; button_text_color=&#8220;#F2E9DF&#8220; button_bg_color=&#8220;#012639&#8243; button_border_width=&#8220;2px&#8220; button_border_color=&#8220;#F2E9DF&#8220; button_border_radius=&#8220;0px&#8220; button_use_icon=&#8220;on&#8220; button_icon=&#8220;&#x41;||divi||400&#8243; button_icon_color=&#8220;#C2E2F5&#8243; button_custom_padding=&#8220;10px||10px||true|false&#8220; text_orientation=&#8220;center&#8220; custom_padding=&#8220;||||false|false&#8220; custom_padding_tablet=&#8220;|0px|0px||false|false&#8220; custom_padding_phone=&#8220;200px|0px|1px|0px|false|false&#8220; custom_padding_last_edited=&#8220;on|desktop&#8220; background_last_edited=&#8220;on|phone&#8220; background_image_phone=&#8220;https:\/\/fotino.cz\/wp-content\/uploads\/2023\/09\/fotoobraz-slider-4-jpg.webp&#8220; background_enable_image_phone=&#8220;on&#8220; custom_css_main_element=&#8220;min-height: calc(80vh &#8211; 80px)!important;&#8220; global_colors_info=&#8220;{}&#8220; sticky_transition=&#8220;on&#8220;]<\/p>\n<p>Vytvo\u0159te si jedine\u010dn\u00e9 fotoobrazy<\/p>\n<p>[\/et_pb_slide][et_pb_slide heading=&#8220;Uchovejte si sv\u00e9 vzpom\u00ednky&#8220; button_text=&#8220;Vytvo\u0159it fotokalend\u00e1\u0159&#8220; button_link=&#8220;https:\/\/editor.picted.it\/cs\/fotino\/fotokalendare\/?afp=fotino&#8220; use_bg_overlay=&#8220;on&#8220; bg_overlay_color=&#8220;rgba(10,10,10,0.25)&#8220; use_text_overlay=&#8220;off&#8220; _builder_version=&#8220;4.27.2&#8243; _module_preset=&#8220;default&#8220; header_font=&#8220;|300|||||||&#8220; header_font_size=&#8220;43px&#8220; body_font_size=&#8220;30px&#8220; background_color=&#8220;#0F3F51&#8243; background_enable_color=&#8220;on&#8220; background_image=&#8220;https:\/\/fotino.cz\/wp-content\/uploads\/2023\/09\/Slider-Kalendare-4724\u00d72309-scaled.webp&#8220; background_enable_image=&#8220;on&#8220; parallax=&#8220;on&#8220; custom_button=&#8220;on&#8220; button_text_color=&#8220;#F2E9DF&#8220; button_bg_color=&#8220;#012639&#8243; button_border_width=&#8220;2px&#8220; button_border_color=&#8220;#F2E9DF&#8220; button_border_radius=&#8220;0px&#8220; button_use_icon=&#8220;on&#8220; button_icon=&#8220;&#x41;||divi||400&#8243; button_icon_color=&#8220;#C2E2F5&#8243; button_custom_padding=&#8220;10px||10px||true|false&#8220; text_orientation=&#8220;center&#8220; custom_padding=&#8220;94px||||false|false&#8220; custom_padding_tablet=&#8220;|0px|0px||false|false&#8220; custom_padding_phone=&#8220;10px|0px|256px|0px|false|false&#8220; custom_padding_last_edited=&#8220;on|phone&#8220; background_last_edited=&#8220;on|phone&#8220; background_image_phone=&#8220;https:\/\/fotino.cz\/wp-content\/uploads\/2023\/09\/Slider-Kalendare-600\u00d71000-jpg.webp&#8220; background_enable_image_phone=&#8220;on&#8220; parallax_phone=&#8220;off&#8220; background_position_phone=&#8220;top_center&#8220; background_vertical_offset_phone=&#8220;-30%&#8220; custom_css_main_element=&#8220;min-height: calc(90vh &#8211; 90px)!important;&#8220; global_colors_info=&#8220;{}&#8220; sticky_transition=&#8220;on&#8220;]<\/p>\n<p>Vytvo\u0159te si jedine\u010dn\u00e9 fotokalend\u00e1\u0159e.<\/p>\n<p>[\/et_pb_slide][\/et_pb_slider][\/et_pb_column][\/et_pb_row][\/et_pb_section][et_pb_section fb_built=&#8220;1&#8243; fullwidth=&#8220;on&#8220; _builder_version=&#8220;4.24.2&#8243; _module_preset=&#8220;default&#8220; background_color=&#8220;#012639&#8243; min_height=&#8220;100px&#8220; height=&#8220;100px&#8220; max_height=&#8220;100px&#8220; da_disable_devices=&#8220;off|off|off&#8220; global_colors_info=&#8220;{}&#8220; da_is_popup=&#8220;off&#8220; da_exit_intent=&#8220;off&#8220; da_has_close=&#8220;on&#8220; da_alt_close=&#8220;off&#8220; da_dark_close=&#8220;off&#8220; da_not_modal=&#8220;on&#8220; da_is_singular=&#8220;off&#8220; da_with_loader=&#8220;off&#8220; da_has_shadow=&#8220;on&#8220;][\/et_pb_section][et_pb_section fb_built=&#8220;1&#8243; disabled_on=&#8220;on|on|on&#8220; admin_label=&#8220;Features&#8220; _builder_version=&#8220;4.27.4&#8243; _module_preset=&#8220;52451f30-27cf-445f-997f-6d4dcf0fb792&#8243; custom_padding=&#8220;57px|0px|0px|0px||&#8220; da_disable_devices=&#8220;off|off|off&#8220; disabled=&#8220;on&#8220; global_colors_info=&#8220;{}&#8220; da_is_popup=&#8220;off&#8220; da_exit_intent=&#8220;off&#8220; da_has_close=&#8220;on&#8220; da_alt_close=&#8220;off&#8220; da_dark_close=&#8220;off&#8220; da_not_modal=&#8220;on&#8220; da_is_singular=&#8220;off&#8220; da_with_loader=&#8220;off&#8220; da_has_shadow=&#8220;on&#8220;][et_pb_row column_structure=&#8220;1_4,1_4,1_4,1_4&#8243; _builder_version=&#8220;4.27.2&#8243; _module_preset=&#8220;default&#8220; width=&#8220;100%&#8220; max_width=&#8220;1524px&#8220; global_colors_info=&#8220;{}&#8220;][et_pb_column type=&#8220;1_4&#8243; _builder_version=&#8220;4.27.2&#8243; _module_preset=&#8220;default&#8220; global_colors_info=&#8220;{}&#8220;][et_pb_image src=&#8220;https:\/\/fotino.cz\/wp-content\/uploads\/2023\/09\/Fotokniha-1-scaled.webp&#8220; title_text=&#8220;Fotokniha&#8220; _builder_version=&#8220;4.27.2&#8243; _module_preset=&#8220;default&#8220; global_colors_info=&#8220;{}&#8220;][\/et_pb_image][\/et_pb_column][et_pb_column type=&#8220;1_4&#8243; _builder_version=&#8220;4.27.2&#8243; _module_preset=&#8220;default&#8220; global_colors_info=&#8220;{}&#8220;][et_pb_image src=&#8220;https:\/\/fotino.cz\/wp-content\/uploads\/2023\/09\/fotokniha-5-scaled.webp&#8220; title_text=&#8220;fotokniha -5&#8243; _builder_version=&#8220;4.27.2&#8243; _module_preset=&#8220;default&#8220; global_colors_info=&#8220;{}&#8220;][\/et_pb_image][\/et_pb_column][et_pb_column type=&#8220;1_4&#8243; _builder_version=&#8220;4.27.2&#8243; _module_preset=&#8220;default&#8220; global_colors_info=&#8220;{}&#8220;][et_pb_image src=&#8220;https:\/\/fotino.cz\/wp-content\/uploads\/2023\/09\/Fotokniha-7-scaled.webp&#8220; title_text=&#8220;Fotokniha &#8211; 7&#8243; _builder_version=&#8220;4.27.2&#8243; _module_preset=&#8220;default&#8220; global_colors_info=&#8220;{}&#8220;][\/et_pb_image][\/et_pb_column][et_pb_column type=&#8220;1_4&#8243; _builder_version=&#8220;4.27.2&#8243; _module_preset=&#8220;default&#8220; global_colors_info=&#8220;{}&#8220;][et_pb_image src=&#8220;https:\/\/fotino.cz\/wp-content\/uploads\/2023\/09\/fotokniha-2-1-scaled.webp&#8220; title_text=&#8220;fotokniha-2&#8243; _builder_version=&#8220;4.27.2&#8243; _module_preset=&#8220;default&#8220; global_colors_info=&#8220;{}&#8220;][\/et_pb_image][\/et_pb_column][\/et_pb_row][et_pb_row column_structure=&#8220;1_3,2_3&#8243; use_custom_gutter=&#8220;on&#8220; gutter_width=&#8220;2&#8243; module_id=&#8220;product&#8220; _builder_version=&#8220;4.22.1&#8243; _module_preset=&#8220;default&#8220; width=&#8220;100%&#8220; width_tablet=&#8220;100%&#8220; width_phone=&#8220;90%&#8220; width_last_edited=&#8220;on|phone&#8220; max_width=&#8220;1800px&#8220; global_colors_info=&#8220;{}&#8220;][et_pb_column type=&#8220;1_3&#8243; _builder_version=&#8220;4.22.1&#8243; _module_preset=&#8220;default&#8220; custom_padding=&#8220;|||&#8220; global_colors_info=&#8220;{}&#8220; custom_padding__hover=&#8220;|||&#8220;][et_pb_image src=&#8220;https:\/\/fotino.cz\/wp-content\/uploads\/2023\/09\/fotokniha-3-jpg.webp&#8220; title_text=&#8220;fotokniha-3&#8243; url=&#8220;https:\/\/editor.picted.it\/cs\/fotino\/fotoknihy?afp=fotino&#8220; align_tablet=&#8220;center&#8220; align_phone=&#8220;center&#8220; align_last_edited=&#8220;on|desktop&#8220; _builder_version=&#8220;4.22.1&#8243; _module_preset=&#8220;default&#8220; animation_style=&#8220;slide&#8220; animation_direction=&#8220;left&#8220; animation_intensity_slide=&#8220;5%&#8220; global_colors_info=&#8220;{}&#8220;][\/et_pb_image][et_pb_image src=&#8220;https:\/\/fotino.cz\/wp-content\/uploads\/2023\/09\/fotokniha-9-scaled.webp&#8220; title_text=&#8220;fotokniha 9&#8243; url=&#8220;https:\/\/editor.picted.it\/cs\/fotino\/fotoknihy?afp=fotino&#8220; align_tablet=&#8220;center&#8220; align_phone=&#8220;center&#8220; align_last_edited=&#8220;on|desktop&#8220; _builder_version=&#8220;4.22.1&#8243; _module_preset=&#8220;default&#8220; animation_style=&#8220;slide&#8220; animation_direction=&#8220;left&#8220; animation_intensity_slide=&#8220;5%&#8220; global_colors_info=&#8220;{}&#8220;][\/et_pb_image][\/et_pb_column][et_pb_column type=&#8220;2_3&#8243; _builder_version=&#8220;4.16&#8243; _module_preset=&#8220;default&#8220; custom_padding=&#8220;|||&#8220; global_colors_info=&#8220;{}&#8220; custom_padding__hover=&#8220;|||&#8220;][et_pb_text admin_label=&#8220;Title&#8220; _builder_version=&#8220;4.24.2&#8243; _module_preset=&#8220;cf0ffda4-0505-4e7d-a1e6-3780126b1c3b&#8220; text_font=&#8220;||||||||&#8220; header_font=&#8220;||||||||&#8220; header_2_font=&#8220;||||||||&#8220; header_2_text_align=&#8220;left&#8220; header_2_text_color=&#8220;#012639&#8243; header_2_font_size=&#8220;32px&#8220; header_2_line_height=&#8220;1.3em&#8220; custom_margin=&#8220;0px||0px||false|false&#8220; custom_padding=&#8220;0px||0px||false|false&#8220; animation_style=&#8220;slide&#8220; animation_direction=&#8220;top&#8220; animation_intensity_slide=&#8220;30%&#8220; animation_starting_opacity=&#8220;100%&#8220; global_colors_info=&#8220;{}&#8220;]<\/p>\n<h2>Fotoknihy v pevn\u00e9 vazb\u011b<\/h2>\n<p>[\/et_pb_text][et_pb_cta button_url=&#8220;https:\/\/editor.picted.it\/cs\/fotino\/fotoknihy?afp=fotino&#8220; button_text=&#8220;Za\u010d\u00edt tvo\u0159it&#8220; _builder_version=&#8220;4.24.2&#8243; _module_preset=&#8220;default&#8220; header_font=&#8220;||||||||&#8220; header_text_color=&#8220;#595959&#8243; header_font_size=&#8220;45px&#8220; header_line_height=&#8220;1.4em&#8220; body_font=&#8220;|500|||||||&#8220; body_text_color=&#8220;#595959&#8243; body_font_size=&#8220;16px&#8220; body_line_height=&#8220;1.9em&#8220; use_background_color=&#8220;off&#8220; custom_button=&#8220;on&#8220; button_text_size=&#8220;16px&#8220; button_text_color=&#8220;#F2E9DF&#8220; button_bg_color=&#8220;#012639&#8243; button_border_width=&#8220;2px&#8220; button_border_color=&#8220;RGBA(255,255,255,0)&#8220; button_border_radius=&#8220;0px&#8220; button_letter_spacing=&#8220;1px&#8220; button_font=&#8220;|700||on|||||&#8220; button_use_icon=&#8220;off&#8220; button_alignment=&#8220;left&#8220; text_orientation=&#8220;left&#8220; background_layout=&#8220;light&#8220; button_text_color_hover=&#8220;#ffffff&#8220; button_border_radius_hover=&#8220;66px&#8220; button_letter_spacing_hover=&#8220;1px&#8220; button_bg_color_hover=&#8220;#2f3854&#8243; global_colors_info=&#8220;{}&#8220; button_text_size__hover_enabled=&#8220;on|hover&#8220; button_one_text_size__hover_enabled=&#8220;off&#8220; button_two_text_size__hover_enabled=&#8220;off&#8220; button_text_color__hover_enabled=&#8220;on|hover&#8220; button_text_color__hover=&#8220;#F8F7F5&#8243; button_one_text_color__hover_enabled=&#8220;off&#8220; button_two_text_color__hover_enabled=&#8220;off&#8220; button_border_width__hover_enabled=&#8220;off&#8220; button_one_border_width__hover_enabled=&#8220;off&#8220; button_two_border_width__hover_enabled=&#8220;off&#8220; button_border_color__hover_enabled=&#8220;off&#8220; button_one_border_color__hover_enabled=&#8220;off&#8220; button_two_border_color__hover_enabled=&#8220;off&#8220; button_border_radius__hover_enabled=&#8220;off|desktop&#8220; button_border_radius__hover=&#8220;66px&#8220; button_one_border_radius__hover_enabled=&#8220;off&#8220; button_two_border_radius__hover_enabled=&#8220;off&#8220; button_letter_spacing__hover_enabled=&#8220;off|desktop&#8220; button_letter_spacing__hover=&#8220;1px&#8220; button_one_letter_spacing__hover_enabled=&#8220;off&#8220; button_two_letter_spacing__hover_enabled=&#8220;off&#8220; button_bg_color__hover_enabled=&#8220;on|hover&#8220; button_bg_color__hover=&#8220;#166584&#8243; button_one_bg_color__hover_enabled=&#8220;off&#8220; button_two_bg_color__hover_enabled=&#8220;off&#8220; button_bg_enable_color__hover=&#8220;on&#8220; button_text_size__hover=&#8220;16px&#8220;]<\/p>\n<div class=\"group w-full text-gray-800 dark:text-gray-100 border-b border-black\/10 dark:border-gray-900\/50 dark:bg-gray-800\">\n<div class=\"text-base gap-4 md:gap-6 md:max-w-2xl lg:max-w-2xl xl:max-w-3xl p-4 md:py-6 flex lg:px-0 m-auto\">\n<div class=\"relative flex w-[calc(100%-50px)] flex-col gap-1 md:gap-3 lg:w-[calc(100%-115px)]\">\n<div class=\"flex flex-grow flex-col gap-3\">\n<div class=\"min-h-[20px] flex flex-col items-start gap-4 whitespace-pre-wrap\">\n<p>Vytv\u00e1\u0159en\u00ed fotoknihy je jedn\u00edm z nejlep\u0161\u00edch zp\u016fsob\u016f, jak zachytit a sd\u00edlet vzpom\u00ednky na nezapomenuteln\u00e9 okam\u017eiky ve va\u0161em \u017eivot\u011b. A s na\u0161imi online editorem je to nyn\u00ed je\u0161t\u011b snaz\u0161\u00ed a pohodln\u011bj\u0161\u00ed ne\u017e kdy jindy. Na\u0161e editor v\u00e1m umo\u017e\u0148uje vytvo\u0159it fotoknihu p\u0159esn\u011b podle va\u0161ich p\u0159edstav a to v pohodl\u00ed va\u0161eho domova, z mobiln\u00edho telefonu, tabletu nebo po\u010d\u00edta\u010de.<\/p>\n<p>N\u00e1\u0161 editor nab\u00edz\u00ed \u0161irokou \u0161k\u00e1lu \u0161ablon a mo\u017enost\u00ed personalizace, abyste mohli vytvo\u0159it fotoknihu, kter\u00e1 bude zrcadlit va\u0161e jedine\u010dn\u00e9 p\u0159\u00edb\u011bhy a vzpom\u00ednky. M\u016f\u017eete vybrat \u0161ablonu, kter\u00e1 nejl\u00e9pe vyhovuje t\u00e9matu va\u0161\u00ed fotoknihy, a pak si jednodu\u0161e p\u0159idat sv\u00e9 fotografie a texty na ka\u017edou str\u00e1nku. M\u00e1te naprostou kontrolu nad t\u00edm, jak bude va\u0161e fotokniha vypadat, a m\u016f\u017eete ji upravit tak, aby odpov\u00eddala va\u0161emu osobn\u00edmu vkusu.<\/p>\n<p>Jedn\u00edm z kl\u00ed\u010dov\u00fdch prvk\u016f na\u0161\u00ed slu\u017eby je snadnost pou\u017eit\u00ed. Na\u0161\u00edm c\u00edlem je, aby tvorba fotoknihy byla z\u00e1bavn\u00fdm a bezprobl\u00e9mov\u00fdm procesem. Na\u0161e intuitivn\u00ed rozhran\u00ed v\u00e1m umo\u017e\u0148uje jednodu\u0161e p\u0159et\u00e1hnout a upravit fotografie, p\u0159id\u00e1vat texty a dal\u0161\u00ed grafiku. M\u016f\u017eete tak\u00e9 upravovat barvy, styl a rozlo\u017een\u00ed str\u00e1nek tak, aby va\u0161e fotokniha byla p\u0159esn\u011b takov\u00e1, jak jste si ji p\u0159edstavovali.<\/p>\n<p>A\u0165 u\u017e chcete vytvo\u0159it fotoknihu jako d\u00e1rek pro bl\u00edzk\u00e9ho, jako pam\u00e1tku na dovolenou nebo zvl\u00e1\u0161tn\u00ed ud\u00e1lost, nebo prost\u011b jen tak pro radost, n\u00e1\u0161 editor v\u00e1m umo\u017e\u0148\u00ed p\u0159ev\u00e9st va\u0161e n\u00e1pady do reality. M\u016f\u017eete si zahrnout do fotoknihy rodinn\u00e9 fotografie, doj\u00edmav\u00e9 cit\u00e1ty nebo p\u0159\u00edb\u011bhy, kter\u00e9 doprov\u00e1zely jednotliv\u00e9 fotografie. Mo\u017enosti jsou t\u00e9m\u011b\u0159 nekone\u010dn\u00e9.<\/p>\n<p>Celkov\u011b \u0159e\u010deno, vytv\u00e1\u0159en\u00ed fotoknihy s na\u0161im online editorem je jednoduch\u00e9, z\u00e1bavn\u00e9 a p\u0159in\u00e1\u0161\u00ed v\u00e1m nekone\u010dnou radost z prohl\u00ed\u017een\u00ed va\u0161ich vzpom\u00ednek. Nechte svou kreativitu voln\u00fd pr\u016fchod a vytvo\u0159te si fotoknihu, kter\u00e1 bude trvale zachov\u00e1vat va\u0161e nejcenn\u011bj\u0161\u00ed chv\u00edle. Sta\u010d\u00ed si jen vybrat \u0161ablonu, nahr\u00e1t sv\u00e9 fotografie a za\u010d\u00edt tvo\u0159it. Va\u0161e fotokniha je jen p\u00e1r kliknut\u00ed daleko, tak pro\u010d to nezkusit hned te\u010f?<\/p>\n<p>&nbsp;<\/p>\n<p>Vyberte si z rozm\u011br\u016f:<\/p>\n<ul>\n<li>A4 21&#215;29 cm<\/li>\n<li>A5 15&#215;21 cm<\/li>\n<li>21&#215;21 cm<\/li>\n<li>29&#215;29 cm<\/li>\n<\/ul>\n<\/div>\n<\/div>\n<\/div>\n<\/div>\n<\/div>\n<p>[\/et_pb_cta][\/et_pb_column][\/et_pb_row][\/et_pb_section][et_pb_section fb_built=&#8220;1&#8243; fullwidth=&#8220;on&#8220; _builder_version=&#8220;4.24.2&#8243; _module_preset=&#8220;default&#8220; background_color=&#8220;#012639&#8243; min_height=&#8220;100px&#8220; height=&#8220;100px&#8220; max_height=&#8220;100px&#8220; da_disable_devices=&#8220;off|off|off&#8220; global_colors_info=&#8220;{}&#8220; da_is_popup=&#8220;off&#8220; da_exit_intent=&#8220;off&#8220; da_has_close=&#8220;on&#8220; da_alt_close=&#8220;off&#8220; da_dark_close=&#8220;off&#8220; da_not_modal=&#8220;on&#8220; da_is_singular=&#8220;off&#8220; da_with_loader=&#8220;off&#8220; da_has_shadow=&#8220;on&#8220;][\/et_pb_section][et_pb_section fb_built=&#8220;1&#8243; admin_label=&#8220;Features&#8220; _builder_version=&#8220;4.16&#8243; _module_preset=&#8220;52451f30-27cf-445f-997f-6d4dcf0fb792&#8243; custom_padding=&#8220;57px|0px|0px|0px||&#8220; da_disable_devices=&#8220;off|off|off&#8220; global_colors_info=&#8220;{}&#8220; da_is_popup=&#8220;off&#8220; da_exit_intent=&#8220;off&#8220; da_has_close=&#8220;on&#8220; da_alt_close=&#8220;off&#8220; da_dark_close=&#8220;off&#8220; da_not_modal=&#8220;on&#8220; da_is_singular=&#8220;off&#8220; da_with_loader=&#8220;off&#8220; da_has_shadow=&#8220;on&#8220;][et_pb_row column_structure=&#8220;1_3,2_3&#8243; use_custom_gutter=&#8220;on&#8220; gutter_width=&#8220;2&#8243; _builder_version=&#8220;4.22.1&#8243; _module_preset=&#8220;default&#8220; width=&#8220;100%&#8220; width_tablet=&#8220;100%&#8220; width_phone=&#8220;90%&#8220; width_last_edited=&#8220;on|phone&#8220; max_width=&#8220;1800px&#8220; link_option_url=&#8220;\/sk\/fotokalendare&#8220; global_colors_info=&#8220;{}&#8220;][et_pb_column type=&#8220;1_3&#8243; _builder_version=&#8220;4.16&#8243; _module_preset=&#8220;default&#8220; custom_padding=&#8220;|||&#8220; global_colors_info=&#8220;{}&#8220; custom_padding__hover=&#8220;|||&#8220;][et_pb_image src=&#8220;https:\/\/fotino.cz\/wp-content\/uploads\/2023\/09\/Kalendare-stul-jpg.webp&#8220; title_text=&#8220;Kalendare-stul&#8220; url=&#8220;https:\/\/editor.picted.it\/cs\/fotino\/fotokalendare?afp=fotino&#8220; align=&#8220;center&#8220; align_tablet=&#8220;center&#8220; align_phone=&#8220;center&#8220; align_last_edited=&#8220;on|desktop&#8220; _builder_version=&#8220;4.22.1&#8243; _module_preset=&#8220;default&#8220; max_width=&#8220;400px&#8220; animation_style=&#8220;slide&#8220; animation_direction=&#8220;right&#8220; animation_intensity_slide=&#8220;5%&#8220; global_colors_info=&#8220;{}&#8220;][\/et_pb_image][et_pb_image src=&#8220;https:\/\/fotino.cz\/wp-content\/uploads\/2023\/09\/Kalendare-zed-jpg.webp&#8220; title_text=&#8220;Kalendare-zed&#8220; url=&#8220;https:\/\/editor.picted.it\/cs\/fotino\/fotokalendare?afp=fotino&#8220; align=&#8220;center&#8220; align_tablet=&#8220;center&#8220; align_phone=&#8220;center&#8220; align_last_edited=&#8220;on|desktop&#8220; _builder_version=&#8220;4.22.1&#8243; _module_preset=&#8220;default&#8220; max_width=&#8220;400px&#8220; animation_style=&#8220;slide&#8220; animation_direction=&#8220;right&#8220; animation_intensity_slide=&#8220;5%&#8220; global_colors_info=&#8220;{}&#8220;][\/et_pb_image][\/et_pb_column][et_pb_column type=&#8220;2_3&#8243; _builder_version=&#8220;4.16&#8243; _module_preset=&#8220;default&#8220; custom_padding=&#8220;|||&#8220; global_colors_info=&#8220;{}&#8220; custom_padding__hover=&#8220;|||&#8220;][et_pb_cta title=&#8220;Fotokalend\u00e1\u0159e&#8220; button_url=&#8220;https:\/\/editor.picted.it\/cs\/fotino\/fotokalendare\/style?afp=fotino&#8220; button_text=&#8220;Vybrat typ kalend\u00e1\u0159e&#8220; _builder_version=&#8220;4.24.2&#8243; _module_preset=&#8220;default&#8220; header_font=&#8220;||||||||&#8220; header_text_color=&#8220;#012639&#8243; header_font_size=&#8220;45px&#8220; header_line_height=&#8220;1.4em&#8220; body_font=&#8220;|500|||||||&#8220; body_text_color=&#8220;#595959&#8243; body_font_size=&#8220;16px&#8220; body_line_height=&#8220;1.9em&#8220; use_background_color=&#8220;off&#8220; custom_button=&#8220;on&#8220; button_text_size=&#8220;16px&#8220; button_text_color=&#8220;#F8F7F5&#8243; button_bg_color=&#8220;#0F3F51&#8243; button_border_width=&#8220;2px&#8220; button_border_color=&#8220;#0F3F51&#8243; button_border_radius=&#8220;0px&#8220; button_letter_spacing=&#8220;1px&#8220; button_font=&#8220;|700||on|||||&#8220; button_use_icon=&#8220;off&#8220; button_alignment=&#8220;left&#8220; text_orientation=&#8220;left&#8220; background_layout=&#8220;light&#8220; button_text_color_hover=&#8220;#ffffff&#8220; button_border_radius_hover=&#8220;66px&#8220; button_letter_spacing_hover=&#8220;1px&#8220; button_bg_color_hover=&#8220;#2f3854&#8243; global_colors_info=&#8220;{}&#8220; button_text_size__hover_enabled=&#8220;off&#8220; button_one_text_size__hover_enabled=&#8220;off&#8220; button_two_text_size__hover_enabled=&#8220;off&#8220; button_text_color__hover_enabled=&#8220;on|hover&#8220; button_text_color__hover=&#8220;#ffffff&#8220; button_one_text_color__hover_enabled=&#8220;off&#8220; button_two_text_color__hover_enabled=&#8220;off&#8220; button_border_width__hover_enabled=&#8220;off&#8220; button_one_border_width__hover_enabled=&#8220;off&#8220; button_two_border_width__hover_enabled=&#8220;off&#8220; button_border_color__hover_enabled=&#8220;off&#8220; button_one_border_color__hover_enabled=&#8220;off&#8220; button_two_border_color__hover_enabled=&#8220;off&#8220; button_border_radius__hover_enabled=&#8220;off|hover&#8220; button_border_radius__hover=&#8220;66px&#8220; button_one_border_radius__hover_enabled=&#8220;off&#8220; button_two_border_radius__hover_enabled=&#8220;off&#8220; button_letter_spacing__hover_enabled=&#8220;on&#8220; button_letter_spacing__hover=&#8220;1px&#8220; button_one_letter_spacing__hover_enabled=&#8220;off&#8220; button_two_letter_spacing__hover_enabled=&#8220;off&#8220; button_bg_color__hover_enabled=&#8220;on&#8220; button_bg_color__hover=&#8220;#195b84&#8243; button_one_bg_color__hover_enabled=&#8220;off&#8220; button_two_bg_color__hover_enabled=&#8220;off&#8220; button_bg_enable_color__hover=&#8220;on&#8220;]<\/p>\n<p>Vytvo\u0159te si jedine\u010dn\u00fd fotokalend\u00e1\u0159 a propojte sv\u00e9 vzpom\u00ednky s ka\u017ed\u00fdm dnem cel\u00e9ho roku. S na\u0161\u00edm inovativn\u00edm online smart editorem m\u016f\u017eete snadno a rychle vytvo\u0159it fotokalend\u00e1\u0159, kter\u00fd bude nejen praktick\u00fdm pl\u00e1nova\u010dem, ale tak\u00e9 v\u00fdjime\u010dn\u00fdm um\u011bleck\u00fdm d\u00edlem. Nechte svou kreativitu rozkv\u00e9st a prom\u011bnit va\u0161e nejkr\u00e1sn\u011bj\u0161\u00ed fotografie v n\u00e1dhernou dekoraci, kter\u00e1 o\u017eiv\u00ed va\u0161e prostory a bude v\u00e1m p\u0159ipom\u00ednat nezapomenuteln\u00e9 chv\u00edle po cel\u00fd rok.<\/p>\n<p>S na\u0161\u00edm online editorem je tvorba fotokalend\u00e1\u0159e snadn\u00e1 a intuitivn\u00ed z\u00e1le\u017eitost\u00ed. Sta\u010d\u00ed nahr\u00e1t sv\u00e9 obl\u00edben\u00e9 fotografie, vybrat si z r\u016fzn\u00fdch designov\u00fdch \u0161ablon a personalizovat ka\u017ed\u00fd m\u011bs\u00edc podle sv\u00e9ho stylu. M\u016f\u017eete p\u0159idat texty, upravit fotografie a t\u00edm vytvo\u0159it kalend\u00e1\u0159, kter\u00fd bude zrcadlit va\u0161i osobnost a jedine\u010dn\u00e9 p\u0159\u00edb\u011bhy.<\/p>\n<p>Fotokalend\u00e1\u0159e nejsou jen praktick\u00e9, ale tak\u00e9 velmi osobn\u00ed. Darujte sv\u00fdm bl\u00edzk\u00fdm nebo si je po\u0159i\u010fte pro sebe jako dekoraci do va\u0161eho domova \u010di kancel\u00e1\u0159e. Ka\u017ed\u00fd pohled na kalend\u00e1\u0159 v\u00e1m p\u0159inese \u00fasm\u011bv na tv\u00e1\u0159i, proto\u017ee bude prov\u00e1zen va\u0161imi nejcenn\u011bj\u0161\u00edmi vzpom\u00ednkami a ud\u00e1lostmi. Ka\u017ed\u00fd m\u011bs\u00edc bude novou kapitolou plnou radosti, l\u00e1sky a dobrodru\u017estv\u00ed.<\/p>\n<p>Navrhov\u00e1n\u00ed vlastn\u00edho fotokalend\u00e1\u0159e s na\u0161\u00edm editorem je tak\u00e9 skv\u011bl\u00fdm zp\u016fsobem, jak se t\u011b\u0161it na nov\u00fd rok. M\u016f\u017eete si p\u0159edstavit, jak\u00e9 ud\u00e1losti a dobrodru\u017estv\u00ed v\u00e1s \u010dekaj\u00ed, a p\u0159izp\u016fsobit kalend\u00e1\u0159 podle sv\u00fdch pl\u00e1n\u016f a c\u00edl\u016f. Ka\u017ed\u00fd den bude v nov\u00e9m roce zvl\u00e1\u0161tn\u00edm, a to i d\u00edky va\u0161emu jedine\u010dn\u00e9mu fotokalend\u00e1\u0159i.<\/p>\n<p>A\u0165 u\u017e ho budete m\u00edt ve sv\u00e9 kancel\u00e1\u0159i, ob\u00fdvac\u00edm pokoji nebo na st\u011bn\u011b va\u0161\u00ed lo\u017enice, v\u00e1\u0161 fotokalend\u00e1\u0159 v\u00e1m bude p\u0159ipom\u00ednat, jak kr\u00e1sn\u00fd a pln\u00fd p\u0159\u00edle\u017eitost\u00ed je \u017eivot. A s na\u0161\u00ed online slu\u017ebou m\u016f\u017eete tento kr\u00e1sn\u00fd projekt vytvo\u0159it z pohodl\u00ed sv\u00e9ho domova.<\/p>\n<p>Tak pro\u010d v\u00e1hat? Za\u010dn\u011bte nyn\u00ed tvo\u0159it sv\u016fj vlastn\u00ed fotokalend\u00e1\u0159 a p\u0159eneste sv\u00e9 vzpom\u00ednky do ka\u017ed\u00e9ho dne v nov\u00e9m roce. Bu\u010fte pr\u016fvodcem sv\u00e9ho vlastn\u00edho dobrodru\u017estv\u00ed a uchov\u00e1vejte vzpom\u00ednky na ty nejkr\u00e1sn\u011bj\u0161\u00ed chv\u00edle sv\u00e9ho \u017eivota v jedine\u010dn\u00e9m kalend\u00e1\u0159i, kter\u00fd jste vytvo\u0159ili sami.<\/p>\n<p>Stoln\u00ed kalend\u00e1\u0159e t\u00fddenn\u00ed, dvout\u00fdden\u00ed i m\u011bs\u00ed\u010dn\u00ed.<br \/>N\u00e1t\u011btnn\u00e9 kalend\u00e1\u0159e A3 na v\u00fd\u0161ku i \u0161\u00ed\u0159ku a A4 na v\u00fd\u0161ku.<\/p>\n<p>[\/et_pb_cta][\/et_pb_column][\/et_pb_row][\/et_pb_section][et_pb_section fb_built=&#8220;1&#8243; fullwidth=&#8220;on&#8220; _builder_version=&#8220;4.24.2&#8243; _module_preset=&#8220;default&#8220; background_color=&#8220;#012639&#8243; min_height=&#8220;100px&#8220; height=&#8220;100px&#8220; max_height=&#8220;100px&#8220; da_disable_devices=&#8220;off|off|off&#8220; global_colors_info=&#8220;{}&#8220; da_is_popup=&#8220;off&#8220; da_exit_intent=&#8220;off&#8220; da_has_close=&#8220;on&#8220; da_alt_close=&#8220;off&#8220; da_dark_close=&#8220;off&#8220; da_not_modal=&#8220;on&#8220; da_is_singular=&#8220;off&#8220; da_with_loader=&#8220;off&#8220; da_has_shadow=&#8220;on&#8220;][\/et_pb_section][et_pb_section fb_built=&#8220;1&#8243; admin_label=&#8220;Features&#8220; _builder_version=&#8220;4.16&#8243; _module_preset=&#8220;52451f30-27cf-445f-997f-6d4dcf0fb792&#8243; custom_padding=&#8220;57px|0px|0px|0px||&#8220; da_disable_devices=&#8220;off|off|off&#8220; global_colors_info=&#8220;{}&#8220; da_is_popup=&#8220;off&#8220; da_exit_intent=&#8220;off&#8220; da_has_close=&#8220;on&#8220; da_alt_close=&#8220;off&#8220; da_dark_close=&#8220;off&#8220; da_not_modal=&#8220;on&#8220; da_is_singular=&#8220;off&#8220; da_with_loader=&#8220;off&#8220; da_has_shadow=&#8220;on&#8220;][et_pb_row column_structure=&#8220;1_3,2_3&#8243; use_custom_gutter=&#8220;on&#8220; gutter_width=&#8220;2&#8243; _builder_version=&#8220;4.22.1&#8243; _module_preset=&#8220;default&#8220; width=&#8220;100%&#8220; width_tablet=&#8220;100%&#8220; width_phone=&#8220;90%&#8220; width_last_edited=&#8220;on|phone&#8220; max_width=&#8220;1800px&#8220; global_colors_info=&#8220;{}&#8220;][et_pb_column type=&#8220;1_3&#8243; _builder_version=&#8220;4.16&#8243; _module_preset=&#8220;default&#8220; custom_padding=&#8220;|||&#8220; global_colors_info=&#8220;{}&#8220; custom_padding__hover=&#8220;|||&#8220;][et_pb_image src=&#8220;https:\/\/fotino.cz\/wp-content\/uploads\/2023\/09\/fotoobraz-platno-1-scaled.webp&#8220; title_text=&#8220;fotoobraz-platno&#8220; url=&#8220;https:\/\/editor.picted.it\/cs\/fotino\/fotoobrazy-single\/size?afp=fotino&#038;theme=single&#038;style=single&#038;material=wrap&#038;border=natural&#8220; align_tablet=&#8220;center&#8220; align_phone=&#8220;center&#8220; align_last_edited=&#8220;on|desktop&#8220; _builder_version=&#8220;4.27.4&#8243; _module_preset=&#8220;default&#8220; animation_style=&#8220;slide&#8220; animation_direction=&#8220;right&#8220; animation_intensity_slide=&#8220;5%&#8220; global_colors_info=&#8220;{}&#8220;][\/et_pb_image][et_pb_image src=&#8220;https:\/\/fotino.cz\/wp-content\/uploads\/2023\/09\/fotoobraz-napinani.png&#8220; title_text=&#8220;fotoobraz-napinani&#8220; url=&#8220;https:\/\/editor.picted.it\/cs\/fotino\/fotoobrazy-single\/size?afp=fotino&#038;theme=single&#038;style=single&#038;material=wrap&#038;border=natural&#8220; align_tablet=&#8220;center&#8220; align_phone=&#8220;center&#8220; align_last_edited=&#8220;on|desktop&#8220; _builder_version=&#8220;4.27.4&#8243; _module_preset=&#8220;default&#8220; animation_style=&#8220;slide&#8220; animation_direction=&#8220;right&#8220; animation_intensity_slide=&#8220;5%&#8220; global_colors_info=&#8220;{}&#8220;][\/et_pb_image][\/et_pb_column][et_pb_column type=&#8220;2_3&#8243; _builder_version=&#8220;4.16&#8243; _module_preset=&#8220;default&#8220; custom_padding=&#8220;|||&#8220; global_colors_info=&#8220;{}&#8220; custom_padding__hover=&#8220;|||&#8220;][et_pb_cta title=&#8220;Fotoobrazy&#8220; button_url=&#8220;https:\/\/editor.picted.it\/cs\/fotino\/fotoobrazy-single\/size?afp=fotino&#038;theme=single&#038;style=single&#038;material=wrap&#038;border=natural&#8220; button_text=&#8220;Vybrat rozm\u011br&#8220; _builder_version=&#8220;4.27.4&#8243; _module_preset=&#8220;default&#8220; header_font=&#8220;||||||||&#8220; header_text_color=&#8220;#012639&#8243; header_font_size=&#8220;45px&#8220; header_line_height=&#8220;1.4em&#8220; body_font=&#8220;|500|||||||&#8220; body_text_color=&#8220;#595959&#8243; body_font_size=&#8220;16px&#8220; body_line_height=&#8220;1.9em&#8220; use_background_color=&#8220;off&#8220; custom_button=&#8220;on&#8220; button_text_size=&#8220;16px&#8220; button_text_color=&#8220;#F8F7F5&#8243; button_bg_color=&#8220;#0F3F51&#8243; button_border_width=&#8220;2px&#8220; button_border_color=&#8220;#0F3F51&#8243; button_border_radius=&#8220;0px&#8220; button_letter_spacing=&#8220;1px&#8220; button_font=&#8220;|700||on|||||&#8220; button_use_icon=&#8220;off&#8220; button_alignment=&#8220;left&#8220; text_orientation=&#8220;left&#8220; background_layout=&#8220;light&#8220; button_text_color_hover=&#8220;#ffffff&#8220; button_border_radius_hover=&#8220;66px&#8220; button_letter_spacing_hover=&#8220;1px&#8220; button_bg_color_hover=&#8220;#2f3854&#8243; global_colors_info=&#8220;{}&#8220; button_text_size__hover_enabled=&#8220;off&#8220; button_one_text_size__hover_enabled=&#8220;off&#8220; button_two_text_size__hover_enabled=&#8220;off&#8220; button_text_color__hover_enabled=&#8220;on&#8220; button_text_color__hover=&#8220;#F8F7F5&#8243; button_one_text_color__hover_enabled=&#8220;off&#8220; button_two_text_color__hover_enabled=&#8220;off&#8220; button_border_width__hover_enabled=&#8220;off&#8220; button_one_border_width__hover_enabled=&#8220;off&#8220; button_two_border_width__hover_enabled=&#8220;off&#8220; button_border_color__hover_enabled=&#8220;off&#8220; button_one_border_color__hover_enabled=&#8220;off&#8220; button_two_border_color__hover_enabled=&#8220;off&#8220; button_border_radius__hover_enabled=&#8220;off|hover&#8220; button_border_radius__hover=&#8220;66px&#8220; button_one_border_radius__hover_enabled=&#8220;off&#8220; button_two_border_radius__hover_enabled=&#8220;off&#8220; button_letter_spacing__hover_enabled=&#8220;on&#8220; button_letter_spacing__hover=&#8220;1px&#8220; button_one_letter_spacing__hover_enabled=&#8220;off&#8220; button_two_letter_spacing__hover_enabled=&#8220;off&#8220; button_bg_color__hover_enabled=&#8220;on|hover&#8220; button_bg_color__hover=&#8220;#164f75&#8243; button_one_bg_color__hover_enabled=&#8220;off&#8220; button_two_bg_color__hover_enabled=&#8220;off&#8220; button_bg_enable_color__hover=&#8220;on&#8220;]<\/p>\n<p>Vytv\u00e1\u0159en\u00ed vlastn\u00edho unik\u00e1tn\u00edho fotoobrazu je jako vytvo\u0159en\u00ed vlastn\u00edho um\u011bleck\u00e9ho d\u00edla, kter\u00e9 m\u00e1 osobn\u00ed v\u00fdznam. S na\u0161im editorem m\u016f\u017eete tuto kreativn\u00ed cestu zah\u00e1jit snadno a rychle. Sta\u010d\u00ed nahrajte svou obl\u00edbenou fotografii do na\u0161eho smart editoru a nechte svou p\u0159edstavivost rozkv\u00e9st. T\u00edmto jednoduch\u00fdm krokem otev\u00edr\u00e1te br\u00e1nu k vytvo\u0159en\u00ed jedine\u010dn\u00e9ho fotoobrazu, kter\u00fd nejen\u017ee ozdob\u00ed v\u00e1\u0161 domov, ale tak\u00e9 bude vypr\u00e1v\u011bt fascinuj\u00edc\u00ed p\u0159\u00edb\u011bh.<\/p>\n<p>Smart editor, kter\u00fd v\u00e1m na\u0161e slu\u017eby poskytuj\u00ed, je n\u00e1strojem, kter\u00fd v\u00e1m umo\u017e\u0148uje vyj\u00e1d\u0159it va\u0161i kreativitu a individualitu. M\u016f\u017eete upravovat barvy, kontrast a dal\u0161\u00ed prvky va\u0161\u00ed fotografie tak, aby v\u00fdsledn\u00fd obraz co nejl\u00e9pe vystihoval v\u00e1\u0161 osobn\u00ed vkus a styl. M\u016f\u017eete tak\u00e9 p\u0159idat text, abyste vytvo\u0159ili vlastn\u00ed p\u0159\u00edb\u011bh nebo zanechali osobn\u00ed vzkaz. Va\u0161e fotoobrazy se tak st\u00e1vaj\u00ed v\u00edce ne\u017e jen statick\u00fdmi obrazy \u2013 st\u00e1vaj\u00ed se prost\u0159edkem vyj\u00e1d\u0159en\u00ed va\u0161\u00ed tv\u016fr\u010d\u00ed vize.<\/p>\n<p>Vytv\u00e1\u0159en\u00ed fotoobraz\u016f je tak\u00e9 skv\u011bl\u00fdm zp\u016fsobem, jak ozdobit sv\u016fj domov a p\u0159in\u00e9st do n\u011bj nov\u00fd \u017eivot. Va\u0161e vlastn\u00ed um\u011bleck\u00e9 d\u00edlo, vytvo\u0159en\u00e9 s l\u00e1skou a v\u00e1\u0161n\u00ed, bude z\u00e1\u0159it na st\u011bn\u00e1ch va\u0161eho domova a p\u0159in\u00e1\u0161et radost v\u00e1m i va\u0161im n\u00e1v\u0161t\u011bv\u00e1m. M\u016f\u017eete si vybrat r\u016fzn\u00e9 velikosti a form\u00e1ty fotoobraz\u016f, aby odpov\u00eddaly r\u016fzn\u00fdm prostor\u016fm ve va\u0161em dom\u011b.<\/p>\n<p>Jedin\u00fdm omezen\u00edm je va\u0161e p\u0159edstavivost. Va\u0161e fotoobrazy mohou b\u00fdt z\u00e1bavn\u00e9, dojemn\u00e9, inspirativn\u00ed nebo jak\u00e9koli jin\u00e9 podle va\u0161ich preferenc\u00ed. M\u016f\u017eete vytv\u00e1\u0159et s\u00e9rie fotoobraz\u016f, kter\u00e9 vypr\u00e1v\u011bj\u00ed p\u0159\u00edb\u011bh va\u0161eho \u017eivota, nebo jednotliv\u00e9 fotoobrazy, kter\u00e9 zd\u016fraz\u0148uj\u00ed jedine\u010dn\u00e9 okam\u017eiky. Mo\u017enosti jsou neomezen\u00e9.<\/p>\n<p>Tak pro\u010d neza\u010d\u00edt hned te\u010f? Nahrajte svoji obl\u00edbenou fotografii do na\u0161eho smart editoru a pus\u0165te se do tvorby sv\u00e9ho vlastn\u00edho jedine\u010dn\u00e9ho fotoobrazu. Rozsvi\u0165te sv\u016fj domov \u00fa\u017easn\u00fdmi dekoracemi, kter\u00e9 budou nejen kr\u00e1sn\u00e9, ale tak\u00e9 v\u00e1m budou p\u0159ipom\u00ednat d\u016fle\u017eit\u00e9 momenty a p\u0159\u00edb\u011bhy ve va\u0161em \u017eivot\u011b. Va\u0161e um\u011bn\u00ed m\u016f\u017ee b\u00fdt i inspirac\u00ed pro ostatn\u00ed, a kdo v\u00ed, mo\u017en\u00e1 za\u010dnete novou tradici vytv\u00e1\u0159en\u00ed vlastn\u00edch fotoobraz\u016f s p\u0159\u00e1teli a rodinou.<\/p>\n<p>[\/et_pb_cta][\/et_pb_column][\/et_pb_row][\/et_pb_section][et_pb_section fb_built=&#8220;1&#8243; fullwidth=&#8220;on&#8220; _builder_version=&#8220;4.24.2&#8243; _module_preset=&#8220;default&#8220; background_color=&#8220;#012639&#8243; min_height=&#8220;100px&#8220; height=&#8220;100px&#8220; max_height=&#8220;100px&#8220; da_disable_devices=&#8220;off|off|off&#8220; global_colors_info=&#8220;{}&#8220; da_is_popup=&#8220;off&#8220; da_exit_intent=&#8220;off&#8220; da_has_close=&#8220;on&#8220; da_alt_close=&#8220;off&#8220; da_dark_close=&#8220;off&#8220; da_not_modal=&#8220;on&#8220; da_is_singular=&#8220;off&#8220; da_with_loader=&#8220;off&#8220; da_has_shadow=&#8220;on&#8220;][\/et_pb_section]<\/p>\n","protected":false},"excerpt":{"rendered":"<p>Informace o doru\u010den\u00ed do V\u00e1noc. Objedn\u00e1vky p\u0159ijat\u00e9 do 11. 12. 2025 budeme expedovat do 19. 12. 2025 aby v\u00e1m byly doru\u010deny do V\u00e1noc. Objedn\u00e1vky p\u0159ijat\u00e9 po 11. 12. 2025 budeme expedovat po 7. 1. 2026.Vytvo\u0159te si jedine\u010dn\u00e9 fotoknihyVytvo\u0159te si jedine\u010dn\u00e9 fotoobrazyVytvo\u0159te si jedine\u010dn\u00e9 fotokalend\u00e1\u0159e.Fotoknihy v pevn\u00e9 vazb\u011b Vytv\u00e1\u0159en\u00ed fotoknihy je jedn\u00edm z nejlep\u0161\u00edch zp\u016fsob\u016f, jak [&hellip;]<\/p>\n","protected":false},"author":1,"featured_media":277,"parent":0,"menu_order":0,"comment_status":"closed","ping_status":"closed","template":"","meta":{"_et_pb_use_builder":"on","_et_pb_old_content":"","_et_gb_content_width":"","footnotes":""},"class_list":["post-2117","page","type-page","status-publish","has-post-thumbnail","hentry"],"yoast_head":"<!-- This site is optimized with the Yoast SEO plugin v27.2 - https:\/\/yoast.com\/product\/yoast-seo-wordpress\/ -->\n<title>Home - Fotino<\/title>\n<meta name=\"robots\" content=\"index, follow, max-snippet:-1, max-image-preview:large, max-video-preview:-1\" \/>\n<link rel=\"canonical\" href=\"https:\/\/fotino.cz\/cs\/\" \/>\n<meta property=\"og:locale\" content=\"cs_CZ\" \/>\n<meta property=\"og:type\" content=\"article\" \/>\n<meta property=\"og:title\" content=\"Home - Fotino\" \/>\n<meta property=\"og:description\" content=\"Informace o doru\u010den\u00ed do V\u00e1noc. Objedn\u00e1vky p\u0159ijat\u00e9 do 11. 12. 2025 budeme expedovat do 19. 12. 2025 aby v\u00e1m byly doru\u010deny do V\u00e1noc. Objedn\u00e1vky p\u0159ijat\u00e9 po 11. 12. 2025 budeme expedovat po 7. 1. 2026.Vytvo\u0159te si jedine\u010dn\u00e9 fotoknihyVytvo\u0159te si jedine\u010dn\u00e9 fotoobrazyVytvo\u0159te si jedine\u010dn\u00e9 fotokalend\u00e1\u0159e.Fotoknihy v pevn\u00e9 vazb\u011b Vytv\u00e1\u0159en\u00ed fotoknihy je jedn\u00edm z nejlep\u0161\u00edch zp\u016fsob\u016f, jak [&hellip;]\" \/>\n<meta property=\"og:url\" content=\"https:\/\/fotino.cz\/cs\/\" \/>\n<meta property=\"og:site_name\" content=\"Fotino\" \/>\n<meta property=\"article:modified_time\" content=\"2026-02-06T17:42:54+00:00\" \/>\n<meta property=\"og:image\" content=\"https:\/\/fotino.cz\/wp-content\/uploads\/2023\/07\/photobook-hardcover-square-wood-bg-400x900-2.webp\" \/>\n\t<meta property=\"og:image:width\" content=\"900\" \/>\n\t<meta property=\"og:image:height\" content=\"400\" \/>\n\t<meta property=\"og:image:type\" content=\"image\/webp\" \/>\n<meta name=\"twitter:card\" content=\"summary_large_image\" \/>\n<meta name=\"twitter:label1\" content=\"Odhadovan\u00e1 doba \u010dten\u00ed\" \/>\n\t<meta name=\"twitter:data1\" content=\"10 minut\" \/>\n<script type=\"application\/ld+json\" class=\"yoast-schema-graph\">{\"@context\":\"https:\/\/schema.org\",\"@graph\":[{\"@type\":\"WebPage\",\"@id\":\"https:\/\/fotino.cz\/cs\/\",\"url\":\"https:\/\/fotino.cz\/cs\/\",\"name\":\"Home - Fotino\",\"isPartOf\":{\"@id\":\"https:\/\/fotino.cz\/cs\/#website\"},\"primaryImageOfPage\":{\"@id\":\"https:\/\/fotino.cz\/cs\/#primaryimage\"},\"image\":{\"@id\":\"https:\/\/fotino.cz\/cs\/#primaryimage\"},\"thumbnailUrl\":\"https:\/\/fotino.cz\/wp-content\/uploads\/2023\/07\/photobook-hardcover-square-wood-bg-400x900-2.webp\",\"datePublished\":\"2023-07-11T12:13:02+00:00\",\"dateModified\":\"2026-02-06T17:42:54+00:00\",\"breadcrumb\":{\"@id\":\"https:\/\/fotino.cz\/cs\/#breadcrumb\"},\"inLanguage\":\"cs\",\"potentialAction\":[{\"@type\":\"ReadAction\",\"target\":[\"https:\/\/fotino.cz\/cs\/\"]}]},{\"@type\":\"ImageObject\",\"inLanguage\":\"cs\",\"@id\":\"https:\/\/fotino.cz\/cs\/#primaryimage\",\"url\":\"https:\/\/fotino.cz\/wp-content\/uploads\/2023\/07\/photobook-hardcover-square-wood-bg-400x900-2.webp\",\"contentUrl\":\"https:\/\/fotino.cz\/wp-content\/uploads\/2023\/07\/photobook-hardcover-square-wood-bg-400x900-2.webp\",\"width\":900,\"height\":400},{\"@type\":\"BreadcrumbList\",\"@id\":\"https:\/\/fotino.cz\/cs\/#breadcrumb\",\"itemListElement\":[{\"@type\":\"ListItem\",\"position\":1,\"name\":\"Home\",\"item\":\"https:\/\/fotino.cz\/cs\/\"},{\"@type\":\"ListItem\",\"position\":2,\"name\":\"Home\"}]},{\"@type\":\"WebSite\",\"@id\":\"https:\/\/fotino.cz\/cs\/#website\",\"url\":\"https:\/\/fotino.cz\/cs\/\",\"name\":\"Fotino\",\"description\":\"Photobook | Canvas | Photocalendar\",\"publisher\":{\"@id\":\"https:\/\/fotino.cz\/cs\/#organization\"},\"potentialAction\":[{\"@type\":\"SearchAction\",\"target\":{\"@type\":\"EntryPoint\",\"urlTemplate\":\"https:\/\/fotino.cz\/cs\/?s={search_term_string}\"},\"query-input\":{\"@type\":\"PropertyValueSpecification\",\"valueRequired\":true,\"valueName\":\"search_term_string\"}}],\"inLanguage\":\"cs\"},{\"@type\":\"Organization\",\"@id\":\"https:\/\/fotino.cz\/cs\/#organization\",\"name\":\"Fotino\",\"url\":\"https:\/\/fotino.cz\/cs\/\",\"logo\":{\"@type\":\"ImageObject\",\"inLanguage\":\"cs\",\"@id\":\"https:\/\/fotino.cz\/cs\/#\/schema\/logo\/image\/\",\"url\":\"https:\/\/fotino.cz\/wp-content\/uploads\/2023\/09\/Logo-Fotino.webp\",\"contentUrl\":\"https:\/\/fotino.cz\/wp-content\/uploads\/2023\/09\/Logo-Fotino.webp\",\"width\":591,\"height\":236,\"caption\":\"Fotino\"},\"image\":{\"@id\":\"https:\/\/fotino.cz\/cs\/#\/schema\/logo\/image\/\"}}]}<\/script>\n<!-- \/ Yoast SEO plugin. -->","yoast_head_json":{"title":"Home - Fotino","robots":{"index":"index","follow":"follow","max-snippet":"max-snippet:-1","max-image-preview":"max-image-preview:large","max-video-preview":"max-video-preview:-1"},"canonical":"https:\/\/fotino.cz\/cs\/","og_locale":"cs_CZ","og_type":"article","og_title":"Home - Fotino","og_description":"Informace o doru\u010den\u00ed do V\u00e1noc. Objedn\u00e1vky p\u0159ijat\u00e9 do 11. 12. 2025 budeme expedovat do 19. 12. 2025 aby v\u00e1m byly doru\u010deny do V\u00e1noc. Objedn\u00e1vky p\u0159ijat\u00e9 po 11. 12. 2025 budeme expedovat po 7. 1. 2026.Vytvo\u0159te si jedine\u010dn\u00e9 fotoknihyVytvo\u0159te si jedine\u010dn\u00e9 fotoobrazyVytvo\u0159te si jedine\u010dn\u00e9 fotokalend\u00e1\u0159e.Fotoknihy v pevn\u00e9 vazb\u011b Vytv\u00e1\u0159en\u00ed fotoknihy je jedn\u00edm z nejlep\u0161\u00edch zp\u016fsob\u016f, jak [&hellip;]","og_url":"https:\/\/fotino.cz\/cs\/","og_site_name":"Fotino","article_modified_time":"2026-02-06T17:42:54+00:00","og_image":[{"width":900,"height":400,"url":"https:\/\/fotino.cz\/wp-content\/uploads\/2023\/07\/photobook-hardcover-square-wood-bg-400x900-2.webp","type":"image\/webp"}],"twitter_card":"summary_large_image","twitter_misc":{"Odhadovan\u00e1 doba \u010dten\u00ed":"10 minut"},"schema":{"@context":"https:\/\/schema.org","@graph":[{"@type":"WebPage","@id":"https:\/\/fotino.cz\/cs\/","url":"https:\/\/fotino.cz\/cs\/","name":"Home - Fotino","isPartOf":{"@id":"https:\/\/fotino.cz\/cs\/#website"},"primaryImageOfPage":{"@id":"https:\/\/fotino.cz\/cs\/#primaryimage"},"image":{"@id":"https:\/\/fotino.cz\/cs\/#primaryimage"},"thumbnailUrl":"https:\/\/fotino.cz\/wp-content\/uploads\/2023\/07\/photobook-hardcover-square-wood-bg-400x900-2.webp","datePublished":"2023-07-11T12:13:02+00:00","dateModified":"2026-02-06T17:42:54+00:00","breadcrumb":{"@id":"https:\/\/fotino.cz\/cs\/#breadcrumb"},"inLanguage":"cs","potentialAction":[{"@type":"ReadAction","target":["https:\/\/fotino.cz\/cs\/"]}]},{"@type":"ImageObject","inLanguage":"cs","@id":"https:\/\/fotino.cz\/cs\/#primaryimage","url":"https:\/\/fotino.cz\/wp-content\/uploads\/2023\/07\/photobook-hardcover-square-wood-bg-400x900-2.webp","contentUrl":"https:\/\/fotino.cz\/wp-content\/uploads\/2023\/07\/photobook-hardcover-square-wood-bg-400x900-2.webp","width":900,"height":400},{"@type":"BreadcrumbList","@id":"https:\/\/fotino.cz\/cs\/#breadcrumb","itemListElement":[{"@type":"ListItem","position":1,"name":"Home","item":"https:\/\/fotino.cz\/cs\/"},{"@type":"ListItem","position":2,"name":"Home"}]},{"@type":"WebSite","@id":"https:\/\/fotino.cz\/cs\/#website","url":"https:\/\/fotino.cz\/cs\/","name":"Fotino","description":"Photobook | Canvas | Photocalendar","publisher":{"@id":"https:\/\/fotino.cz\/cs\/#organization"},"potentialAction":[{"@type":"SearchAction","target":{"@type":"EntryPoint","urlTemplate":"https:\/\/fotino.cz\/cs\/?s={search_term_string}"},"query-input":{"@type":"PropertyValueSpecification","valueRequired":true,"valueName":"search_term_string"}}],"inLanguage":"cs"},{"@type":"Organization","@id":"https:\/\/fotino.cz\/cs\/#organization","name":"Fotino","url":"https:\/\/fotino.cz\/cs\/","logo":{"@type":"ImageObject","inLanguage":"cs","@id":"https:\/\/fotino.cz\/cs\/#\/schema\/logo\/image\/","url":"https:\/\/fotino.cz\/wp-content\/uploads\/2023\/09\/Logo-Fotino.webp","contentUrl":"https:\/\/fotino.cz\/wp-content\/uploads\/2023\/09\/Logo-Fotino.webp","width":591,"height":236,"caption":"Fotino"},"image":{"@id":"https:\/\/fotino.cz\/cs\/#\/schema\/logo\/image\/"}}]}},"_links":{"self":[{"href":"https:\/\/fotino.cz\/cs\/wp-json\/wp\/v2\/pages\/2117","targetHints":{"allow":["GET"]}}],"collection":[{"href":"https:\/\/fotino.cz\/cs\/wp-json\/wp\/v2\/pages"}],"about":[{"href":"https:\/\/fotino.cz\/cs\/wp-json\/wp\/v2\/types\/page"}],"author":[{"embeddable":true,"href":"https:\/\/fotino.cz\/cs\/wp-json\/wp\/v2\/users\/1"}],"replies":[{"embeddable":true,"href":"https:\/\/fotino.cz\/cs\/wp-json\/wp\/v2\/comments?post=2117"}],"version-history":[{"count":106,"href":"https:\/\/fotino.cz\/cs\/wp-json\/wp\/v2\/pages\/2117\/revisions"}],"predecessor-version":[{"id":11835,"href":"https:\/\/fotino.cz\/cs\/wp-json\/wp\/v2\/pages\/2117\/revisions\/11835"}],"wp:featuredmedia":[{"embeddable":true,"href":"https:\/\/fotino.cz\/cs\/wp-json\/wp\/v2\/media\/277"}],"wp:attachment":[{"href":"https:\/\/fotino.cz\/cs\/wp-json\/wp\/v2\/media?parent=2117"}],"curies":[{"name":"wp","href":"https:\/\/api.w.org\/{rel}","templated":true}]}}